{"id":1197,"date":"2026-04-13T10:39:33","date_gmt":"2026-04-13T10:39:33","guid":{"rendered":"https:\/\/www.tryggtrafikk.no\/fylkeskontorer\/?page_id=1197"},"modified":"2026-04-13T10:39:35","modified_gmt":"2026-04-13T10:39:35","slug":"energi-for-livet","status":"publish","type":"page","link":"https:\/\/www.tryggtrafikk.no\/fylkeskontorer\/trygg-trafikk-rogaland\/energi-for-livet\/","title":{"rendered":"Energi for livet"},"content":{"rendered":"\n\t\t<div class=\"alignfull wp-block-tryggtrafikk-hero\" id=\"wp-block-tryggtrafikk-hero\">\n\t\t\t<div class=\"tryggtrafikk-hero__container\">\n\t\t\t\t\n\t\t\t\t<div class=\"tryggtrafikk-hero__content-container\">\n\t\t\t\t\t<div class=\"site-breadcrumbs\"><span><span><a href=\"https:\/\/www.tryggtrafikk.no\/fylkeskontorer\/\">Home<\/a><\/span><\/span><\/div>\n\t\t\t\t\t<h1 class=\"tryggtrafikk-hero__title\">Energi for livet<\/h1>\n\t\t\t\t\t<div class=\"tryggtrafikk-hero__content\">\n\t\t\t\t\t\t\n<div class=\"has-text-align-left wp-block-post-excerpt\"><p class=\"wp-block-post-excerpt__excerpt\">Vi \u00e5pner n\u00e5 for deltakelse i undervisningsopplegget\u00a0Energi for livet\u00a0for 10. klassinger som har valgfaget trafikk. <\/p><\/div>\n\n\n<div class=\"wp-block-buttons is-layout-flex wp-block-buttons-is-layout-flex\"><\/div>\n\n\n\t\t\t\t\t<\/div>\n\t\t\t\t<\/div>\n\t\t\t<\/div>\n\t\t<\/div>\n\t\t\n\n\n<p>Opplegget er et samarbeid mellom Trygg Trafikk Rogaland, NAF avd. Stavanger og omegn, og Trafikksikkerhetshallen.&nbsp;<\/p>\n\n\n\n<p>Tidligere har undervisningen kun foreg\u00e5tt i Trafikksikkerhetshallen. Fra og med 2025&nbsp;utvides tilbudet til \u00e5 omfatte to \u00f8kter i klasserom, i tillegg til en praktisk \u00f8kt p\u00e5 NAF \u00f8vingsbane p\u00e5 Bue.&nbsp;<\/p>\n\n\n\n<p>Viktig: Deltakelse p\u00e5 \u00f8vingsbanen forutsetter at foreldre eller foresatte kan stille med egne biler.&nbsp;<\/p>\n\n\n\n\t\t<div class=\"t2-factbox wp-block-t2-factbox\" id=\"t2-factbox\">\n\t\t\t<div class=\"t2-factbox__content\">\n\t\t\t\t<div class=\"t2-factbox__blocks t2-factbox__inner-container is-layout-flow\">\n\t\t\t\t\t\n\n<h2 class=\"wp-block-heading\" id=\"h-om-energi-for-livet-nbsp\">Om Energi for livet&nbsp;<\/h2>\n\n\n\n<p><em>Energi for livet<\/em>&nbsp;er et undervisningsopplegg som best\u00e5r av fire \u00f8kter med hovedfokus p\u00e5 temaet&nbsp;<em>energi<\/em>&nbsp;og hvordan energi p\u00e5virker fart, sikkerhet og risiko i trafikken.&nbsp;Tilbudet gjennomf\u00f8res v\u00e5ren og h\u00f8sten 2026.&nbsp;<\/p>\n\n\n\t\t\t\t<\/div>\n\t\t\t\t\n\t\t\t<\/div>\n\t\t\t\n\t\t<\/div>\n\n\n<h2 class=\"wp-block-heading\" id=\"h-om-opplegget\"><strong>Om opplegget<\/strong>\u00a0<\/h2>\n\n\n\n<p><strong>\u00d8kt 1 \u2013 Teori i klasserommet<\/strong>\u00a0<br>L\u00e6rer gjennomg\u00e5r l\u00e6ringsm\u00e5l knyttet til energi, fart samt stoppe og bremselengder. Omfanget velger skolen selv, men disse l\u00e6ringsm\u00e5lene m\u00e5 v\u00e6re gjennomg\u00e5tt f\u00f8r \u00f8kt 2.\u00a0<\/p>\n\n\n\n<p><strong>\u00d8kt 2 \u2013 Opplevelsesrunde i Trafikksikkerhetshallen<\/strong>\u00a0<br>Sted: Nikkelveien 14,\u00a0Vibemyr\u00a0Sandnes\u00a0<br>Innhold: Teori og praktiske opplevelser, blant annet kollisjonssimulator.\u00a0<br>Varighet:\u00a02 timer\u00a0<br>Transport: Ordnes av skolen.\u00a0<\/p>\n\n\n\n<p><strong>\u00d8kt 3 \u2013 Kj\u00f8ring p\u00e5 NAF \u00f8vingsbane<\/strong>\u00a0<br>Sted: NAF \u00f8vingsbane p\u00e5 Bue,\u00a0Buevegen\u00a02100, 4389 Vikes\u00e5\u00a0<br>Innhold: Praktiske oppgaver med\u00a0s\u00f8kelys\u00a0p\u00e5 energi i kj\u00f8ring.\u00a0<br>Elevene sitter p\u00e5 med foreldre\/foresatte og styrer hvordan kj\u00f8ringen skal foreg\u00e5.\u00a0<br>Varighet:\u00a03 timer (kl. 18\u201321)\u00a0<br>Dager:\u00a0Tirsdager og torsdager\u00a0(ikke uke 21)\u00a0<br>Maks:\u00a06 biler per klasse\u00a0<\/p>\n\n\n\n<p><strong>\u00d8kt 4 \u2013 Oppsummering i klasserommet<\/strong>&nbsp;<\/p>\n\n\n\n<p>L\u00e6rer oppsummerer l\u00e6ringsm\u00e5l og erfaringer fra \u00f8ktene.&nbsp;<\/p>\n\n\n\n<p>Vi pr\u00f8ver s\u00e5 langt det lar seg gj\u00f8re \u00e5 legge opp \u00f8kt 2 og 3 med to ukers mellomrom.&nbsp;<\/p>\n\n\n\n<h2 class=\"wp-block-heading\" id=\"h-pamelding\">P\u00e5melding\u00a0<\/h2>\n\n\n\n<p>Vi har begrenset antall plasser, og tildelingen skjer etter\u00a0f\u00f8rstemann til m\u00f8lla.\u00a0<\/p>\n\n\n\n<ul class=\"wp-block-list\">\n<li>P\u00e5meldingsfrist\u00a0v\u00e5ren 2026: fredag\u00a024.\u00a0april\u00a0<\/li>\n\n\n\n<li>P\u00e5meldingsfrist h\u00f8st 2026:\u00a012. juni\u00a0<\/li>\n<\/ul>\n\n\n\n<p>Send e-post til\u00a0<a href=\"mailto:post@tsro.no\" target=\"_blank\" rel=\"noreferrer noopener\">post@tsro.no<\/a>\u00a0med f\u00f8lgende informasjon:\u00a0<\/p>\n\n\n\n<ul class=\"wp-block-list\">\n<li>Navn p\u00e5 skole\u00a0<\/li>\n\n\n\n<li>Navn p\u00e5 l\u00e6rer\u00a0<\/li>\n<\/ul>\n\n\n\n<ul class=\"wp-block-list\">\n<li>Telefonnummer til l\u00e6rer\u00a0<\/li>\n<\/ul>\n\n\n\n<ul class=\"wp-block-list\">\n<li>Antall elever i klassen\u00a0<\/li>\n<\/ul>\n\n\n\n<ul class=\"wp-block-list\">\n<li>\u00d8nsket dag og tidspunkt for \u00f8kt 2 (Trafikksikkerhetshallen \u2013 2 timer)\u00a0<\/li>\n<\/ul>\n\n\n\n<ul class=\"wp-block-list\">\n<li>Eventuelle merknader\u00a0<\/li>\n<\/ul>\n\n\n\n<p><em>Evalueringene fra h\u00f8stens Energi for livet&nbsp;opplegg viser at b\u00e5de elever og foresatte opplever opplegget som engasjerende, relevant og sv\u00e6rt l\u00e6rerikt. Det som verdsettes mest, er muligheten til \u00e5 f\u00e5 praktisk erfaring i trygge omgivelser, og bli mer bevisst p\u00e5 fart, bremselengde og hvordan valg i trafikken p\u00e5virker sikkerhet. Opplevelsen av trygge rammer, tett oppf\u00f8lging og gode instruksjoner fra kursholderne blir trukket frem som s\u00e6rlig viktig.<\/em>&nbsp;<\/p>\n","protected":false},"excerpt":{"rendered":"<p>Vi \u00e5pner n\u00e5 for deltakelse i undervisningsopplegget\u00a0<em>Energi for livet<\/em>\u00a0for 10. klassinger som har valgfaget trafikk.<\/p>\n","protected":false},"author":10,"featured_media":0,"parent":324,"menu_order":0,"comment_status":"closed","ping_status":"closed","template":"","meta":{"show_toc":false,"tryggtrafikk_poll_votes":[],"hide_header_title":false,"alt_breadcrumbs_title":"","footnotes":"","boosted":0},"cs_tag":[],"class_list":["post-1197","page","type-page","status-publish","hentry"],"yoast_head":"<!-- This site is optimized with the Yoast SEO Premium plugin v26.1 (Yoast SEO v26.1.1) - https:\/\/yoast.com\/wordpress\/plugins\/seo\/ -->\n<title>Energi for livet - Trygg Trafikk - Fylkeskontorer<\/title>\n<meta name=\"robots\" content=\"index, follow, max-snippet:-1, max-image-preview:large, max-video-preview:-1\" \/>\n<link rel=\"canonical\" href=\"https:\/\/www.tryggtrafikk.no\/fylkeskontorer\/trygg-trafikk-rogaland\/energi-for-livet\/\" \/>\n<meta property=\"og:locale\" content=\"nb_NO\" \/>\n<meta property=\"og:type\" content=\"article\" \/>\n<meta property=\"og:title\" content=\"Energi for livet\" \/>\n<meta property=\"og:description\" content=\"Vi \u00e5pner n\u00e5 for deltakelse i undervisningsopplegget\u00a0Energi for livet\u00a0for 10. klassinger som har valgfaget trafikk.\" \/>\n<meta property=\"og:url\" content=\"https:\/\/www.tryggtrafikk.no\/fylkeskontorer\/trygg-trafikk-rogaland\/energi-for-livet\/\" \/>\n<meta property=\"og:site_name\" content=\"Trygg Trafikk - Fylkeskontorer\" \/>\n<meta property=\"article:modified_time\" content=\"2026-04-13T10:39:35+00:00\" \/>\n<meta name=\"twitter:card\" content=\"summary_large_image\" \/>\n<meta name=\"twitter:label1\" content=\"Ansl. lesetid\" \/>\n\t<meta name=\"twitter:data1\" content=\"2 minutter\" \/>\n<script type=\"application\/ld+json\" class=\"yoast-schema-graph\">{\"@context\":\"https:\/\/schema.org\",\"@graph\":[{\"@type\":\"WebPage\",\"@id\":\"https:\/\/www.tryggtrafikk.no\/fylkeskontorer\/trygg-trafikk-rogaland\/energi-for-livet\/\",\"url\":\"https:\/\/www.tryggtrafikk.no\/fylkeskontorer\/trygg-trafikk-rogaland\/energi-for-livet\/\",\"name\":\"Energi for livet - Trygg Trafikk - Fylkeskontorer\",\"isPartOf\":{\"@id\":\"https:\/\/www.tryggtrafikk.no\/fylkeskontorer\/#website\"},\"datePublished\":\"2026-04-13T10:39:33+00:00\",\"dateModified\":\"2026-04-13T10:39:35+00:00\",\"breadcrumb\":{\"@id\":\"https:\/\/www.tryggtrafikk.no\/fylkeskontorer\/trygg-trafikk-rogaland\/energi-for-livet\/#breadcrumb\"},\"inLanguage\":\"nb-NO\",\"potentialAction\":[{\"@type\":\"ReadAction\",\"target\":[\"https:\/\/www.tryggtrafikk.no\/fylkeskontorer\/trygg-trafikk-rogaland\/energi-for-livet\/\"]}]},{\"@type\":\"BreadcrumbList\",\"@id\":\"https:\/\/www.tryggtrafikk.no\/fylkeskontorer\/trygg-trafikk-rogaland\/energi-for-livet\/#breadcrumb\",\"itemListElement\":[{\"@type\":\"ListItem\",\"position\":1,\"name\":\"Home\",\"item\":\"https:\/\/www.tryggtrafikk.no\/fylkeskontorer\/\"},{\"@type\":\"ListItem\",\"position\":2,\"name\":\"Trygg Trafikk Rogaland\",\"item\":\"https:\/\/www.tryggtrafikk.no\/fylkeskontorer\/trygg-trafikk-rogaland\/\"},{\"@type\":\"ListItem\",\"position\":3,\"name\":\"Energi for livet\"}]},{\"@type\":\"WebSite\",\"@id\":\"https:\/\/www.tryggtrafikk.no\/fylkeskontorer\/#website\",\"url\":\"https:\/\/www.tryggtrafikk.no\/fylkeskontorer\/\",\"name\":\"Trygg Trafikk - Fylkeskontorer\",\"description\":\"\",\"potentialAction\":[{\"@type\":\"SearchAction\",\"target\":{\"@type\":\"EntryPoint\",\"urlTemplate\":\"https:\/\/www.tryggtrafikk.no\/fylkeskontorer\/?s={search_term_string}\"},\"query-input\":{\"@type\":\"PropertyValueSpecification\",\"valueRequired\":true,\"valueName\":\"search_term_string\"}}],\"inLanguage\":\"nb-NO\"}]}<\/script>\n<!-- \/ Yoast SEO Premium plugin. -->","yoast_head_json":{"title":"Energi for livet - Trygg Trafikk - Fylkeskontorer","robots":{"index":"index","follow":"follow","max-snippet":"max-snippet:-1","max-image-preview":"max-image-preview:large","max-video-preview":"max-video-preview:-1"},"canonical":"https:\/\/www.tryggtrafikk.no\/fylkeskontorer\/trygg-trafikk-rogaland\/energi-for-livet\/","og_locale":"nb_NO","og_type":"article","og_title":"Energi for livet","og_description":"Vi \u00e5pner n\u00e5 for deltakelse i undervisningsopplegget\u00a0Energi for livet\u00a0for 10. klassinger som har valgfaget trafikk.","og_url":"https:\/\/www.tryggtrafikk.no\/fylkeskontorer\/trygg-trafikk-rogaland\/energi-for-livet\/","og_site_name":"Trygg Trafikk - Fylkeskontorer","article_modified_time":"2026-04-13T10:39:35+00:00","twitter_card":"summary_large_image","twitter_misc":{"Ansl. lesetid":"2 minutter"},"schema":{"@context":"https:\/\/schema.org","@graph":[{"@type":"WebPage","@id":"https:\/\/www.tryggtrafikk.no\/fylkeskontorer\/trygg-trafikk-rogaland\/energi-for-livet\/","url":"https:\/\/www.tryggtrafikk.no\/fylkeskontorer\/trygg-trafikk-rogaland\/energi-for-livet\/","name":"Energi for livet - Trygg Trafikk - Fylkeskontorer","isPartOf":{"@id":"https:\/\/www.tryggtrafikk.no\/fylkeskontorer\/#website"},"datePublished":"2026-04-13T10:39:33+00:00","dateModified":"2026-04-13T10:39:35+00:00","breadcrumb":{"@id":"https:\/\/www.tryggtrafikk.no\/fylkeskontorer\/trygg-trafikk-rogaland\/energi-for-livet\/#breadcrumb"},"inLanguage":"nb-NO","potentialAction":[{"@type":"ReadAction","target":["https:\/\/www.tryggtrafikk.no\/fylkeskontorer\/trygg-trafikk-rogaland\/energi-for-livet\/"]}]},{"@type":"BreadcrumbList","@id":"https:\/\/www.tryggtrafikk.no\/fylkeskontorer\/trygg-trafikk-rogaland\/energi-for-livet\/#breadcrumb","itemListElement":[{"@type":"ListItem","position":1,"name":"Home","item":"https:\/\/www.tryggtrafikk.no\/fylkeskontorer\/"},{"@type":"ListItem","position":2,"name":"Trygg Trafikk Rogaland","item":"https:\/\/www.tryggtrafikk.no\/fylkeskontorer\/trygg-trafikk-rogaland\/"},{"@type":"ListItem","position":3,"name":"Energi for livet"}]},{"@type":"WebSite","@id":"https:\/\/www.tryggtrafikk.no\/fylkeskontorer\/#website","url":"https:\/\/www.tryggtrafikk.no\/fylkeskontorer\/","name":"Trygg Trafikk - Fylkeskontorer","description":"","potentialAction":[{"@type":"SearchAction","target":{"@type":"EntryPoint","urlTemplate":"https:\/\/www.tryggtrafikk.no\/fylkeskontorer\/?s={search_term_string}"},"query-input":{"@type":"PropertyValueSpecification","valueRequired":true,"valueName":"search_term_string"}}],"inLanguage":"nb-NO"}]}},"_links":{"self":[{"href":"https:\/\/www.tryggtrafikk.no\/fylkeskontorer\/wp-json\/wp\/v2\/pages\/1197","targetHints":{"allow":["GET"]}}],"collection":[{"href":"https:\/\/www.tryggtrafikk.no\/fylkeskontorer\/wp-json\/wp\/v2\/pages"}],"about":[{"href":"https:\/\/www.tryggtrafikk.no\/fylkeskontorer\/wp-json\/wp\/v2\/types\/page"}],"author":[{"embeddable":true,"href":"https:\/\/www.tryggtrafikk.no\/fylkeskontorer\/wp-json\/wp\/v2\/users\/10"}],"replies":[{"embeddable":true,"href":"https:\/\/www.tryggtrafikk.no\/fylkeskontorer\/wp-json\/wp\/v2\/comments?post=1197"}],"version-history":[{"count":2,"href":"https:\/\/www.tryggtrafikk.no\/fylkeskontorer\/wp-json\/wp\/v2\/pages\/1197\/revisions"}],"predecessor-version":[{"id":1201,"href":"https:\/\/www.tryggtrafikk.no\/fylkeskontorer\/wp-json\/wp\/v2\/pages\/1197\/revisions\/1201"}],"up":[{"embeddable":true,"href":"https:\/\/www.tryggtrafikk.no\/fylkeskontorer\/wp-json\/wp\/v2\/pages\/324"}],"wp:attachment":[{"href":"https:\/\/www.tryggtrafikk.no\/fylkeskontorer\/wp-json\/wp\/v2\/media?parent=1197"}],"wp:term":[{"taxonomy":"cs_tag","embeddable":true,"href":"https:\/\/www.tryggtrafikk.no\/fylkeskontorer\/wp-json\/wp\/v2\/cs_tag?post=1197"}],"curies":[{"name":"wp","href":"https:\/\/api.w.org\/{rel}","templated":true}]}}