{"id":205,"date":"2024-03-23T16:13:55","date_gmt":"2024-03-23T16:13:55","guid":{"rendered":"https:\/\/www.tryggtrafikk.no\/fylkeskontorer\/?page_id=205"},"modified":"2026-03-12T07:31:31","modified_gmt":"2026-03-12T07:31:31","slug":"trygg-trafikk-buskerud","status":"publish","type":"page","link":"https:\/\/www.tryggtrafikk.no\/fylkeskontorer\/trygg-trafikk-buskerud\/","title":{"rendered":"Trygg Trafikk Buskerud"},"content":{"rendered":"\n\t\t<div class=\"alignfull wp-block-tryggtrafikk-hero has-background has-hero-secondary-50-background-color\" id=\"wp-block-tryggtrafikk-hero\">\n\t\t\t<div class=\"tryggtrafikk-hero__container\">\n\t\t\t\t<div class=\"tryggtrafikk-hero__image\"><img loading=\"lazy\" width=\"768\" height=\"442\" src=\"https:\/\/www.tryggtrafikk.no\/content\/uploads\/sites\/9\/2024\/03\/COLOURBOX39432460_lav-768x442.jpg\" class=\"attachment-medium_large size-medium_large\" alt=\"Bidle av bro i solnedgang over en elv.\" style=\"--focalpoint: 50% 50%;\" srcset=\"https:\/\/www.tryggtrafikk.no\/content\/uploads\/sites\/9\/2024\/03\/COLOURBOX39432460_lav-768x442.jpg 768w, https:\/\/www.tryggtrafikk.no\/content\/uploads\/sites\/9\/2024\/03\/COLOURBOX39432460_lav-300x172.jpg 300w, https:\/\/www.tryggtrafikk.no\/content\/uploads\/sites\/9\/2024\/03\/COLOURBOX39432460_lav-1024x589.jpg 1024w, https:\/\/www.tryggtrafikk.no\/content\/uploads\/sites\/9\/2024\/03\/COLOURBOX39432460_lav-1536x883.jpg 1536w, https:\/\/www.tryggtrafikk.no\/content\/uploads\/sites\/9\/2024\/03\/COLOURBOX39432460_lav-2048x1177.jpg 2048w\" sizes=\"auto, (max-width: 768px) 100vw, 768px\" \/><\/div>\n\t\t\t\t<div class=\"tryggtrafikk-hero__content-container\">\n\t\t\t\t\t<div class=\"site-breadcrumbs\"><span><span><a href=\"https:\/\/www.tryggtrafikk.no\/fylkeskontorer\/\">Home<\/a><\/span><\/span><\/div>\n\t\t\t\t\t<h1 class=\"tryggtrafikk-hero__title\">Trygg Trafikk Buskerud<\/h1>\n\t\t\t\t\t<div class=\"tryggtrafikk-hero__content\">\n\t\t\t\t\t\t\n<div class=\"has-text-align-left wp-block-post-excerpt\"><p class=\"wp-block-post-excerpt__excerpt\">V\u00e5rt m\u00e5l i fylket er at folk skal ta klokere valg i trafikken, slik at antall ulykker fortsetter \u00e5 g\u00e5 ned. <\/p><\/div>\n\n\t\t\t\t\t<\/div>\n\t\t\t\t<\/div>\n\t\t\t<\/div>\n\t\t<\/div>\n\t\t\n\n\n<p><a href=\"https:\/\/www.tryggtrafikk.no\/fylkeskontorer\/trygg-trafikk-akershus\/\"><\/a><\/p>\n\n\n\n<div class=\"wp-block-columns alignwide is-layout-flex wp-container-core-columns-is-layout-1 wp-block-columns-is-layout-flex\">\n<div class=\"wp-block-column is-layout-flow wp-block-column-is-layout-flow\">\n<p>Trygg Trafikks kjernevirksomhet er knyttet til trafikkoppl\u00e6ring av barn og unge, informasjon om risikofaktorer og bruk av sikkerhetsutstyr.<\/p>\n\n\n\n<p>Sammen med fylkeskommunen jobber vi n\u00e5 aktivt for \u00e5 f\u00e5 alle kommunene til \u00e5 bli godkjent som trafikksikre kommuner. Den godkjenningen er kvalitetsstempelet p\u00e5 et godt trafikksikkerhets-arbeid i kommunen.<\/p>\n<\/div>\n\n\n\n<div class=\"wp-block-column is-layout-flow wp-block-column-is-layout-flow\">\n<p><em>Trygg Trafikks arbeid er kunnskapsbasert og uten andre interesser enn \u00e5 fremme trafikksikkerhet.<\/em><br><br><strong>Bes\u00f8ksadresse: <\/strong>Hauges gate 89, 3019 Drammen<br><strong>Postadresse:<\/strong> Postboks 3563, 3007 Drammen<\/p>\n<\/div>\n<\/div>\n\n\n<ul class=\"t2-link-list has-3-items has-3-columns alignwide wp-block-t2-link-list\">\n\t<li class=\"t2-link-list-item wp-block-t2-link-list-item\">\n\t\t<a\n\t\t\thref=\"https:\/\/www.tryggtrafikk.no\/trafikksikker-kommune\/\"\n\t\t\tclass=\"t2-link-list-item__link t2-link-list__icon--left\"\n\t\t\trel=\"noreferrer noopener\" target=\"_blank\"\t\t>\n\t\t\t<span class=\"t2-link-list-item__icon\"><span class=\"t2-link-list-item__icon-box\"><\/span><svg xmlns=\"http:\/\/www.w3.org\/2000\/svg\" viewBox=\"0 0 24 24\" height=\"40\" width=\"40\" class=\"t2-icon t2-icon-linkexternal\" aria-hidden=\"true\" focusable=\"false\"><path d=\"M5.308594 20.5c-.507813 0-.933594-.175781-1.285156-.523438C3.675781 19.625 3.5 19.199219 3.5 18.691406V5.308594c0-.507813.175781-.933594.523438-1.285156C4.375 3.675781 4.800781 3.5 5.308594 3.5h6.308594V5H5.308594c-.078125 0-.148438.03125-.210938.097656C5.03125 5.160156 5 5.230469 5 5.308594v13.382812c0 .078125.03125.148438.097656.210938.0625.066406.132813.097656.210938.097656h13.382812c.078125 0 .148438-.03125.210938-.097656.066406-.0625.097656-.132813.097656-.210938v-6.308594h1.5v6.308594c0 .507813-.175781.933594-.523438 1.285156-.351562.347657-.777343.523438-1.285156.523438Zm4.410156-5.164062L8.664062 14.28125 17.945312 5H14V3.5h6.5V10H19V6.054688Zm0 0\" fill=\"currentColor\" \/><\/svg><\/span>\t\t\t<div class=\"t2-link-list-item__content\">\n\n\t\t\t\t\n\t\t\t\t<span id=\"link-list-item-text\" class=\"t2-link-list-item__text\">\n\t\t\t\t\tTrafikksikker kommune\t\t\t\t<\/span>\n\t\t\t\t\t\t\t<\/div>\n\t\t<\/a>\n\t<\/li>\n\t\n\n\t<li class=\"t2-link-list-item wp-block-t2-link-list-item\">\n\t\t<a\n\t\t\thref=\"https:\/\/bfk.no\/tjenester\/vei-og-kollektiv\/trafikksikkerhet\/\"\n\t\t\tclass=\"t2-link-list-item__link t2-link-list__icon--left\"\n\t\t\trel=\"noreferrer noopener\" target=\"_blank\"\t\t>\n\t\t\t<span class=\"t2-link-list-item__icon\"><span class=\"t2-link-list-item__icon-box\"><\/span><svg xmlns=\"http:\/\/www.w3.org\/2000\/svg\" viewBox=\"0 0 24 24\" height=\"40\" width=\"40\" class=\"t2-icon t2-icon-linkexternal\" aria-hidden=\"true\" focusable=\"false\"><path d=\"M5.308594 20.5c-.507813 0-.933594-.175781-1.285156-.523438C3.675781 19.625 3.5 19.199219 3.5 18.691406V5.308594c0-.507813.175781-.933594.523438-1.285156C4.375 3.675781 4.800781 3.5 5.308594 3.5h6.308594V5H5.308594c-.078125 0-.148438.03125-.210938.097656C5.03125 5.160156 5 5.230469 5 5.308594v13.382812c0 .078125.03125.148438.097656.210938.0625.066406.132813.097656.210938.097656h13.382812c.078125 0 .148438-.03125.210938-.097656.066406-.0625.097656-.132813.097656-.210938v-6.308594h1.5v6.308594c0 .507813-.175781.933594-.523438 1.285156-.351562.347657-.777343.523438-1.285156.523438Zm4.410156-5.164062L8.664062 14.28125 17.945312 5H14V3.5h6.5V10H19V6.054688Zm0 0\" fill=\"currentColor\" \/><\/svg><\/span>\t\t\t<div class=\"t2-link-list-item__content\">\n\n\t\t\t\t\n\t\t\t\t<span id=\"link-list-item-text-1\" class=\"t2-link-list-item__text\">\n\t\t\t\t\tTrafikksikkerhet i Buskerud fylkeskommune\t\t\t\t<\/span>\n\t\t\t\t\t\t\t<\/div>\n\t\t<\/a>\n\t<\/li>\n\t\n\n\t<li class=\"t2-link-list-item wp-block-t2-link-list-item\">\n\t\t<a\n\t\t\thref=\"https:\/\/www.tryggtrafikk.no\/trafikksikker-kommune\/godkjente-kommuner\/#buskerud\"\n\t\t\tclass=\"t2-link-list-item__link t2-link-list__icon--left\"\n\t\t\trel=\"noreferrer noopener\" target=\"_blank\"\t\t>\n\t\t\t<span class=\"t2-link-list-item__icon\"><span class=\"t2-link-list-item__icon-box\"><\/span><svg xmlns=\"http:\/\/www.w3.org\/2000\/svg\" viewBox=\"0 0 24 24\" height=\"40\" width=\"40\" class=\"t2-icon t2-icon-linkexternal\" aria-hidden=\"true\" focusable=\"false\"><path d=\"M5.308594 20.5c-.507813 0-.933594-.175781-1.285156-.523438C3.675781 19.625 3.5 19.199219 3.5 18.691406V5.308594c0-.507813.175781-.933594.523438-1.285156C4.375 3.675781 4.800781 3.5 5.308594 3.5h6.308594V5H5.308594c-.078125 0-.148438.03125-.210938.097656C5.03125 5.160156 5 5.230469 5 5.308594v13.382812c0 .078125.03125.148438.097656.210938.0625.066406.132813.097656.210938.097656h13.382812c.078125 0 .148438-.03125.210938-.097656.066406-.0625.097656-.132813.097656-.210938v-6.308594h1.5v6.308594c0 .507813-.175781.933594-.523438 1.285156-.351562.347657-.777343.523438-1.285156.523438Zm4.410156-5.164062L8.664062 14.28125 17.945312 5H14V3.5h6.5V10H19V6.054688Zm0 0\" fill=\"currentColor\" \/><\/svg><\/span>\t\t\t<div class=\"t2-link-list-item__content\">\n\n\t\t\t\t\n\t\t\t\t<span id=\"link-list-item-text-2\" class=\"t2-link-list-item__text\">\n\t\t\t\t\tGodkjente trafikksikre kommuner i Buskerud\t\t\t\t<\/span>\n\t\t\t\t\t\t\t<\/div>\n\t\t<\/a>\n\t<\/li>\n\t\n<\/ul>\n\n<!-- algolia-ignore --><div class=\"t2-featured-single-post t2-featured-content is-post-type-person role-regionleder-buskerud wp-block-t2-featured-single-post\"><figure style=\"--t2-focal-point: 50% 50%;\" class=\"t2-post-featured-image has-image-ratio-4-3 wp-block-t2-post-featured-image\"><img loading=\"lazy\" width=\"752\" height=\"564\" src=\"https:\/\/www.tryggtrafikk.no\/content\/uploads\/sites\/9\/2024\/03\/Nina_Gjervik_TRY_01442_Foto_Morten_Brakestad-752x564.jpg\" class=\"attachment-archive_card size-archive_card wp-post-image\" alt=\"\" \/><\/figure>\n\n<div class=\"wp-block-group alignfull is-layout-flow wp-block-group-is-layout-flow\">\n\t<h3 class=\"t2-post-title wp-block-t2-post-title\">Nina Gjervik<\/h3>\n\t<div class=\"taxonomy-role wp-block-post-terms\">regionleder Buskerud<\/div>\n\t<div class=\"card-info wp-block-t2-people-meta\"><div class=\"card-info__post-meta meta-key-people_email\"><svg xmlns=\"http:\/\/www.w3.org\/2000\/svg\" viewBox=\"0 0 24 24\" height=\"24\" width=\"24\" class=\"t2-icon t2-icon-email people_email\" aria-hidden=\"true\" focusable=\"false\"><path d=\"M4.0641 19.5C3.6343 19.5 3.26617 19.3467 2.9597 19.0402C2.65323 18.7338 2.5 18.3656 2.5 17.9358V6.0641C2.5 5.6343 2.65323 5.26617 2.9597 4.9597C3.26617 4.65323 3.6343 4.5 4.0641 4.5H19.9359C20.3657 4.5 20.7338 4.65323 21.0403 4.9597C21.3467 5.26617 21.5 5.6343 21.5 6.0641V17.9358C21.5 18.3656 21.3467 18.7338 21.0403 19.0402C20.7338 19.3467 20.3657 19.5 19.9359 19.5H4.0641ZM12 12.2871L3.75638 6.89095V17.9358C3.75638 18.0256 3.78523 18.0993 3.84293 18.157C3.90063 18.2147 3.97435 18.2436 4.0641 18.2436H19.9359C20.0256 18.2436 20.0993 18.2147 20.157 18.157C20.2147 18.0993 20.2436 18.0256 20.2436 17.9358V6.89095L12 12.2871ZM12 10.973L20.0423 5.75638H3.97435L12 10.973ZM3.75638 6.89095V5.75638V17.9358C3.75638 18.0256 3.78523 18.0993 3.84293 18.157C3.90063 18.2147 3.97435 18.2436 4.0641 18.2436H3.75638V6.89095Z\" fill=\"#3C3D43\"><\/path><\/svg><a href=\"mailto:gjervik@tryggtrafikk.no\">gjervik@tryggtrafikk.no<\/a><\/div><div class=\"card-info__post-meta meta-key-people_phone\"><svg xmlns=\"http:\/\/www.w3.org\/2000\/svg\" viewBox=\"0 0 24 24\" height=\"24\" width=\"24\" class=\"t2-icon t2-icon-phone people_phone\" aria-hidden=\"true\" focusable=\"false\"><path d=\"M19.3933 20.4422C17.5049 20.4422 15.615 19.97 13.7238 19.0256C11.8326 18.0811 10.1317 16.8548 8.62127 15.3464C7.1108 13.8381 5.88281 12.1399 4.93729 10.2519C3.99179 8.36387 3.51904 6.47563 3.51904 4.5872C3.51904 4.27657 3.62258 4.01771 3.82967 3.81062C4.03675 3.60354 4.2956 3.5 4.60622 3.5H7.59719C7.85351 3.5 8.07709 3.58152 8.26794 3.74457C8.45881 3.90761 8.58074 4.12438 8.63372 4.3949L9.22347 7.16792C9.26322 7.41407 9.25799 7.63779 9.20777 7.83908C9.15755 8.04036 9.05695 8.21008 8.90597 8.34825L6.56769 10.6346C7.47028 12.1448 8.49315 13.4658 9.63632 14.5974C10.7795 15.729 12.0895 16.7064 13.5664 17.5295L15.8177 15.209C15.9831 15.0325 16.1719 14.9089 16.3841 14.8381C16.5963 14.7674 16.8156 14.7553 17.0421 14.8019L19.5856 15.3468C19.8528 15.4031 20.0687 15.5305 20.2334 15.7291C20.3981 15.9276 20.4805 16.165 20.4805 16.441V19.3551C20.4805 19.6657 20.377 19.9245 20.1699 20.1316C19.9628 20.3387 19.7039 20.4422 19.3933 20.4422ZM5.94337 9.47565L7.91389 7.5718C7.94166 7.54615 7.96035 7.51088 7.96997 7.466C7.97959 7.42113 7.98013 7.37947 7.97159 7.341L7.46262 4.91025C7.45407 4.85895 7.43269 4.82048 7.39849 4.79485C7.36431 4.7692 7.32158 4.75638 7.27029 4.75638H4.91517C4.8767 4.75638 4.84464 4.7692 4.81899 4.79485C4.79336 4.82048 4.78054 4.85253 4.78054 4.891C4.78908 5.55638 4.89196 6.26921 5.08919 7.02947C5.28641 7.78974 5.57114 8.60513 5.94337 9.47565ZM14.7433 18.1179C15.4198 18.4448 16.149 18.6979 16.9308 18.8772C17.7127 19.0565 18.4322 19.1581 19.0895 19.182C19.128 19.182 19.16 19.1692 19.1857 19.1435C19.2113 19.1179 19.2241 19.0859 19.2241 19.0474V16.7102C19.2241 16.6589 19.2113 16.6162 19.1857 16.582C19.16 16.5478 19.1216 16.5265 19.0703 16.5179L16.8587 16.064C16.8203 16.0555 16.7866 16.0561 16.7578 16.0657C16.7289 16.0753 16.6985 16.094 16.6664 16.1217L14.7433 18.1179Z\" fill=\"#3C3D43\"><\/path><\/svg><a href=\"tel:95 78 41 81\">95 78 41 81<\/a><\/div><div class=\"card-info__post-meta meta-key-people_file\"><a href=\"https:\/\/www.tryggtrafikk.no\/content\/uploads\/sites\/9\/2024\/03\/Nina_Gjervik_TRY_01442_Foto_Morten_Brakestad-scaled.jpg\" target=\"_blank\">Last ned pressebilder<\/a><\/div><\/div>\n<\/div>\n\n<\/div><!-- \/algolia-ignore -->\n\n\n<div class=\"wp-block-file\"><a id=\"wp-block-file--media-8a315aa2-bbde-4367-819f-a5f22a27bbec\" href=\"https:\/\/www.tryggtrafikk.no\/content\/uploads\/sites\/9\/2026\/03\/Rapport2025_Buskerud_nett_dobbeltsidig.pdf\">Rapport2025<\/a><a href=\"https:\/\/www.tryggtrafikk.no\/content\/uploads\/sites\/9\/2026\/03\/Rapport2025_Buskerud_nett_dobbeltsidig.pdf\" class=\"wp-block-file__button wp-element-button\" download aria-describedby=\"wp-block-file--media-8a315aa2-bbde-4367-819f-a5f22a27bbec\">Last ned \u00e5rsrapporten for trygg Trafikk Buskerud 2025 (pdf)<\/a><\/div>\n\n\n\n<div class=\"wp-block-columns alignwide is-layout-flex wp-container-core-columns-is-layout-2 wp-block-columns-is-layout-flex\">\n<div class=\"wp-block-column is-layout-flow wp-block-column-is-layout-flow\">\n<div class=\"wp-block-file\"><a id=\"wp-block-file--media-5acb624b-743e-4ee8-b1e0-707b45323670\" href=\"https:\/\/www.tryggtrafikk.no\/content\/uploads\/sites\/9\/2025\/03\/Rapport2024_Buskerud_nett.pdf\">Rapport2024_Buskerud_nett<\/a><a href=\"https:\/\/www.tryggtrafikk.no\/content\/uploads\/sites\/9\/2025\/03\/Rapport2024_Buskerud_nett.pdf\" class=\"wp-block-file__button wp-element-button\" download aria-describedby=\"wp-block-file--media-5acb624b-743e-4ee8-b1e0-707b45323670\">Last ned \u00e5rsrapporten for Trygg Trafikk Buskerud 2024 (pdf)<\/a><\/div>\n<\/div>\n\n\n\n<div class=\"wp-block-column is-layout-flow wp-block-column-is-layout-flow\">\n<div class=\"wp-block-file\"><a id=\"wp-block-file--media-76160f7b-f29a-446e-9b17-d9b582e7ee06\" href=\"https:\/\/www.tryggtrafikk.no\/content\/uploads\/sites\/9\/2024\/05\/Arsrapport_Viken_nett_enkeltsider.pdf\">Arsrapport_Viken_nett_enkeltsider<\/a><a href=\"https:\/\/www.tryggtrafikk.no\/content\/uploads\/sites\/9\/2024\/05\/Arsrapport_Viken_nett_enkeltsider.pdf\" class=\"wp-block-file__button wp-element-button\" download aria-describedby=\"wp-block-file--media-76160f7b-f29a-446e-9b17-d9b582e7ee06\">Last ned \u00e5rsrapporten for Trygg Trafikk Viken 2023<\/a><\/div>\n<\/div>\n<\/div>\n\n\n\n\t\t<div class=\"t2-simple-media-text alignwide is-mode-constrained is-gap-center wp-block-t2-simple-media-text has-background has-smt-neutral-20-background-color\">\n\t\t\t<div class=\"t2-simple-media-text__container\">\n\t\t\t\t<figure class=\"t2-simple-media-text__image\"><video muted autoplay loop style=\"--focalpoint: 50% 50%;\"><source src=\"https:\/\/www.tryggtrafikk.no\/content\/uploads\/sites\/9\/2026\/02\/63b1a287-01d3-4e6c-902b-d2320c3b5053-1920.mp4\" type=\"video\/mp4\" \/><\/video><\/figure>\n\t\t\t\t<div class=\"t2-simple-media-text__content-container\">\n\t\t\t\t\t<div class=\"t2-simple-media-text__content\">\n\t\t\t\t\t\t<div class=\"t2-simple-media-text__content-inner is-layout-flow\">\n\t\t\t\t\t\t\t\n\n<h2 class=\"wp-block-heading\" id=\"h-minnemarkering\">Minnemarkering<\/h2>\n\n\n\n<p>11. januar ble det arrangert minnemarkering for \u00e5 hedre dem som har mistet livet p\u00e5 veiene i Buskerud. Og for \u00e5 gi st\u00f8tte til p\u00e5r\u00f8rende, trafikkskadde og yrkespersonell som daglig arbeider med trafikkulykker. <a href=\"https:\/\/bfk.no\/aktuelt\/trafikkofrenes-dag-2026-fakler-for-de-fem-som-aldri-kom-hjem.212197.aspx\">Les mer om markeringen p\u00e5 Buskerud fylke sine nettsider.<\/a><\/p>\n\n\n\t\t\t\t\t\t<\/div>\n\t\t\t\t\t<\/div>\n\t\t\t\t<\/div>\n\t\t\t<\/div>\n\t\t<\/div>\n\t\t\n\n<div class=\"alignwide wp-block-tryggtrafikk-cross-site-posts\"><h2 class=\"block-title\">Kurs i Buskerud<\/h2><div class=\"posts-grid-container\"><!-- algolia-ignore --><div class=\"t2-featured-single-post t2-featured-content is-post-type-arrangementer event-category-kurs cs_tag-buskerud wp-block-t2-featured-single-post\"><a class=\"t2-post-link wp-block-t2-post-link\" href=\"https:\/\/www.tryggtrafikk.no\/arrangementer\/trafikksikkerhet-i-barnehagen-gol-2\/\">\n<figure style=\"--t2-focal-point: 50% 50%;\" class=\"t2-post-featured-image has-image-ratio-4-3 wp-block-t2-post-featured-image\"><img loading=\"lazy\" width=\"2560\" height=\"1707\" src=\"https:\/\/www.tryggtrafikk.no\/content\/uploads\/2024\/04\/andrew-ebrahim-zRwXf6PizEo-unsplash-scaled.jpg\" class=\"attachment-post-thumbnail size-post-thumbnail wp-post-image\" alt=\"To barn som sitter og fargelegger i en bok sammen.\" srcset=\"https:\/\/www.tryggtrafikk.no\/content\/uploads\/2024\/04\/andrew-ebrahim-zRwXf6PizEo-unsplash-scaled.jpg 2560w, https:\/\/www.tryggtrafikk.no\/content\/uploads\/2024\/04\/andrew-ebrahim-zRwXf6PizEo-unsplash-300x200.jpg 300w, https:\/\/www.tryggtrafikk.no\/content\/uploads\/2024\/04\/andrew-ebrahim-zRwXf6PizEo-unsplash-1024x683.jpg 1024w, https:\/\/www.tryggtrafikk.no\/content\/uploads\/2024\/04\/andrew-ebrahim-zRwXf6PizEo-unsplash-768x512.jpg 768w, https:\/\/www.tryggtrafikk.no\/content\/uploads\/2024\/04\/andrew-ebrahim-zRwXf6PizEo-unsplash-1536x1024.jpg 1536w, https:\/\/www.tryggtrafikk.no\/content\/uploads\/2024\/04\/andrew-ebrahim-zRwXf6PizEo-unsplash-2048x1365.jpg 2048w\" sizes=\"auto, (max-width: 2560px) 100vw, 2560px\" \/><\/figure>\n<div class=\"dekode-events-meta type-date wp-block-dekode-events-event-meta\"><div class=\"type-date\"><div class=\"icon\"><svg xmlns=\"http:\/\/www.w3.org\/2000\/svg\" viewBox=\"0 0 40 40\" height=\"28\" width=\"28\" class=\"t2-icon t2-icon-event-calendar\" aria-hidden=\"true\" focusable=\"false\"><path d=\"M13.0513 23.3613C12.636 23.3613 12.2865 23.2176 12.0027 22.9302C11.7188 22.6428 11.5769 22.2951 11.5769 21.8869C11.5769 21.4717 11.7188 21.1222 12.0027 20.8384C12.2865 20.5545 12.6343 20.4126 13.046 20.4126C13.4576 20.4126 13.8072 20.5545 14.0945 20.8384C14.3819 21.1222 14.5256 21.4699 14.5256 21.8816C14.5256 22.2933 14.3819 22.6428 14.0945 22.9302C13.8072 23.2176 13.4594 23.3613 13.0513 23.3613ZM20.062 23.3613C19.6538 23.3613 19.3061 23.2176 19.0187 22.9302C18.7313 22.6428 18.5876 22.2951 18.5876 21.8869C18.5876 21.4717 18.7313 21.1222 19.0187 20.8384C19.3061 20.5545 19.6538 20.4126 20.062 20.4126C20.4701 20.4126 20.8178 20.5545 21.1052 20.8384C21.3926 21.1222 21.5363 21.4717 21.5363 21.8869C21.5363 22.2951 21.3926 22.6428 21.1052 22.9302C20.8178 23.2176 20.4701 23.3613 20.062 23.3613ZM26.9316 23.3613C26.5235 23.3613 26.1758 23.2176 25.8884 22.9302C25.601 22.6428 25.4573 22.2951 25.4573 21.8869C25.4573 21.4717 25.601 21.1222 25.8884 20.8384C26.1758 20.5545 26.5235 20.4126 26.9316 20.4126C27.3397 20.4126 27.6875 20.5545 27.9749 20.8384C28.2623 21.1222 28.406 21.4717 28.406 21.8869C28.406 22.2951 28.2623 22.6428 27.9749 22.9302C27.6875 23.2176 27.3397 23.3613 26.9316 23.3613ZM8.44021 35.8335C7.72387 35.8335 7.11032 35.5781 6.59954 35.0673C6.08876 34.5565 5.83337 33.943 5.83337 33.2267V9.70107C5.83337 8.98474 6.08876 8.37118 6.59954 7.8604C7.11032 7.34965 7.72387 7.09428 8.44021 7.09428H11.2607V3.97461H13.515V7.09428H26.5491V3.97461H28.7499V7.09428H31.5598C32.2761 7.09428 32.8897 7.34965 33.4005 7.8604C33.9112 8.37118 34.1666 8.98474 34.1666 9.70107V33.2267C34.1666 33.943 33.9112 34.5565 33.4005 35.0673C32.8897 35.5781 32.2761 35.8335 31.5598 35.8335H8.44021ZM8.44021 33.7395H31.5598C31.688 33.7395 31.8055 33.6861 31.9124 33.5792C32.0192 33.4724 32.0727 33.3549 32.0727 33.2267V16.9767H7.92733V33.2267C7.92733 33.3549 7.98076 33.4724 8.08762 33.5792C8.19446 33.6861 8.31199 33.7395 8.44021 33.7395ZM7.92733 14.8828H32.0727V9.70107C32.0727 9.57287 32.0192 9.45535 31.9124 9.34848C31.8055 9.24165 31.688 9.18823 31.5598 9.18823H8.44021C8.31199 9.18823 8.19446 9.24165 8.08762 9.34848C7.98076 9.45535 7.92733 9.57287 7.92733 9.70107V14.8828Z\" fill=\"#3C3D43\"><\/path><\/svg><\/div><p class=\"value\"><time datetime=\"2026-10-09 11:00:00\" class=\"date start\"><span class=\"date\"><span>09<\/span><span>okt<\/span><\/span><\/time><\/p><\/div><\/div>\n<\/a>\n\n<div class=\"wp-block-group alignfull is-layout-flow wp-block-group-is-layout-flow\">\n\t<div class=\"taxonomy-event-category wp-block-post-terms\">Kurs<\/div>\n\t<a class=\"t2-post-link wp-block-t2-post-link\" href=\"https:\/\/www.tryggtrafikk.no\/arrangementer\/trafikksikkerhet-i-barnehagen-gol-2\/\">\n\t<h3 class=\"t2-post-title wp-block-t2-post-title\">Trafikksikkerhet i barnehagen &#8211; Gol 9.oktober<\/h3>\n\t<\/a>\n\t<div class=\"t2-post-excerpt wp-block-t2-post-excerpt\"><p>Hvordan bli tryggere med barn i trafikken?Kursdeltagerne f\u00e5r en grundig innf\u00f8ring i hvordan de p\u00e5 en enkel, pedagogisk og morsom m\u00e5te kan arbeide&hellip;<\/p><\/div>\n\t<div>No location set<\/div>\n<\/div>\n\n<\/div><!-- \/algolia-ignore --><\/div><\/div>\n\n<div class=\"t2-accordion alignwide wp-block-t2-accordion\" data-allow-multiple=\"1\" role=\"list\">\n<div class=\"t2-accordion-item wp-block-t2-accordion-item\" role=\"listitem\">\n\t\t\t<h2 class=\"t2-accordion-title\">\n\t\t\t\t<button type=\"button\" class=\"t2-accordion-trigger\" id=\"faktura-og-innbetaling\" aria-controls=\"accordion-panel\" aria-expanded=\"false\">\n\t\t\t\t\tFaktura og innbetaling\n\t\t\t\t\t<span class=\"t2-accordion-icon is-closed-icon\"><\/span>\n\t\t\t\t\t<span class=\"t2-accordion-icon is-open-icon\"><\/span>\n\t\t\t\t<\/button>\n\t\t\t<\/h2>\n\t\t\t<div class=\"t2-accordion-item__inner-container is-layout-flow\" id=\"accordion-panel\" aria-labelledby=\"faktura-og-innbetaling\" role=\"region\" hidden>\n\t\t\t\t\n\n<p><strong>Trygg Trafikk aksepterer kun mottak av elektroniske faktura.<\/strong><\/p>\n\n\n\n<p>Fakturaadresse i EHF-format er den samme som v\u00e5rt org.nr.: 970133410<\/p>\n\n\n\n<p>Alternativt kan faktura sendes med Autoinvoice til e-post&nbsp;<a href=\"mailto:970133410@autoinvoice.no\">970133410@autoinvoice.no<\/a><\/p>\n\n\n\n<ul class=\"wp-block-list\">\n<li>Faktura merkes med bestillers navn og avdeling<\/li>\n\n\n\n<li>Faktura skal inneholde beskrivelse av vare\/tjeneste<\/li>\n\n\n\n<li>Faktura stiles til hovedkontoret for Trygg Trafikk i Oslo<\/li>\n\n\n\n<li>Feil eller mangler vil medf\u00f8re at faktura blir returnert<\/li>\n<\/ul>\n\n\n\n<p>Bankkontonr.: 7044 0505 757<\/p>\n\n\n\t\t\t<\/div>\n\t\t<\/div>\n<\/div>\n\n\n<figure class=\"wp-block-embed alignwide is-type-video is-provider-youtube wp-block-embed-youtube wp-embed-aspect-16-9 wp-has-aspect-ratio\"><div class=\"wp-block-embed__wrapper\">\n<iframe loading=\"lazy\" title=\"Hva er Trafikksikker kommune?\" width=\"500\" height=\"281\" src=\"https:\/\/www.youtube.com\/embed\/Jn0a-YphzCc?feature=oembed&#038;enablejsapi=1\" frameborder=\"0\" allow=\"accelerometer; autoplay; clipboard-write; encrypted-media; gyroscope; picture-in-picture; web-share\" referrerpolicy=\"strict-origin-when-cross-origin\" allowfullscreen><\/iframe>\n<\/div><\/figure>\n\n\n\n<div class=\"wp-block-columns alignwide is-layout-flex wp-container-core-columns-is-layout-3 wp-block-columns-is-layout-flex\">\n<div class=\"wp-block-column is-layout-flow wp-block-column-is-layout-flow\">\n<figure class=\"wp-block-embed is-type-video is-provider-youtube wp-block-embed-youtube wp-embed-aspect-16-9 wp-has-aspect-ratio\"><div class=\"wp-block-embed__wrapper\">\n<iframe loading=\"lazy\" title=\"Trafikksikker kommune - hva er det?\" width=\"500\" height=\"281\" src=\"https:\/\/www.youtube.com\/embed\/K7JDkMb4bhw?feature=oembed&#038;enablejsapi=1\" frameborder=\"0\" allow=\"accelerometer; autoplay; clipboard-write; encrypted-media; gyroscope; picture-in-picture; web-share\" referrerpolicy=\"strict-origin-when-cross-origin\" allowfullscreen><\/iframe>\n<\/div><\/figure>\n<\/div>\n\n\n\n<div class=\"wp-block-column is-layout-flow wp-block-column-is-layout-flow\">\n<figure class=\"wp-block-embed is-type-video is-provider-youtube wp-block-embed-youtube wp-embed-aspect-16-9 wp-has-aspect-ratio\"><div class=\"wp-block-embed__wrapper\">\n<iframe loading=\"lazy\" title=\"Trafikksikker kommune - hvordan blir man godkjent?\" width=\"500\" height=\"281\" src=\"https:\/\/www.youtube.com\/embed\/wkk4TD6Dwt0?feature=oembed&#038;enablejsapi=1\" frameborder=\"0\" allow=\"accelerometer; autoplay; clipboard-write; encrypted-media; gyroscope; picture-in-picture; web-share\" referrerpolicy=\"strict-origin-when-cross-origin\" allowfullscreen><\/iframe>\n<\/div><\/figure>\n<\/div>\n\n\n\n<div class=\"wp-block-column is-layout-flow wp-block-column-is-layout-flow\">\n<figure class=\"wp-block-embed is-type-video is-provider-youtube wp-block-embed-youtube wp-embed-aspect-16-9 wp-has-aspect-ratio\"><div class=\"wp-block-embed__wrapper\">\n<iframe loading=\"lazy\" title=\"Trafikksikker kommune - hva betyr det \u00e5 v\u00e6re godkjent?\" width=\"500\" height=\"281\" src=\"https:\/\/www.youtube.com\/embed\/4qOL_nIivzY?feature=oembed&#038;enablejsapi=1\" frameborder=\"0\" allow=\"accelerometer; autoplay; clipboard-write; encrypted-media; gyroscope; picture-in-picture; web-share\" referrerpolicy=\"strict-origin-when-cross-origin\" allowfullscreen><\/iframe>\n<\/div><\/figure>\n<\/div>\n<\/div>\n\n\n\n\t\t<div class=\"t2-simple-media-text alignwide is-mode-constrained is-gap-center wp-block-t2-simple-media-text has-background has-smt-additional-pink-background-color\">\n\t\t\t<div class=\"t2-simple-media-text__container\">\n\t\t\t\t<figure class=\"t2-simple-media-text__image\"><img loading=\"lazy\" width=\"768\" height=\"1024\" src=\"https:\/\/www.tryggtrafikk.no\/content\/uploads\/sites\/9\/2024\/12\/Trafikksikker_skolevei_kampanje_med_Brakar_og_Vy_TRY_03921_Foto_Siv_Anita_Sletten-768x1024.jpg\" class=\"wp-image-875 size-medium_large attachment-medium_large\" alt=\"\" style=\"--focalpoint: 50% 50%;\" srcset=\"https:\/\/www.tryggtrafikk.no\/content\/uploads\/sites\/9\/2024\/12\/Trafikksikker_skolevei_kampanje_med_Brakar_og_Vy_TRY_03921_Foto_Siv_Anita_Sletten-768x1024.jpg 768w, https:\/\/www.tryggtrafikk.no\/content\/uploads\/sites\/9\/2024\/12\/Trafikksikker_skolevei_kampanje_med_Brakar_og_Vy_TRY_03921_Foto_Siv_Anita_Sletten-225x300.jpg 225w, https:\/\/www.tryggtrafikk.no\/content\/uploads\/sites\/9\/2024\/12\/Trafikksikker_skolevei_kampanje_med_Brakar_og_Vy_TRY_03921_Foto_Siv_Anita_Sletten-1152x1536.jpg 1152w, https:\/\/www.tryggtrafikk.no\/content\/uploads\/sites\/9\/2024\/12\/Trafikksikker_skolevei_kampanje_med_Brakar_og_Vy_TRY_03921_Foto_Siv_Anita_Sletten.jpg 1200w\" sizes=\"auto, (max-width: 768px) 100vw, 768px\" \/><\/figure>\n\t\t\t\t<div class=\"t2-simple-media-text__content-container\">\n\t\t\t\t\t<div class=\"t2-simple-media-text__content\">\n\t\t\t\t\t\t<div class=\"t2-simple-media-text__content-inner is-layout-flow\">\n\t\t\t\t\t\t\t\n\n<h2 class=\"wp-block-heading\" id=\"h-felles-innsats-for-trygg-skoleskyss-i-buskerud\"><a href=\"https:\/\/brakar.no\/bamse-brakar-pa-skolebesok-med-trafikkopplaering-i-sekken\/\">Felles innsats for trygg skoleskyss i Buskerud<\/a><\/h2>\n\n\n\n<p>Vi er mange som jobber for at barn kan ferdes trygt i trafikken. I h\u00f8st har Trygg Trafikk sammen med Brakar, Vy og Buskerud fylkeskommune bes\u00f8kt en rekke barneskoler. Barna fikk l\u00e6re om trafikksikkerhet og hvordan de skal f\u00e5 en tryggest mulig reise med skolebussen.<\/p>\n\n\n\t\t\t\t\t\t<\/div>\n\t\t\t\t\t<\/div>\n\t\t\t\t<\/div>\n\t\t\t<\/div>\n\t\t<\/div>\n\t\t\n\n\n<h2 class=\"wp-block-heading has-text-align-center\" id=\"h-skolestart\">Skolestart <\/h2>\n\n\n\n<figure class=\"wp-block-embed is-type-video is-provider-youtube wp-block-embed-youtube wp-embed-aspect-16-9 wp-has-aspect-ratio\"><div class=\"wp-block-embed__wrapper\">\n<iframe loading=\"lazy\" title=\"Skolestart - skole er glede!\" width=\"500\" height=\"281\" src=\"https:\/\/www.youtube.com\/embed\/yyvdxTSZXlw?feature=oembed&#038;enablejsapi=1\" frameborder=\"0\" allow=\"accelerometer; autoplay; clipboard-write; encrypted-media; gyroscope; picture-in-picture; web-share\" referrerpolicy=\"strict-origin-when-cross-origin\" allowfullscreen><\/iframe>\n<\/div><\/figure>\n\n\n\n\t\t<div class=\"t2-simple-media-text alignwide is-mode-constrained is-gap-center has-media-on-the-right wp-block-t2-simple-media-text has-background has-smt-secondary-50-background-color\">\n\t\t\t<div class=\"t2-simple-media-text__container\">\n\t\t\t\t<figure class=\"t2-simple-media-text__image\" aria-labelledby=\"t2-simple-media-text\"><img loading=\"lazy\" width=\"768\" height=\"432\" src=\"https:\/\/www.tryggtrafikk.no\/content\/uploads\/sites\/9\/2024\/05\/trafikksikkerhets-forum-buskerud-768x432.jpg\" class=\"wp-image-591 size-medium_large attachment-medium_large\" alt=\"Det nye samordningsorganet for trafikksikkerhet i Buskerud var samlet til oppstartsm\u00f8te 8. mai. Drammens- og Hallingdalsregionen var ikke tilstede da bildet ble tatt.\" style=\"--focalpoint: 50% 50%;\" srcset=\"https:\/\/www.tryggtrafikk.no\/content\/uploads\/sites\/9\/2024\/05\/trafikksikkerhets-forum-buskerud-768x432.jpg 768w, https:\/\/www.tryggtrafikk.no\/content\/uploads\/sites\/9\/2024\/05\/trafikksikkerhets-forum-buskerud-300x169.jpg 300w, https:\/\/www.tryggtrafikk.no\/content\/uploads\/sites\/9\/2024\/05\/trafikksikkerhets-forum-buskerud-1024x576.jpg 1024w, https:\/\/www.tryggtrafikk.no\/content\/uploads\/sites\/9\/2024\/05\/trafikksikkerhets-forum-buskerud.jpg 1200w\" sizes=\"auto, (max-width: 768px) 100vw, 768px\" \/><figcaption id=\"t2-simple-media-text\" class=\"wp-element-caption screen-reader-text\">Det nye samordningsorganet for trafikksikkerhet i Buskerud var samlet til oppstartsm\u00f8te 8. mai. Drammens- og Hallingdalsregionen var ikke tilstede da bildet ble tatt.<\/figcaption><\/figure>\n\t\t\t\t<div class=\"t2-simple-media-text__content-container\">\n\t\t\t\t\t<div class=\"t2-simple-media-text__content\">\n\t\t\t\t\t\t<div class=\"t2-simple-media-text__content-inner is-layout-flow\">\n\t\t\t\t\t\t\t\n\n<h2 class=\"wp-block-heading\" id=\"h-nytt-forum-skal-styrke-trafikksikkerhetsarbeidet-i-buskerud\"><a href=\"https:\/\/bfk.no\/aktuelt\/nytt-forum-skal-styrke-trafikksikkerhetsarbeidet-i-buskerud.203187.aspx\" target=\"_blank\" rel=\"noreferrer noopener\">Nytt forum skal styrke trafikksikkerhetsarbeidet i Buskerud<\/a><\/h2>\n\n\n\n<p>Samler de mest sentrale akt\u00f8rene for trafikksikkerhet i fylket. \u2013 Dette gleder vi oss til! Alle som er samlet i det nye forumet vil det beste for trafikantene, uavhengig om trafikantene g\u00e5r, sykler eller kj\u00f8rer bil, sier Knut Andr\u00e9 Svensbr\u00e5ten (Frp).<\/p>\n\n\n\t\t\t\t\t\t<\/div>\n\t\t\t\t\t<\/div>\n\t\t\t\t<\/div>\n\t\t\t<\/div>\n\t\t<\/div>\n\t\t\n\n\n\t\t<div class=\"t2-simple-media-text alignwide is-mode-constrained is-gap-center wp-block-t2-simple-media-text has-background has-smt-additional-green-background-color\">\n\t\t\t<div class=\"t2-simple-media-text__container\">\n\t\t\t\t<figure class=\"t2-simple-media-text__image\" aria-labelledby=\"t2-simple-media-text-1\"><img loading=\"lazy\" width=\"768\" height=\"576\" src=\"https:\/\/www.tryggtrafikk.no\/content\/uploads\/sites\/9\/2024\/05\/Skuespillere-og-TT-2048x1536-1-768x576.jpg\" class=\"wp-image-581 size-medium_large attachment-medium_large\" alt=\"Skuespillerne fikk utdelt en takkegave for innsatsen. Fra venstre: Lena Westrum, Olaf Johannes Krokli, Maja Darre Eriksen, regiss\u00f8r \u00c5smund Jan\u00f8y, Maria J\u00f8rgensen, Kasper Aasen og Onkel Snorre spilt av Erik A. Schjerven. Han har med seg lille Harriet p\u00e5 rundt 1 \u00e5r. Foto: Nina Gjervik \/ Trygg Trafikk\" style=\"--focalpoint: 50% 50%;\" srcset=\"https:\/\/www.tryggtrafikk.no\/content\/uploads\/sites\/9\/2024\/05\/Skuespillere-og-TT-2048x1536-1-768x576.jpg 768w, https:\/\/www.tryggtrafikk.no\/content\/uploads\/sites\/9\/2024\/05\/Skuespillere-og-TT-2048x1536-1-300x225.jpg 300w, https:\/\/www.tryggtrafikk.no\/content\/uploads\/sites\/9\/2024\/05\/Skuespillere-og-TT-2048x1536-1-1024x768.jpg 1024w, https:\/\/www.tryggtrafikk.no\/content\/uploads\/sites\/9\/2024\/05\/Skuespillere-og-TT-2048x1536-1-1536x1152.jpg 1536w, https:\/\/www.tryggtrafikk.no\/content\/uploads\/sites\/9\/2024\/05\/Skuespillere-og-TT-2048x1536-1-752x564.jpg 752w, https:\/\/www.tryggtrafikk.no\/content\/uploads\/sites\/9\/2024\/05\/Skuespillere-og-TT-2048x1536-1.jpg 2048w\" sizes=\"auto, (max-width: 768px) 100vw, 768px\" \/><figcaption id=\"t2-simple-media-text-1\" class=\"wp-element-caption screen-reader-text\">Skuespillerne fikk utdelt en takkegave for innsatsen. Fra venstre: Lena Westrum, Olaf Johannes Krokli, Maja Darre Eriksen, regiss\u00f8r \u00c5smund Jan\u00f8y, Maria J\u00f8rgensen, Kasper Aasen og Onkel Snorre spilt av Erik A. Schjerven. Han har med seg lille Harriet p\u00e5 rundt 1 \u00e5r. Foto: Nina Gjervik \/ Trygg Trafikk <\/figcaption><\/figure>\n\t\t\t\t<div class=\"t2-simple-media-text__content-container\">\n\t\t\t\t\t<div class=\"t2-simple-media-text__content\">\n\t\t\t\t\t\t<div class=\"t2-simple-media-text__content-inner is-layout-flow\">\n\t\t\t\t\t\t\t\n\n<h2 class=\"wp-block-heading\" id=\"h-onkel-snorre-tar-med-trafikksikkerhet-i-leken-pa-sfo\"><a href=\"https:\/\/www.tryggtrafikk.no\/aktuelt\/onkel-snorre-tar-med-trafikksikkerhet-i-leken-pa-sfo\/\" target=\"_blank\" rel=\"noreferrer noopener\">Onkel Snorre tar med trafikksikkerhet i leken p\u00e5 SFO<\/a><\/h2>\n\n\n\n<p>P\u00e5 Krokstad barneskole i Drammen ble det holdt en storsl\u00e5tt premierefest for filmserien Onkel Snorre \u2013 en milep\u00e6l i trafikksikkerhetsoppl\u00e6ringen p\u00e5 SFO.<\/p>\n\n\n\t\t\t\t\t\t<\/div>\n\t\t\t\t\t<\/div>\n\t\t\t\t<\/div>\n\t\t\t<\/div>\n\t\t<\/div>\n\t\t\n\n\n\t\t<div class=\"t2-simple-media-text alignwide is-mode-constrained is-gap-center has-media-on-the-right wp-block-t2-simple-media-text has-background has-smt-additional-lime-background-color\">\n\t\t\t<div class=\"t2-simple-media-text__container\">\n\t\t\t\t<figure class=\"t2-simple-media-text__image\"><img loading=\"lazy\" width=\"768\" height=\"576\" src=\"https:\/\/www.tryggtrafikk.no\/content\/uploads\/sites\/9\/2024\/05\/Fagdag_pa_GLU_pa_USN_Drammen_TRY_02006_Foto_Nina__Gjervik-scaled-1-2048x1536-1-768x576.jpg\" class=\"wp-image-584 size-medium_large attachment-medium_large\" alt=\"Elever som sitter p\u00e5 ppulter og ser p\u00e5 en aktivitetsmatte som ligger p\u00e5 gulvet.\" style=\"--focalpoint: 50% 50%;\" srcset=\"https:\/\/www.tryggtrafikk.no\/content\/uploads\/sites\/9\/2024\/05\/Fagdag_pa_GLU_pa_USN_Drammen_TRY_02006_Foto_Nina__Gjervik-scaled-1-2048x1536-1-768x576.jpg 768w, https:\/\/www.tryggtrafikk.no\/content\/uploads\/sites\/9\/2024\/05\/Fagdag_pa_GLU_pa_USN_Drammen_TRY_02006_Foto_Nina__Gjervik-scaled-1-2048x1536-1-300x225.jpg 300w, https:\/\/www.tryggtrafikk.no\/content\/uploads\/sites\/9\/2024\/05\/Fagdag_pa_GLU_pa_USN_Drammen_TRY_02006_Foto_Nina__Gjervik-scaled-1-2048x1536-1-1024x768.jpg 1024w, https:\/\/www.tryggtrafikk.no\/content\/uploads\/sites\/9\/2024\/05\/Fagdag_pa_GLU_pa_USN_Drammen_TRY_02006_Foto_Nina__Gjervik-scaled-1-2048x1536-1-1536x1152.jpg 1536w, https:\/\/www.tryggtrafikk.no\/content\/uploads\/sites\/9\/2024\/05\/Fagdag_pa_GLU_pa_USN_Drammen_TRY_02006_Foto_Nina__Gjervik-scaled-1-2048x1536-1-752x564.jpg 752w, https:\/\/www.tryggtrafikk.no\/content\/uploads\/sites\/9\/2024\/05\/Fagdag_pa_GLU_pa_USN_Drammen_TRY_02006_Foto_Nina__Gjervik-scaled-1-2048x1536-1.jpg 2048w\" sizes=\"auto, (max-width: 768px) 100vw, 768px\" \/><\/figure>\n\t\t\t\t<div class=\"t2-simple-media-text__content-container\">\n\t\t\t\t\t<div class=\"t2-simple-media-text__content\">\n\t\t\t\t\t\t<div class=\"t2-simple-media-text__content-inner is-layout-flow\">\n\t\t\t\t\t\t\t\n\n<h2 class=\"wp-block-heading\" id=\"h-trygg-trafikk-pa-besok-hos-laererstudenter\"><a href=\"https:\/\/www.tryggtrafikk.no\/aktuelt\/trygg-trafikk-pa-besok-hos-laererstudenter\/\" target=\"_blank\" rel=\"noreferrer noopener\">Trygg Trafikk p\u00e5 bes\u00f8k hos l\u00e6rerstudenter!<\/a><\/h2>\n\n\n\n<p>L\u00e6rerstudentene setter trafikksikkerhetsarbeid p\u00e5 timeplanen. Studentene ved Universitet i S\u00f8r\u00f8st-Norge fikk l\u00e6re om pedagogikk, trafikksikkerhet for barn og teste ut ulike gratis ressurser p\u00e5 nettet som Trygg Trafikk tilbyr.<\/p>\n\n\n\t\t\t\t\t\t<\/div>\n\t\t\t\t\t<\/div>\n\t\t\t\t<\/div>\n\t\t\t<\/div>\n\t\t<\/div>\n\t\t\n\n\n\t\t<div class=\"t2-simple-media-text alignwide is-mode-constrained is-gap-center wp-block-t2-simple-media-text has-background has-smt-secondary-50-background-color\">\n\t\t\t<div class=\"t2-simple-media-text__container\">\n\t\t\t\t<figure class=\"t2-simple-media-text__image\"><img loading=\"lazy\" width=\"550\" height=\"380\" src=\"https:\/\/www.tryggtrafikk.no\/content\/uploads\/sites\/9\/2024\/03\/FLESBERG_IMG_3428-550x380-1.jpeg\" class=\"wp-image-192 size-medium_large attachment-medium_large\" alt=\"\" style=\"--focalpoint: 50% 50%;\" srcset=\"https:\/\/www.tryggtrafikk.no\/content\/uploads\/sites\/9\/2024\/03\/FLESBERG_IMG_3428-550x380-1.jpeg 550w, https:\/\/www.tryggtrafikk.no\/content\/uploads\/sites\/9\/2024\/03\/FLESBERG_IMG_3428-550x380-1-300x207.jpeg 300w\" sizes=\"auto, (max-width: 550px) 100vw, 550px\" \/><\/figure>\n\t\t\t\t<div class=\"t2-simple-media-text__content-container\">\n\t\t\t\t\t<div class=\"t2-simple-media-text__content\">\n\t\t\t\t\t\t<div class=\"t2-simple-media-text__content-inner is-layout-flow\">\n\t\t\t\t\t\t\t\n\n<h2 class=\"wp-block-heading\" id=\"h-superduo-samlet-tradene-for-en-mer-trafikksikker-kommune\"><a href=\"https:\/\/www.tryggtrafikk.no\/aktuelt\/superduo-samlet-tradene-for-en-mer-trafikksikker-kommune\/\" target=\"_blank\" rel=\"noreferrer noopener\">Superduo samlet tr\u00e5dene for en mer trafikksikker kommune<\/a><\/h2>\n\n\n\n<p>Flesberg kommune kan fra januar 2023 skilte med status som godkjent Trafikksikker kommune, bokstavelig talt. Kommunens etater har satt sine lovp\u00e5lagte tiltak for best mulig trafikksikkerhet i system. Med en slik bevisstgj\u00f8ring kan de 2 730 (30.09.22) innbyggerne n\u00e5 ferdes tryggere lokalt. Og tilreisende, naturligvis.<\/p>\n\n\n\t\t\t\t\t\t<\/div>\n\t\t\t\t\t<\/div>\n\t\t\t\t<\/div>\n\t\t\t<\/div>\n\t\t<\/div>\n\t\t\n\n\n\t\t<div class=\"t2-simple-media-text alignwide is-mode-constrained is-gap-center has-media-on-the-right wp-block-t2-simple-media-text has-background has-smt-additional-green-background-color\">\n\t\t\t<div class=\"t2-simple-media-text__container\">\n\t\t\t\t<figure class=\"t2-simple-media-text__image\"><img loading=\"lazy\" width=\"768\" height=\"512\" src=\"https:\/\/www.tryggtrafikk.no\/content\/uploads\/sites\/9\/2024\/03\/bekky-bekks-kjF7-DfBGJU-unsplash-768x512.jpg\" class=\"wp-image-123 size-medium_large attachment-medium_large\" alt=\"Grafittihjerte i gr\u00f8nt p\u00e5 steinvegg.\" style=\"--focalpoint: 50% 50%;\" srcset=\"https:\/\/www.tryggtrafikk.no\/content\/uploads\/sites\/9\/2024\/03\/bekky-bekks-kjF7-DfBGJU-unsplash-768x512.jpg 768w, https:\/\/www.tryggtrafikk.no\/content\/uploads\/sites\/9\/2024\/03\/bekky-bekks-kjF7-DfBGJU-unsplash-300x200.jpg 300w, https:\/\/www.tryggtrafikk.no\/content\/uploads\/sites\/9\/2024\/03\/bekky-bekks-kjF7-DfBGJU-unsplash-1024x683.jpg 1024w, https:\/\/www.tryggtrafikk.no\/content\/uploads\/sites\/9\/2024\/03\/bekky-bekks-kjF7-DfBGJU-unsplash-1536x1024.jpg 1536w, https:\/\/www.tryggtrafikk.no\/content\/uploads\/sites\/9\/2024\/03\/bekky-bekks-kjF7-DfBGJU-unsplash-2048x1365.jpg 2048w\" sizes=\"auto, (max-width: 768px) 100vw, 768px\" \/><\/figure>\n\t\t\t\t<div class=\"t2-simple-media-text__content-container\">\n\t\t\t\t\t<div class=\"t2-simple-media-text__content\">\n\t\t\t\t\t\t<div class=\"t2-simple-media-text__content-inner is-layout-flow\">\n\t\t\t\t\t\t\t\n\n<h2 class=\"wp-block-heading\" id=\"h-hjertesone-tryggere-vei\"><a href=\"https:\/\/www.tryggtrafikk.no\/barnehage-og-skole\/hjertesone-tryggere-skolevei\/\" target=\"_blank\" rel=\"noreferrer noopener\">Hjertesone &#8211; tryggere vei<\/a><\/h2>\n\n\n\n<p>M\u00e5let med Hjertesone er \u00e5 lage trygge omgivelser rundt skolen. I skolens n\u00e6romr\u00e5de \u00f8nsker vi at det skal v\u00e6re s\u00e5 lite bilkj\u00f8ring som mulig. Derfor er det fint om foresatte lar barna sykle eller g\u00e5 til skolen dersom dette er mulig. I motsatt fall kan kanskje barnet settes av et lite stykke unna skolen?<\/p>\n\n\n\t\t\t\t\t\t<\/div>\n\t\t\t\t\t<\/div>\n\t\t\t\t<\/div>\n\t\t\t<\/div>\n\t\t<\/div>\n\t\t\n\n\n\t\t<div class=\"t2-simple-media-text alignwide is-mode-constrained is-gap-center wp-block-t2-simple-media-text has-background has-smt-secondary-50-background-color\">\n\t\t\t<div class=\"t2-simple-media-text__container\">\n\t\t\t\t<figure class=\"t2-simple-media-text__image\"><img loading=\"lazy\" width=\"768\" height=\"434\" src=\"https:\/\/www.tryggtrafikk.no\/content\/uploads\/sites\/9\/2024\/05\/de-usynlige-heltene-768x434.jpg\" class=\"wp-image-587 size-medium_large attachment-medium_large\" alt=\"\" style=\"--focalpoint: 50% 50%;\" srcset=\"https:\/\/www.tryggtrafikk.no\/content\/uploads\/sites\/9\/2024\/05\/de-usynlige-heltene-768x434.jpg 768w, https:\/\/www.tryggtrafikk.no\/content\/uploads\/sites\/9\/2024\/05\/de-usynlige-heltene-300x170.jpg 300w, https:\/\/www.tryggtrafikk.no\/content\/uploads\/sites\/9\/2024\/05\/de-usynlige-heltene.jpg 1000w\" sizes=\"auto, (max-width: 768px) 100vw, 768px\" \/><\/figure>\n\t\t\t\t<div class=\"t2-simple-media-text__content-container\">\n\t\t\t\t\t<div class=\"t2-simple-media-text__content\">\n\t\t\t\t\t\t<div class=\"t2-simple-media-text__content-inner is-layout-flow\">\n\t\t\t\t\t\t\t\n\n<h2 class=\"wp-block-heading\" id=\"h-trafikkofrenes-dag-godfolelsen-av-a-redde-liv-kan-ikke-beskrives-med-ord\"><a href=\"https:\/\/bfk.no\/aktuelt\/trafikkofrenes-dag-godfolelsen-av-a-redde-liv-kan-ikke-beskrives-med-ord.188492.aspx\" target=\"_blank\" rel=\"noreferrer noopener\">Trafikkofrenes dag: \u2013 Godf\u00f8lelsen av \u00e5 redde liv kan ikke beskrives med ord<\/a><\/h2>\n\n\n\n<p>\u2013 N\u00f8detatene som rykker ut til trafikkulykker spiller en avgj\u00f8rende rolle i \u00e5 redde liv. Det kan st\u00e5 om minutter.<\/p>\n\n\n\t\t\t\t\t\t<\/div>\n\t\t\t\t\t<\/div>\n\t\t\t\t<\/div>\n\t\t\t<\/div>\n\t\t<\/div>\n\t\t\n\n\n\t\t<div class=\"t2-simple-media-text alignwide is-mode-constrained is-gap-center has-media-on-the-right wp-block-t2-simple-media-text has-background has-smt-additional-pink-background-color\">\n\t\t\t<div class=\"t2-simple-media-text__container\">\n\t\t\t\t<figure class=\"t2-simple-media-text__image\" aria-labelledby=\"t2-simple-media-text-2\"><img loading=\"lazy\" width=\"768\" height=\"512\" src=\"https:\/\/www.tryggtrafikk.no\/content\/uploads\/sites\/9\/2024\/03\/COLOURBOX61564549_lav-768x512.jpg\" class=\"wp-image-124 size-medium_large attachment-medium_large\" alt=\"To jenter som sitter tett i tett og holder rundt hverandre.\" style=\"--focalpoint: 50% 50%;\" srcset=\"https:\/\/www.tryggtrafikk.no\/content\/uploads\/sites\/9\/2024\/03\/COLOURBOX61564549_lav-768x512.jpg 768w, https:\/\/www.tryggtrafikk.no\/content\/uploads\/sites\/9\/2024\/03\/COLOURBOX61564549_lav-300x200.jpg 300w, https:\/\/www.tryggtrafikk.no\/content\/uploads\/sites\/9\/2024\/03\/COLOURBOX61564549_lav-1024x683.jpg 1024w, https:\/\/www.tryggtrafikk.no\/content\/uploads\/sites\/9\/2024\/03\/COLOURBOX61564549_lav-1536x1024.jpg 1536w, https:\/\/www.tryggtrafikk.no\/content\/uploads\/sites\/9\/2024\/03\/COLOURBOX61564549_lav-2048x1366.jpg 2048w\" sizes=\"auto, (max-width: 768px) 100vw, 768px\" \/><figcaption id=\"t2-simple-media-text-2\" class=\"wp-element-caption screen-reader-text\">Gen Z friends sitting together outdoors in the city, comforting each other and helping with a problem. Anxiety and sadness of a young zoomer girl. Concept of power of friendship.<\/figcaption><\/figure>\n\t\t\t\t<div class=\"t2-simple-media-text__content-container\">\n\t\t\t\t\t<div class=\"t2-simple-media-text__content\">\n\t\t\t\t\t\t<div class=\"t2-simple-media-text__content-inner is-layout-flow\">\n\t\t\t\t\t\t\t\n\n<h2 class=\"wp-block-heading\" id=\"h-ung\"><a href=\"https:\/\/www.tryggtrafikk.no\/ung\/\" target=\"_blank\" rel=\"noreferrer noopener\">UNG<\/a><\/h2>\n\n\n\n<p>UNG er Trygg Trafikks helt egne opplegg til ungdommen.&nbsp;Sammen utforsker vi veiene mot en tryggere fremtid for alle gjennom l\u00e6ring og l\u00e6ring om trafikksikkerhet. Steg for steg, l\u00e6rer vi hvordan hver enkelt av oss kan ta valg og bidra til et sikrere samfunn. La oss kj\u00f8re i gang \u2013 for sikkerhetens skyld!&nbsp;<\/p>\n\n\n\t\t\t\t\t\t<\/div>\n\t\t\t\t\t<\/div>\n\t\t\t\t<\/div>\n\t\t\t<\/div>\n\t\t<\/div>\n\t\t\n\n\n\t\t<div class=\"t2-simple-media-text alignwide is-mode-constrained is-gap-center wp-block-t2-simple-media-text has-background has-smt-additional-green-background-color\">\n\t\t\t<div class=\"t2-simple-media-text__container\">\n\t\t\t\t<figure class=\"t2-simple-media-text__image\"><img loading=\"lazy\" width=\"768\" height=\"636\" src=\"https:\/\/www.tryggtrafikk.no\/content\/uploads\/sites\/9\/2024\/03\/barnas-trafikklubb-logo_web-768x636.png\" class=\"wp-image-130 size-medium_large attachment-medium_large\" alt=\"Logoen til Barnas trafikklubb der maskoten som ser ut som et trafikklys er i midten.\" style=\"--focalpoint: 50% 50%;\" srcset=\"https:\/\/www.tryggtrafikk.no\/content\/uploads\/sites\/9\/2024\/03\/barnas-trafikklubb-logo_web-768x636.png 768w, https:\/\/www.tryggtrafikk.no\/content\/uploads\/sites\/9\/2024\/03\/barnas-trafikklubb-logo_web-300x248.png 300w, https:\/\/www.tryggtrafikk.no\/content\/uploads\/sites\/9\/2024\/03\/barnas-trafikklubb-logo_web-1024x847.png 1024w, https:\/\/www.tryggtrafikk.no\/content\/uploads\/sites\/9\/2024\/03\/barnas-trafikklubb-logo_web-1536x1271.png 1536w, https:\/\/www.tryggtrafikk.no\/content\/uploads\/sites\/9\/2024\/03\/barnas-trafikklubb-logo_web-2048x1695.png 2048w\" sizes=\"auto, (max-width: 768px) 100vw, 768px\" \/><\/figure>\n\t\t\t\t<div class=\"t2-simple-media-text__content-container\">\n\t\t\t\t\t<div class=\"t2-simple-media-text__content\">\n\t\t\t\t\t\t<div class=\"t2-simple-media-text__content-inner is-layout-flow\">\n\t\t\t\t\t\t\t\n\n<h2 class=\"wp-block-heading\" id=\"h-barnas-trafikklubb\"><a href=\"https:\/\/www.barnastrafikklubb.no\/\" target=\"_blank\" rel=\"noreferrer noopener\">Barnas trafikklubb<\/a><\/h2>\n\n\n\n<p>Klubben er gratis og har lett tilgjengelig pedagogisk innhold om trafikksikkerhet. Du finner filmserier, \u00f8veoppgaver og forslag til praktiske aktiviteter. Innholdet v\u00e5rt kan enkelt integreres i arbeid med rammeplan, l\u00e6replanverket og i hverdagen generelt.<\/p>\n\n\n\t\t\t\t\t\t<\/div>\n\t\t\t\t\t<\/div>\n\t\t\t\t<\/div>\n\t\t\t<\/div>\n\t\t<\/div>\n\t\t\n\n\n\t\t<div class=\"t2-simple-media-text alignwide is-mode-constrained is-gap-center wp-block-t2-simple-media-text has-background has-smt-secondary-50-background-color\">\n\t\t\t<div class=\"t2-simple-media-text__container\">\n\t\t\t\t<figure class=\"t2-simple-media-text__image\" aria-labelledby=\"t2-simple-media-text-3\"><img loading=\"lazy\" width=\"768\" height=\"512\" src=\"https:\/\/www.tryggtrafikk.no\/content\/uploads\/sites\/9\/2024\/03\/COLOURBOX24849031-scaled-1-768x512.jpg\" class=\"wp-image-246 size-medium_large attachment-medium_large\" alt=\"Bilde av gutt p\u00e5 sykkel med sykkelhjelm. Han smiler og er tett p\u00e5 kameralinsen.\" style=\"--focalpoint: 50% 50%;\" srcset=\"https:\/\/www.tryggtrafikk.no\/content\/uploads\/sites\/9\/2024\/03\/COLOURBOX24849031-scaled-1-768x512.jpg 768w, https:\/\/www.tryggtrafikk.no\/content\/uploads\/sites\/9\/2024\/03\/COLOURBOX24849031-scaled-1-300x200.jpg 300w, https:\/\/www.tryggtrafikk.no\/content\/uploads\/sites\/9\/2024\/03\/COLOURBOX24849031-scaled-1-1024x683.jpg 1024w, https:\/\/www.tryggtrafikk.no\/content\/uploads\/sites\/9\/2024\/03\/COLOURBOX24849031-scaled-1-1536x1024.jpg 1536w, https:\/\/www.tryggtrafikk.no\/content\/uploads\/sites\/9\/2024\/03\/COLOURBOX24849031-scaled-1-2048x1366.jpg 2048w\" sizes=\"auto, (max-width: 768px) 100vw, 768px\" \/><figcaption id=\"t2-simple-media-text-3\" class=\"wp-element-caption screen-reader-text\">Close-up portrait of cute smiling boy in yellow safety helmet riding his bike at sunny day<\/figcaption><\/figure>\n\t\t\t\t<div class=\"t2-simple-media-text__content-container\">\n\t\t\t\t\t<div class=\"t2-simple-media-text__content\">\n\t\t\t\t\t\t<div class=\"t2-simple-media-text__content-inner is-layout-flow\">\n\t\t\t\t\t\t\t\n\n<h2 class=\"wp-block-heading\" id=\"h-sykkeldyktig\"><a href=\"https:\/\/sykkeldyktig-old.prod.dekodes.no\/\" target=\"_blank\" rel=\"noreferrer noopener\">Sykkeldyktig<\/a><\/h2>\n\n\n\n<p>Sykkeldyktig.no skal bidra til at alle barn skal f\u00e5 like muligheter til \u00e5 skaffe seg gode ferdigheter p\u00e5 sykkel og grunnleggende kunnskap om trafikksikkerhet. Sykkeldyktig er et verkt\u00f8y for alle l\u00e6rere i grunnskolen. P\u00e5 sykkeldyktig finner du som&nbsp;l\u00e6rer det du trenger for \u00e5 gjennomf\u00f8re trafikk- og sykkeloppl\u00e6ring fra 4. til 7. trinn i grunnskolen.<\/p>\n\n\n\t\t\t\t\t\t<\/div>\n\t\t\t\t\t<\/div>\n\t\t\t\t<\/div>\n\t\t\t<\/div>\n\t\t<\/div>\n\t\t","protected":false},"excerpt":{"rendered":"<p>V\u00e5rt m\u00e5l i fylket er at folk skal ta klokere valg i trafikken, slik at antall ulykker fortsetter \u00e5 g\u00e5 ned.<\/p>\n","protected":false},"author":6,"featured_media":207,"parent":0,"menu_order":0,"comment_status":"closed","ping_status":"closed","template":"","meta":{"show_toc":false,"tryggtrafikk_poll_votes":[],"hide_header_title":false,"alt_breadcrumbs_title":"","footnotes":"","boosted":0},"cs_tag":[],"class_list":["post-205","page","type-page","status-publish","has-post-thumbnail","hentry"],"yoast_head":"<!-- This site is optimized with the Yoast SEO Premium plugin v26.1 (Yoast SEO v26.1.1) - https:\/\/yoast.com\/wordpress\/plugins\/seo\/ -->\n<title>Trygg Trafikk Buskerud - Trygg Trafikk - Fylkeskontorer<\/title>\n<meta name=\"description\" content=\"V\u00e5rt m\u00e5l i Buskerud er at folk skal ta klokere valg i trafikken, slik at antall ulykker fortsetter \u00e5 g\u00e5 ned.\" \/>\n<meta name=\"robots\" content=\"index, follow, max-snippet:-1, max-image-preview:large, max-video-preview:-1\" \/>\n<link rel=\"canonical\" href=\"https:\/\/www.tryggtrafikk.no\/fylkeskontorer\/trygg-trafikk-buskerud\/\" \/>\n<meta property=\"og:locale\" content=\"nb_NO\" \/>\n<meta property=\"og:type\" content=\"article\" \/>\n<meta property=\"og:title\" content=\"Trygg Trafikk Buskerud\" \/>\n<meta property=\"og:description\" content=\"V\u00e5rt m\u00e5l i Buskerud er at folk skal ta klokere valg i trafikken, slik at antall ulykker fortsetter \u00e5 g\u00e5 ned.\" \/>\n<meta property=\"og:url\" content=\"https:\/\/www.tryggtrafikk.no\/fylkeskontorer\/trygg-trafikk-buskerud\/\" \/>\n<meta property=\"og:site_name\" content=\"Trygg Trafikk - Fylkeskontorer\" \/>\n<meta property=\"article:modified_time\" content=\"2026-03-12T07:31:31+00:00\" \/>\n<meta property=\"og:image\" content=\"https:\/\/www.tryggtrafikk.no\/content\/uploads\/sites\/9\/2024\/03\/COLOURBOX39432460_lav-scaled.jpg\" \/>\n\t<meta property=\"og:image:width\" content=\"2560\" \/>\n\t<meta property=\"og:image:height\" content=\"1472\" \/>\n\t<meta property=\"og:image:type\" content=\"image\/jpeg\" \/>\n<meta name=\"twitter:card\" content=\"summary_large_image\" \/>\n<meta name=\"twitter:label1\" content=\"Ansl. lesetid\" \/>\n\t<meta name=\"twitter:data1\" content=\"4 minutter\" \/>\n<script type=\"application\/ld+json\" class=\"yoast-schema-graph\">{\"@context\":\"https:\/\/schema.org\",\"@graph\":[{\"@type\":\"WebPage\",\"@id\":\"https:\/\/www.tryggtrafikk.no\/fylkeskontorer\/trygg-trafikk-buskerud\/\",\"url\":\"https:\/\/www.tryggtrafikk.no\/fylkeskontorer\/trygg-trafikk-buskerud\/\",\"name\":\"Trygg Trafikk Buskerud - Trygg Trafikk - Fylkeskontorer\",\"isPartOf\":{\"@id\":\"https:\/\/www.tryggtrafikk.no\/fylkeskontorer\/#website\"},\"primaryImageOfPage\":{\"@id\":\"https:\/\/www.tryggtrafikk.no\/fylkeskontorer\/trygg-trafikk-buskerud\/#primaryimage\"},\"image\":{\"@id\":\"https:\/\/www.tryggtrafikk.no\/fylkeskontorer\/trygg-trafikk-buskerud\/#primaryimage\"},\"thumbnailUrl\":\"https:\/\/www.tryggtrafikk.no\/content\/uploads\/sites\/9\/2024\/03\/COLOURBOX39432460_lav-scaled.jpg\",\"datePublished\":\"2024-03-23T16:13:55+00:00\",\"dateModified\":\"2026-03-12T07:31:31+00:00\",\"description\":\"V\u00e5rt m\u00e5l i Buskerud er at folk skal ta klokere valg i trafikken, slik at antall ulykker fortsetter \u00e5 g\u00e5 ned.\",\"breadcrumb\":{\"@id\":\"https:\/\/www.tryggtrafikk.no\/fylkeskontorer\/trygg-trafikk-buskerud\/#breadcrumb\"},\"inLanguage\":\"nb-NO\",\"potentialAction\":[{\"@type\":\"ReadAction\",\"target\":[\"https:\/\/www.tryggtrafikk.no\/fylkeskontorer\/trygg-trafikk-buskerud\/\"]}]},{\"@type\":\"ImageObject\",\"inLanguage\":\"nb-NO\",\"@id\":\"https:\/\/www.tryggtrafikk.no\/fylkeskontorer\/trygg-trafikk-buskerud\/#primaryimage\",\"url\":\"https:\/\/www.tryggtrafikk.no\/content\/uploads\/sites\/9\/2024\/03\/COLOURBOX39432460_lav-scaled.jpg\",\"contentUrl\":\"https:\/\/www.tryggtrafikk.no\/content\/uploads\/sites\/9\/2024\/03\/COLOURBOX39432460_lav-scaled.jpg\",\"width\":2560,\"height\":1472,\"caption\":\"Ypsilon bro i Drammen.\"},{\"@type\":\"BreadcrumbList\",\"@id\":\"https:\/\/www.tryggtrafikk.no\/fylkeskontorer\/trygg-trafikk-buskerud\/#breadcrumb\",\"itemListElement\":[{\"@type\":\"ListItem\",\"position\":1,\"name\":\"Home\",\"item\":\"https:\/\/www.tryggtrafikk.no\/fylkeskontorer\/\"},{\"@type\":\"ListItem\",\"position\":2,\"name\":\"Trygg Trafikk Buskerud\"}]},{\"@type\":\"WebSite\",\"@id\":\"https:\/\/www.tryggtrafikk.no\/fylkeskontorer\/#website\",\"url\":\"https:\/\/www.tryggtrafikk.no\/fylkeskontorer\/\",\"name\":\"Trygg Trafikk - Fylkeskontorer\",\"description\":\"\",\"potentialAction\":[{\"@type\":\"SearchAction\",\"target\":{\"@type\":\"EntryPoint\",\"urlTemplate\":\"https:\/\/www.tryggtrafikk.no\/fylkeskontorer\/?s={search_term_string}\"},\"query-input\":{\"@type\":\"PropertyValueSpecification\",\"valueRequired\":true,\"valueName\":\"search_term_string\"}}],\"inLanguage\":\"nb-NO\"}]}<\/script>\n<!-- \/ Yoast SEO Premium plugin. -->","yoast_head_json":{"title":"Trygg Trafikk Buskerud - Trygg Trafikk - Fylkeskontorer","description":"V\u00e5rt m\u00e5l i Buskerud er at folk skal ta klokere valg i trafikken, slik at antall ulykker fortsetter \u00e5 g\u00e5 ned.","robots":{"index":"index","follow":"follow","max-snippet":"max-snippet:-1","max-image-preview":"max-image-preview:large","max-video-preview":"max-video-preview:-1"},"canonical":"https:\/\/www.tryggtrafikk.no\/fylkeskontorer\/trygg-trafikk-buskerud\/","og_locale":"nb_NO","og_type":"article","og_title":"Trygg Trafikk Buskerud","og_description":"V\u00e5rt m\u00e5l i Buskerud er at folk skal ta klokere valg i trafikken, slik at antall ulykker fortsetter \u00e5 g\u00e5 ned.","og_url":"https:\/\/www.tryggtrafikk.no\/fylkeskontorer\/trygg-trafikk-buskerud\/","og_site_name":"Trygg Trafikk - Fylkeskontorer","article_modified_time":"2026-03-12T07:31:31+00:00","og_image":[{"width":2560,"height":1472,"url":"https:\/\/www.tryggtrafikk.no\/content\/uploads\/sites\/9\/2024\/03\/COLOURBOX39432460_lav-scaled.jpg","type":"image\/jpeg"}],"twitter_card":"summary_large_image","twitter_misc":{"Ansl. lesetid":"4 minutter"},"schema":{"@context":"https:\/\/schema.org","@graph":[{"@type":"WebPage","@id":"https:\/\/www.tryggtrafikk.no\/fylkeskontorer\/trygg-trafikk-buskerud\/","url":"https:\/\/www.tryggtrafikk.no\/fylkeskontorer\/trygg-trafikk-buskerud\/","name":"Trygg Trafikk Buskerud - Trygg Trafikk - Fylkeskontorer","isPartOf":{"@id":"https:\/\/www.tryggtrafikk.no\/fylkeskontorer\/#website"},"primaryImageOfPage":{"@id":"https:\/\/www.tryggtrafikk.no\/fylkeskontorer\/trygg-trafikk-buskerud\/#primaryimage"},"image":{"@id":"https:\/\/www.tryggtrafikk.no\/fylkeskontorer\/trygg-trafikk-buskerud\/#primaryimage"},"thumbnailUrl":"https:\/\/www.tryggtrafikk.no\/content\/uploads\/sites\/9\/2024\/03\/COLOURBOX39432460_lav-scaled.jpg","datePublished":"2024-03-23T16:13:55+00:00","dateModified":"2026-03-12T07:31:31+00:00","description":"V\u00e5rt m\u00e5l i Buskerud er at folk skal ta klokere valg i trafikken, slik at antall ulykker fortsetter \u00e5 g\u00e5 ned.","breadcrumb":{"@id":"https:\/\/www.tryggtrafikk.no\/fylkeskontorer\/trygg-trafikk-buskerud\/#breadcrumb"},"inLanguage":"nb-NO","potentialAction":[{"@type":"ReadAction","target":["https:\/\/www.tryggtrafikk.no\/fylkeskontorer\/trygg-trafikk-buskerud\/"]}]},{"@type":"ImageObject","inLanguage":"nb-NO","@id":"https:\/\/www.tryggtrafikk.no\/fylkeskontorer\/trygg-trafikk-buskerud\/#primaryimage","url":"https:\/\/www.tryggtrafikk.no\/content\/uploads\/sites\/9\/2024\/03\/COLOURBOX39432460_lav-scaled.jpg","contentUrl":"https:\/\/www.tryggtrafikk.no\/content\/uploads\/sites\/9\/2024\/03\/COLOURBOX39432460_lav-scaled.jpg","width":2560,"height":1472,"caption":"Ypsilon bro i Drammen."},{"@type":"BreadcrumbList","@id":"https:\/\/www.tryggtrafikk.no\/fylkeskontorer\/trygg-trafikk-buskerud\/#breadcrumb","itemListElement":[{"@type":"ListItem","position":1,"name":"Home","item":"https:\/\/www.tryggtrafikk.no\/fylkeskontorer\/"},{"@type":"ListItem","position":2,"name":"Trygg Trafikk Buskerud"}]},{"@type":"WebSite","@id":"https:\/\/www.tryggtrafikk.no\/fylkeskontorer\/#website","url":"https:\/\/www.tryggtrafikk.no\/fylkeskontorer\/","name":"Trygg Trafikk - Fylkeskontorer","description":"","potentialAction":[{"@type":"SearchAction","target":{"@type":"EntryPoint","urlTemplate":"https:\/\/www.tryggtrafikk.no\/fylkeskontorer\/?s={search_term_string}"},"query-input":{"@type":"PropertyValueSpecification","valueRequired":true,"valueName":"search_term_string"}}],"inLanguage":"nb-NO"}]}},"_links":{"self":[{"href":"https:\/\/www.tryggtrafikk.no\/fylkeskontorer\/wp-json\/wp\/v2\/pages\/205","targetHints":{"allow":["GET"]}}],"collection":[{"href":"https:\/\/www.tryggtrafikk.no\/fylkeskontorer\/wp-json\/wp\/v2\/pages"}],"about":[{"href":"https:\/\/www.tryggtrafikk.no\/fylkeskontorer\/wp-json\/wp\/v2\/types\/page"}],"author":[{"embeddable":true,"href":"https:\/\/www.tryggtrafikk.no\/fylkeskontorer\/wp-json\/wp\/v2\/users\/6"}],"replies":[{"embeddable":true,"href":"https:\/\/www.tryggtrafikk.no\/fylkeskontorer\/wp-json\/wp\/v2\/comments?post=205"}],"version-history":[{"count":4,"href":"https:\/\/www.tryggtrafikk.no\/fylkeskontorer\/wp-json\/wp\/v2\/pages\/205\/revisions"}],"predecessor-version":[{"id":1180,"href":"https:\/\/www.tryggtrafikk.no\/fylkeskontorer\/wp-json\/wp\/v2\/pages\/205\/revisions\/1180"}],"wp:featuredmedia":[{"embeddable":true,"href":"https:\/\/www.tryggtrafikk.no\/fylkeskontorer\/wp-json\/wp\/v2\/media\/207"}],"wp:attachment":[{"href":"https:\/\/www.tryggtrafikk.no\/fylkeskontorer\/wp-json\/wp\/v2\/media?parent=205"}],"wp:term":[{"taxonomy":"cs_tag","embeddable":true,"href":"https:\/\/www.tryggtrafikk.no\/fylkeskontorer\/wp-json\/wp\/v2\/cs_tag?post=205"}],"curies":[{"name":"wp","href":"https:\/\/api.w.org\/{rel}","templated":true}]}}