{"id":21,"date":"2024-01-17T12:20:13","date_gmt":"2024-01-17T12:20:13","guid":{"rendered":"https:\/\/www.tryggtrafikk.no\/fylkeskontorer\/?page_id=21"},"modified":"2024-11-11T07:51:15","modified_gmt":"2024-11-11T07:51:15","slug":"trygg-trafikk-more-og-romsdal","status":"publish","type":"page","link":"https:\/\/www.tryggtrafikk.no\/fylkeskontorer\/trygg-trafikk-more-og-romsdal\/","title":{"rendered":"Trygg Trafikk M\u00f8re og Romsdal"},"content":{"rendered":"\n\t\t<div class=\"alignfull wp-block-tryggtrafikk-hero has-background has-hero-secondary-50-background-color\" id=\"wp-block-tryggtrafikk-hero\">\n\t\t\t<div class=\"tryggtrafikk-hero__container\">\n\t\t\t\t<div class=\"tryggtrafikk-hero__image\"><img loading=\"lazy\" width=\"768\" height=\"576\" src=\"https:\/\/www.tryggtrafikk.no\/content\/uploads\/sites\/9\/2024\/03\/bea-fladstad-lnBmk8PZAes-unsplash-768x576.jpg\" class=\"attachment-medium_large size-medium_large\" alt=\"Atlanterhavsvegen i M\u00f8re og Romsdal.\" style=\"--focalpoint: 50% 50%;\" srcset=\"https:\/\/www.tryggtrafikk.no\/content\/uploads\/sites\/9\/2024\/03\/bea-fladstad-lnBmk8PZAes-unsplash-768x576.jpg 768w, https:\/\/www.tryggtrafikk.no\/content\/uploads\/sites\/9\/2024\/03\/bea-fladstad-lnBmk8PZAes-unsplash-300x225.jpg 300w, https:\/\/www.tryggtrafikk.no\/content\/uploads\/sites\/9\/2024\/03\/bea-fladstad-lnBmk8PZAes-unsplash-1024x768.jpg 1024w, https:\/\/www.tryggtrafikk.no\/content\/uploads\/sites\/9\/2024\/03\/bea-fladstad-lnBmk8PZAes-unsplash-1536x1152.jpg 1536w, https:\/\/www.tryggtrafikk.no\/content\/uploads\/sites\/9\/2024\/03\/bea-fladstad-lnBmk8PZAes-unsplash-2048x1536.jpg 2048w, https:\/\/www.tryggtrafikk.no\/content\/uploads\/sites\/9\/2024\/03\/bea-fladstad-lnBmk8PZAes-unsplash-752x564.jpg 752w\" sizes=\"auto, (max-width: 768px) 100vw, 768px\" \/><\/div>\n\t\t\t\t<div class=\"tryggtrafikk-hero__content-container\">\n\t\t\t\t\t<div class=\"site-breadcrumbs\"><span><span><a href=\"https:\/\/www.tryggtrafikk.no\/fylkeskontorer\/\">Home<\/a><\/span><\/span><\/div>\n\t\t\t\t\t<h1 class=\"tryggtrafikk-hero__title\">Trygg Trafikk M\u00f8re og Romsdal<\/h1>\n\t\t\t\t\t<div class=\"tryggtrafikk-hero__content\">\n\t\t\t\t\t\t\n<div class=\"has-text-align-left wp-block-post-excerpt\"><p class=\"wp-block-post-excerpt__excerpt\">Trygg Trafikk M\u00f8re og Romsdal arbeider for at alle i fylket skal kunne ferdes trygt i trafikken, og at flere skal ta gode valg. <\/p><\/div>\n\n\t\t\t\t\t<\/div>\n\t\t\t\t<\/div>\n\t\t\t<\/div>\n\t\t<\/div>\n\t\t\n\n\n<div class=\"wp-block-columns alignwide is-layout-flex wp-container-core-columns-is-layout-1 wp-block-columns-is-layout-flex\">\n<div class=\"wp-block-column is-layout-flow wp-block-column-is-layout-flow\">\n<p>Trygg Trafikk n\u00e5r ut i hele landet gjennom distriktskontorene. I M\u00f8re og Romsdal har Trygg Trafikk to ansatte, regionleder Per Gjerde og prosjektmedarbeider Harald Torseth. Vi jobber med trafikksikkerhetsarbeidet i M\u00f8re og Romsdal etter Trygg Trafikks rolle og planverk og handlingsplanen til Regional transportplan i M\u00f8re og Romsdal.<\/p>\n<\/div>\n\n\n\n<div class=\"wp-block-column is-layout-flow wp-block-column-is-layout-flow\">\n<p>Trygg Trafikk M\u00f8re og Romsdal samarbeider n\u00e6rt med: M\u00f8re og Romsdal fylkeskommune, samferdselsavdelingen, politiet, Utrykningspolitiet, skoler, barnehager, kommunene, Statens vegvesen og flere andre akt\u00f8rer.<\/p>\n\n\n\n<p><strong>Bes\u00f8ksadresse: <\/strong>Julsundvegen 9, Molde<br><strong>Postadresse:<\/strong> Fylkeshuset, 6404 Molde<\/p>\n<\/div>\n<\/div>\n\n\n\n<div class=\"wp-block-columns alignwide is-layout-flex wp-container-core-columns-is-layout-2 wp-block-columns-is-layout-flex\">\n<div class=\"wp-block-column is-layout-flow wp-block-column-is-layout-flow\"><!-- algolia-ignore --><div class=\"t2-featured-single-post t2-featured-content is-post-type-person role-regionleder-more-og-romsdal wp-block-t2-featured-single-post\"><figure style=\"--t2-focal-point: 50% 50%;\" class=\"t2-post-featured-image has-image-ratio-4-3 wp-block-t2-post-featured-image\"><img loading=\"lazy\" width=\"752\" height=\"564\" src=\"https:\/\/www.tryggtrafikk.no\/content\/uploads\/sites\/9\/2024\/03\/Per_Gjerde_TRY_01474_Foto_Morten_Brakestad-752x564.jpg\" class=\"attachment-archive_card size-archive_card wp-post-image\" alt=\"\" \/><\/figure>\n\n<div class=\"wp-block-group alignfull is-layout-flow wp-block-group-is-layout-flow\">\n\t<h3 class=\"t2-post-title wp-block-t2-post-title\">Per Gjerde<\/h3>\n\t<div class=\"taxonomy-role wp-block-post-terms\">regionleder M\u00f8re og Romsdal<\/div>\n\t<div class=\"card-info wp-block-t2-people-meta\"><div class=\"card-info__post-meta meta-key-people_email\"><svg xmlns=\"http:\/\/www.w3.org\/2000\/svg\" viewBox=\"0 0 24 24\" height=\"24\" width=\"24\" class=\"t2-icon t2-icon-email people_email\" aria-hidden=\"true\" focusable=\"false\"><path d=\"M4.0641 19.5C3.6343 19.5 3.26617 19.3467 2.9597 19.0402C2.65323 18.7338 2.5 18.3656 2.5 17.9358V6.0641C2.5 5.6343 2.65323 5.26617 2.9597 4.9597C3.26617 4.65323 3.6343 4.5 4.0641 4.5H19.9359C20.3657 4.5 20.7338 4.65323 21.0403 4.9597C21.3467 5.26617 21.5 5.6343 21.5 6.0641V17.9358C21.5 18.3656 21.3467 18.7338 21.0403 19.0402C20.7338 19.3467 20.3657 19.5 19.9359 19.5H4.0641ZM12 12.2871L3.75638 6.89095V17.9358C3.75638 18.0256 3.78523 18.0993 3.84293 18.157C3.90063 18.2147 3.97435 18.2436 4.0641 18.2436H19.9359C20.0256 18.2436 20.0993 18.2147 20.157 18.157C20.2147 18.0993 20.2436 18.0256 20.2436 17.9358V6.89095L12 12.2871ZM12 10.973L20.0423 5.75638H3.97435L12 10.973ZM3.75638 6.89095V5.75638V17.9358C3.75638 18.0256 3.78523 18.0993 3.84293 18.157C3.90063 18.2147 3.97435 18.2436 4.0641 18.2436H3.75638V6.89095Z\" fill=\"#3C3D43\"><\/path><\/svg><a href=\"mailto:gjerde@tryggtrafikk.no\">gjerde@tryggtrafikk.no<\/a><\/div><div class=\"card-info__post-meta meta-key-people_phone\"><svg xmlns=\"http:\/\/www.w3.org\/2000\/svg\" viewBox=\"0 0 24 24\" height=\"24\" width=\"24\" class=\"t2-icon t2-icon-phone people_phone\" aria-hidden=\"true\" focusable=\"false\"><path d=\"M19.3933 20.4422C17.5049 20.4422 15.615 19.97 13.7238 19.0256C11.8326 18.0811 10.1317 16.8548 8.62127 15.3464C7.1108 13.8381 5.88281 12.1399 4.93729 10.2519C3.99179 8.36387 3.51904 6.47563 3.51904 4.5872C3.51904 4.27657 3.62258 4.01771 3.82967 3.81062C4.03675 3.60354 4.2956 3.5 4.60622 3.5H7.59719C7.85351 3.5 8.07709 3.58152 8.26794 3.74457C8.45881 3.90761 8.58074 4.12438 8.63372 4.3949L9.22347 7.16792C9.26322 7.41407 9.25799 7.63779 9.20777 7.83908C9.15755 8.04036 9.05695 8.21008 8.90597 8.34825L6.56769 10.6346C7.47028 12.1448 8.49315 13.4658 9.63632 14.5974C10.7795 15.729 12.0895 16.7064 13.5664 17.5295L15.8177 15.209C15.9831 15.0325 16.1719 14.9089 16.3841 14.8381C16.5963 14.7674 16.8156 14.7553 17.0421 14.8019L19.5856 15.3468C19.8528 15.4031 20.0687 15.5305 20.2334 15.7291C20.3981 15.9276 20.4805 16.165 20.4805 16.441V19.3551C20.4805 19.6657 20.377 19.9245 20.1699 20.1316C19.9628 20.3387 19.7039 20.4422 19.3933 20.4422ZM5.94337 9.47565L7.91389 7.5718C7.94166 7.54615 7.96035 7.51088 7.96997 7.466C7.97959 7.42113 7.98013 7.37947 7.97159 7.341L7.46262 4.91025C7.45407 4.85895 7.43269 4.82048 7.39849 4.79485C7.36431 4.7692 7.32158 4.75638 7.27029 4.75638H4.91517C4.8767 4.75638 4.84464 4.7692 4.81899 4.79485C4.79336 4.82048 4.78054 4.85253 4.78054 4.891C4.78908 5.55638 4.89196 6.26921 5.08919 7.02947C5.28641 7.78974 5.57114 8.60513 5.94337 9.47565ZM14.7433 18.1179C15.4198 18.4448 16.149 18.6979 16.9308 18.8772C17.7127 19.0565 18.4322 19.1581 19.0895 19.182C19.128 19.182 19.16 19.1692 19.1857 19.1435C19.2113 19.1179 19.2241 19.0859 19.2241 19.0474V16.7102C19.2241 16.6589 19.2113 16.6162 19.1857 16.582C19.16 16.5478 19.1216 16.5265 19.0703 16.5179L16.8587 16.064C16.8203 16.0555 16.7866 16.0561 16.7578 16.0657C16.7289 16.0753 16.6985 16.094 16.6664 16.1217L14.7433 18.1179Z\" fill=\"#3C3D43\"><\/path><\/svg><a href=\"tel:982 33 123\">982 33 123<\/a><\/div><div class=\"card-info__post-meta meta-key-people_file\"><a href=\"https:\/\/www.tryggtrafikk.no\/content\/uploads\/sites\/9\/2024\/03\/Per_Gjerde_TRY_01474_Foto_Morten_Brakestad-scaled.jpg\" target=\"_blank\">Last ned pressebilder<\/a><\/div><\/div>\n<\/div>\n\n<\/div><!-- \/algolia-ignore --><\/div>\n\n\n\n<div class=\"wp-block-column is-layout-flow wp-block-column-is-layout-flow\"><!-- algolia-ignore --><div class=\"t2-featured-single-post t2-featured-content is-post-type-person role-radgiver-more-og-romsdal wp-block-t2-featured-single-post\"><figure style=\"--t2-focal-point: 50% 50%;\" class=\"t2-post-featured-image has-image-ratio-4-3 wp-block-t2-post-featured-image\"><img loading=\"lazy\" width=\"752\" height=\"564\" src=\"https:\/\/www.tryggtrafikk.no\/content\/uploads\/sites\/9\/2024\/03\/IMG_5562-752x564.jpg\" class=\"attachment-archive_card size-archive_card wp-post-image\" alt=\"\" \/><\/figure>\n\n<div class=\"wp-block-group alignfull is-layout-flow wp-block-group-is-layout-flow\">\n\t<h3 class=\"t2-post-title wp-block-t2-post-title\">Harald Torseth<\/h3>\n\t<div class=\"taxonomy-role wp-block-post-terms\">r\u00e5dgiver M\u00f8re og Romsdal<\/div>\n\t<div class=\"card-info wp-block-t2-people-meta\"><div class=\"card-info__post-meta meta-key-people_email\"><svg xmlns=\"http:\/\/www.w3.org\/2000\/svg\" viewBox=\"0 0 24 24\" height=\"24\" width=\"24\" class=\"t2-icon t2-icon-email people_email\" aria-hidden=\"true\" focusable=\"false\"><path d=\"M4.0641 19.5C3.6343 19.5 3.26617 19.3467 2.9597 19.0402C2.65323 18.7338 2.5 18.3656 2.5 17.9358V6.0641C2.5 5.6343 2.65323 5.26617 2.9597 4.9597C3.26617 4.65323 3.6343 4.5 4.0641 4.5H19.9359C20.3657 4.5 20.7338 4.65323 21.0403 4.9597C21.3467 5.26617 21.5 5.6343 21.5 6.0641V17.9358C21.5 18.3656 21.3467 18.7338 21.0403 19.0402C20.7338 19.3467 20.3657 19.5 19.9359 19.5H4.0641ZM12 12.2871L3.75638 6.89095V17.9358C3.75638 18.0256 3.78523 18.0993 3.84293 18.157C3.90063 18.2147 3.97435 18.2436 4.0641 18.2436H19.9359C20.0256 18.2436 20.0993 18.2147 20.157 18.157C20.2147 18.0993 20.2436 18.0256 20.2436 17.9358V6.89095L12 12.2871ZM12 10.973L20.0423 5.75638H3.97435L12 10.973ZM3.75638 6.89095V5.75638V17.9358C3.75638 18.0256 3.78523 18.0993 3.84293 18.157C3.90063 18.2147 3.97435 18.2436 4.0641 18.2436H3.75638V6.89095Z\" fill=\"#3C3D43\"><\/path><\/svg><a href=\"mailto:torseth@tryggtrafikk.no\">torseth@tryggtrafikk.no<\/a><\/div><div class=\"card-info__post-meta meta-key-people_phone\"><svg xmlns=\"http:\/\/www.w3.org\/2000\/svg\" viewBox=\"0 0 24 24\" height=\"24\" width=\"24\" class=\"t2-icon t2-icon-phone people_phone\" aria-hidden=\"true\" focusable=\"false\"><path d=\"M19.3933 20.4422C17.5049 20.4422 15.615 19.97 13.7238 19.0256C11.8326 18.0811 10.1317 16.8548 8.62127 15.3464C7.1108 13.8381 5.88281 12.1399 4.93729 10.2519C3.99179 8.36387 3.51904 6.47563 3.51904 4.5872C3.51904 4.27657 3.62258 4.01771 3.82967 3.81062C4.03675 3.60354 4.2956 3.5 4.60622 3.5H7.59719C7.85351 3.5 8.07709 3.58152 8.26794 3.74457C8.45881 3.90761 8.58074 4.12438 8.63372 4.3949L9.22347 7.16792C9.26322 7.41407 9.25799 7.63779 9.20777 7.83908C9.15755 8.04036 9.05695 8.21008 8.90597 8.34825L6.56769 10.6346C7.47028 12.1448 8.49315 13.4658 9.63632 14.5974C10.7795 15.729 12.0895 16.7064 13.5664 17.5295L15.8177 15.209C15.9831 15.0325 16.1719 14.9089 16.3841 14.8381C16.5963 14.7674 16.8156 14.7553 17.0421 14.8019L19.5856 15.3468C19.8528 15.4031 20.0687 15.5305 20.2334 15.7291C20.3981 15.9276 20.4805 16.165 20.4805 16.441V19.3551C20.4805 19.6657 20.377 19.9245 20.1699 20.1316C19.9628 20.3387 19.7039 20.4422 19.3933 20.4422ZM5.94337 9.47565L7.91389 7.5718C7.94166 7.54615 7.96035 7.51088 7.96997 7.466C7.97959 7.42113 7.98013 7.37947 7.97159 7.341L7.46262 4.91025C7.45407 4.85895 7.43269 4.82048 7.39849 4.79485C7.36431 4.7692 7.32158 4.75638 7.27029 4.75638H4.91517C4.8767 4.75638 4.84464 4.7692 4.81899 4.79485C4.79336 4.82048 4.78054 4.85253 4.78054 4.891C4.78908 5.55638 4.89196 6.26921 5.08919 7.02947C5.28641 7.78974 5.57114 8.60513 5.94337 9.47565ZM14.7433 18.1179C15.4198 18.4448 16.149 18.6979 16.9308 18.8772C17.7127 19.0565 18.4322 19.1581 19.0895 19.182C19.128 19.182 19.16 19.1692 19.1857 19.1435C19.2113 19.1179 19.2241 19.0859 19.2241 19.0474V16.7102C19.2241 16.6589 19.2113 16.6162 19.1857 16.582C19.16 16.5478 19.1216 16.5265 19.0703 16.5179L16.8587 16.064C16.8203 16.0555 16.7866 16.0561 16.7578 16.0657C16.7289 16.0753 16.6985 16.094 16.6664 16.1217L14.7433 18.1179Z\" fill=\"#3C3D43\"><\/path><\/svg><a href=\"tel:916 76 400\">916 76 400<\/a><\/div><div class=\"card-info__post-meta meta-key-people_file\"><a href=\"https:\/\/www.tryggtrafikk.no\/content\/uploads\/sites\/9\/2024\/03\/IMG_5562-scaled.jpg\" target=\"_blank\">Last ned pressebilder<\/a><\/div><\/div>\n<\/div>\n\n<\/div><!-- \/algolia-ignore --><\/div>\n<\/div>\n\n\n\n\t\t<div class=\"t2-simple-media-text alignwide is-mode-constrained is-gap-center has-media-on-the-right wp-block-t2-simple-media-text has-background has-smt-additional-lime-background-color\">\n\t\t\t<div class=\"t2-simple-media-text__container\">\n\t\t\t\t<figure class=\"t2-simple-media-text__image\"><img loading=\"lazy\" width=\"768\" height=\"576\" src=\"https:\/\/www.tryggtrafikk.no\/content\/uploads\/sites\/9\/2024\/11\/IMG_3206-768x576.jpeg\" class=\"wp-image-829 size-medium_large attachment-medium_large\" alt=\"Politimann holder presentasjon p\u00e5 konferanse i M\u00f8re og Romsdal.\" style=\"--focalpoint: 44% 59%;\" srcset=\"https:\/\/www.tryggtrafikk.no\/content\/uploads\/sites\/9\/2024\/11\/IMG_3206-768x576.jpeg 768w, https:\/\/www.tryggtrafikk.no\/content\/uploads\/sites\/9\/2024\/11\/IMG_3206-300x225.jpeg 300w, https:\/\/www.tryggtrafikk.no\/content\/uploads\/sites\/9\/2024\/11\/IMG_3206-1024x768.jpeg 1024w, https:\/\/www.tryggtrafikk.no\/content\/uploads\/sites\/9\/2024\/11\/IMG_3206-1536x1152.jpeg 1536w, https:\/\/www.tryggtrafikk.no\/content\/uploads\/sites\/9\/2024\/11\/IMG_3206-2048x1536.jpeg 2048w, https:\/\/www.tryggtrafikk.no\/content\/uploads\/sites\/9\/2024\/11\/IMG_3206-752x564.jpeg 752w\" sizes=\"auto, (max-width: 768px) 100vw, 768px\" \/><\/figure>\n\t\t\t\t<div class=\"t2-simple-media-text__content-container\">\n\t\t\t\t\t<div class=\"t2-simple-media-text__content\">\n\t\t\t\t\t\t<div class=\"t2-simple-media-text__content-inner is-layout-flow\">\n\t\t\t\t\t\t\t\n\n<h2 class=\"wp-block-heading\" id=\"h-trafikksikkerhetskonferansen-i-more-og-romsdal-2024\"><a href=\"https:\/\/www.tryggtrafikk.no\/fylkeskontorer\/trygg-trafikk-more-og-romsdal\/trafikksikkerhets-konferansen-i-more-og-romsdal-2024\/\">Trafikksikkerhetskonferansen i M\u00f8re og Romsdal 2024<\/a><\/h2>\n\n\n\n<p>Tema for konferansen var Bred og samlet innsats for \u00e5 forebygge og redusere trafikkulykker. Oppsummering og presentasjoner finnes tilgjengelig her. <\/p>\n\n\n\n<p><\/p>\n\n\n\t\t\t\t\t\t<\/div>\n\t\t\t\t\t<\/div>\n\t\t\t\t<\/div>\n\t\t\t<\/div>\n\t\t<\/div>\n\t\t\n\n\n\t\t<div class=\"t2-simple-media-text alignwide is-mode-constrained is-gap-center wp-block-t2-simple-media-text has-background has-smt-additional-green-background-color\">\n\t\t\t<div class=\"t2-simple-media-text__container\">\n\t\t\t\t<figure class=\"t2-simple-media-text__image\"><img loading=\"lazy\" width=\"768\" height=\"418\" src=\"https:\/\/www.tryggtrafikk.no\/content\/uploads\/sites\/9\/2024\/03\/06-Intro-til-underside_samferdselsutvalet-768x418.jpg\" class=\"wp-image-241 size-medium_large attachment-medium_large\" alt=\"\" style=\"--focalpoint: 50% 50%;\" srcset=\"https:\/\/www.tryggtrafikk.no\/content\/uploads\/sites\/9\/2024\/03\/06-Intro-til-underside_samferdselsutvalet-768x418.jpg 768w, https:\/\/www.tryggtrafikk.no\/content\/uploads\/sites\/9\/2024\/03\/06-Intro-til-underside_samferdselsutvalet-300x163.jpg 300w, https:\/\/www.tryggtrafikk.no\/content\/uploads\/sites\/9\/2024\/03\/06-Intro-til-underside_samferdselsutvalet.jpg 900w\" sizes=\"auto, (max-width: 768px) 100vw, 768px\" \/><\/figure>\n\t\t\t\t<div class=\"t2-simple-media-text__content-container\">\n\t\t\t\t\t<div class=\"t2-simple-media-text__content\">\n\t\t\t\t\t\t<div class=\"t2-simple-media-text__content-inner is-layout-flow\">\n\t\t\t\t\t\t\t\n\n<h2 class=\"wp-block-heading\" id=\"h-samarbeid-med-trygg-trafikk-for-a-halvere-talet-pa-drepne-og-hardt-skadde\"><a href=\"https:\/\/mrfylke.no\/nyheiter\/samarbeid-med-trygg-trafikk-for-aa-halvere-talet-paa-drepne-og-hardt-skadde\" target=\"_blank\" rel=\"noreferrer noopener\">Samarbeid med Trygg trafikk for \u00e5 halvere talet p\u00e5 drepne og hardt skadde<\/a><\/h2>\n\n\n\n<p>Samferdselsutvalet i M\u00f8re og Romsdal fylkeskommune har vedteke at \u00e5rets budsjett p\u00e5 to mill. kr til haldningsskapande trafikktryggingsarbeid skal g\u00e5 til samarbeidsprosjekt med Trygg trafikk.<\/p>\n\n\n\t\t\t\t\t\t<\/div>\n\t\t\t\t\t<\/div>\n\t\t\t\t<\/div>\n\t\t\t<\/div>\n\t\t<\/div>\n\t\t\n\n\n\t\t<div class=\"t2-simple-media-text alignwide is-mode-constrained is-gap-center has-media-on-the-right wp-block-t2-simple-media-text has-background has-smt-additional-purple-background-color\">\n\t\t\t<div class=\"t2-simple-media-text__container\">\n\t\t\t\t<figure class=\"t2-simple-media-text__image\"><img loading=\"lazy\" width=\"768\" height=\"607\" src=\"https:\/\/www.tryggtrafikk.no\/content\/uploads\/sites\/9\/2024\/03\/Ungdom-i-trafikken1-1-e1597829025591-768x607.jpg\" class=\"wp-image-127 size-medium_large attachment-medium_large\" alt=\"Jente som st\u00e5r foran en rekke bilder. Hun st\u00e5r og prater med en annen jente, men har andre jevnaldrende gutter og jenter i bakgrunnen.\" style=\"--focalpoint: 50% 50%;\" srcset=\"https:\/\/www.tryggtrafikk.no\/content\/uploads\/sites\/9\/2024\/03\/Ungdom-i-trafikken1-1-e1597829025591-768x607.jpg 768w, https:\/\/www.tryggtrafikk.no\/content\/uploads\/sites\/9\/2024\/03\/Ungdom-i-trafikken1-1-e1597829025591-300x237.jpg 300w, https:\/\/www.tryggtrafikk.no\/content\/uploads\/sites\/9\/2024\/03\/Ungdom-i-trafikken1-1-e1597829025591-1024x810.jpg 1024w, https:\/\/www.tryggtrafikk.no\/content\/uploads\/sites\/9\/2024\/03\/Ungdom-i-trafikken1-1-e1597829025591-1536x1215.jpg 1536w, https:\/\/www.tryggtrafikk.no\/content\/uploads\/sites\/9\/2024\/03\/Ungdom-i-trafikken1-1-e1597829025591.jpg 1745w\" sizes=\"auto, (max-width: 768px) 100vw, 768px\" \/><\/figure>\n\t\t\t\t<div class=\"t2-simple-media-text__content-container\">\n\t\t\t\t\t<div class=\"t2-simple-media-text__content\">\n\t\t\t\t\t\t<div class=\"t2-simple-media-text__content-inner is-layout-flow\">\n\t\t\t\t\t\t\t\n\n<h2 class=\"wp-block-heading\" id=\"h-valgfaget-trafikk\"><a href=\"https:\/\/www.tryggtrafikk.no\/ung\/ung\/valgfaget-trafikk\/\" target=\"_blank\" rel=\"noreferrer noopener\">Valgfaget trafikk<\/a><\/h2>\n\n\n\n<p>Valgfagene skal bidra til at elevene, hver for seg og i fellesskap, styrker lysten til \u00e5 l\u00e6re og opplever mestring gjennom praktisk og variert arbeid. Valgfagene er tverrfaglige og skal bidra til helhet og sammenheng i oppl\u00e6ringen.<\/p>\n\n\n\t\t\t\t\t\t<\/div>\n\t\t\t\t\t<\/div>\n\t\t\t\t<\/div>\n\t\t\t<\/div>\n\t\t<\/div>\n\t\t\n\n\n\t\t<div class=\"t2-simple-media-text alignwide is-mode-constrained is-gap-center wp-block-t2-simple-media-text has-background has-smt-additional-pink-background-color\">\n\t\t\t<div class=\"t2-simple-media-text__container\">\n\t\t\t\t<figure class=\"t2-simple-media-text__image\" aria-labelledby=\"t2-simple-media-text\"><img loading=\"lazy\" width=\"768\" height=\"512\" src=\"https:\/\/www.tryggtrafikk.no\/content\/uploads\/sites\/9\/2024\/03\/COLOURBOX61564549_lav-768x512.jpg\" class=\"wp-image-124 size-medium_large attachment-medium_large\" alt=\"To jenter som sitter tett i tett og holder rundt hverandre.\" style=\"--focalpoint: 50% 50%;\" srcset=\"https:\/\/www.tryggtrafikk.no\/content\/uploads\/sites\/9\/2024\/03\/COLOURBOX61564549_lav-768x512.jpg 768w, https:\/\/www.tryggtrafikk.no\/content\/uploads\/sites\/9\/2024\/03\/COLOURBOX61564549_lav-300x200.jpg 300w, https:\/\/www.tryggtrafikk.no\/content\/uploads\/sites\/9\/2024\/03\/COLOURBOX61564549_lav-1024x683.jpg 1024w, https:\/\/www.tryggtrafikk.no\/content\/uploads\/sites\/9\/2024\/03\/COLOURBOX61564549_lav-1536x1024.jpg 1536w, https:\/\/www.tryggtrafikk.no\/content\/uploads\/sites\/9\/2024\/03\/COLOURBOX61564549_lav-2048x1366.jpg 2048w\" sizes=\"auto, (max-width: 768px) 100vw, 768px\" \/><figcaption id=\"t2-simple-media-text\" class=\"wp-element-caption screen-reader-text\">Gen Z friends sitting together outdoors in the city, comforting each other and helping with a problem. Anxiety and sadness of a young zoomer girl. Concept of power of friendship.<\/figcaption><\/figure>\n\t\t\t\t<div class=\"t2-simple-media-text__content-container\">\n\t\t\t\t\t<div class=\"t2-simple-media-text__content\">\n\t\t\t\t\t\t<div class=\"t2-simple-media-text__content-inner is-layout-flow\">\n\t\t\t\t\t\t\t\n\n<h2 class=\"wp-block-heading\" id=\"h-ung\"><a href=\"https:\/\/www.tryggtrafikk.no\/ung\/\" target=\"_blank\" rel=\"noreferrer noopener\">UNG<\/a><\/h2>\n\n\n\n<p>UNG er Trygg Trafikks helt egne opplegg til ungdommen.&nbsp;Sammen utforsker vi veiene mot en tryggere fremtid for alle gjennom l\u00e6ring og l\u00e6ring om trafikksikkerhet. Steg for steg, l\u00e6rer vi hvordan hver enkelt av oss kan ta valg og bidra til et sikrere samfunn. La oss kj\u00f8re i gang \u2013 for sikkerhetens skyld!&nbsp;<\/p>\n\n\n\t\t\t\t\t\t<\/div>\n\t\t\t\t\t<\/div>\n\t\t\t\t<\/div>\n\t\t\t<\/div>\n\t\t<\/div>\n\t\t\n\n\n\t\t<div class=\"t2-simple-media-text alignwide is-mode-constrained is-gap-center has-media-on-the-right wp-block-t2-simple-media-text has-background has-smt-additional-green-background-color\">\n\t\t\t<div class=\"t2-simple-media-text__container\">\n\t\t\t\t<figure class=\"t2-simple-media-text__image\"><img loading=\"lazy\" width=\"768\" height=\"636\" src=\"https:\/\/www.tryggtrafikk.no\/content\/uploads\/sites\/9\/2024\/03\/barnas-trafikklubb-logo_web-768x636.png\" class=\"wp-image-130 size-medium_large attachment-medium_large\" alt=\"Logoen til Barnas trafikklubb der maskoten som ser ut som et trafikklys er i midten.\" style=\"--focalpoint: 50% 50%;\" srcset=\"https:\/\/www.tryggtrafikk.no\/content\/uploads\/sites\/9\/2024\/03\/barnas-trafikklubb-logo_web-768x636.png 768w, https:\/\/www.tryggtrafikk.no\/content\/uploads\/sites\/9\/2024\/03\/barnas-trafikklubb-logo_web-300x248.png 300w, https:\/\/www.tryggtrafikk.no\/content\/uploads\/sites\/9\/2024\/03\/barnas-trafikklubb-logo_web-1024x847.png 1024w, https:\/\/www.tryggtrafikk.no\/content\/uploads\/sites\/9\/2024\/03\/barnas-trafikklubb-logo_web-1536x1271.png 1536w, https:\/\/www.tryggtrafikk.no\/content\/uploads\/sites\/9\/2024\/03\/barnas-trafikklubb-logo_web-2048x1695.png 2048w\" sizes=\"auto, (max-width: 768px) 100vw, 768px\" \/><\/figure>\n\t\t\t\t<div class=\"t2-simple-media-text__content-container\">\n\t\t\t\t\t<div class=\"t2-simple-media-text__content\">\n\t\t\t\t\t\t<div class=\"t2-simple-media-text__content-inner is-layout-flow\">\n\t\t\t\t\t\t\t\n\n<h2 class=\"wp-block-heading\" id=\"h-barnas-trafikklubb\"><a href=\"https:\/\/www.barnastrafikklubb.no\/\" target=\"_blank\" rel=\"noreferrer noopener\">Barnas trafikklubb!<\/a><\/h2>\n\n\n\n<p>Klubben er gratis og har lett tilgjengelig pedagogisk innhold om trafikksikkerhet. Du finner filmserier, \u00f8veoppgaver og forslag til praktiske aktiviteter. Innholdet v\u00e5rt kan enkelt integreres i arbeid med rammeplan, l\u00e6replanverket og i hverdagen generelt.<\/p>\n\n\n\t\t\t\t\t\t<\/div>\n\t\t\t\t\t<\/div>\n\t\t\t\t<\/div>\n\t\t\t<\/div>\n\t\t<\/div>\n\t\t\n\n\n\t\t<div class=\"t2-simple-media-text alignwide is-mode-constrained is-gap-center wp-block-t2-simple-media-text has-background has-smt-secondary-50-background-color\">\n\t\t\t<div class=\"t2-simple-media-text__container\">\n\t\t\t\t<figure class=\"t2-simple-media-text__image\" aria-labelledby=\"t2-simple-media-text-1\"><img loading=\"lazy\" width=\"768\" height=\"512\" src=\"https:\/\/www.tryggtrafikk.no\/content\/uploads\/sites\/9\/2024\/03\/COLOURBOX24849031-scaled-1-768x512.jpg\" class=\"wp-image-246 size-medium_large attachment-medium_large\" alt=\"Bilde av gutt p\u00e5 sykkel med sykkelhjelm. Han smiler og er tett p\u00e5 kameralinsen.\" style=\"--focalpoint: 50% 50%;\" srcset=\"https:\/\/www.tryggtrafikk.no\/content\/uploads\/sites\/9\/2024\/03\/COLOURBOX24849031-scaled-1-768x512.jpg 768w, https:\/\/www.tryggtrafikk.no\/content\/uploads\/sites\/9\/2024\/03\/COLOURBOX24849031-scaled-1-300x200.jpg 300w, https:\/\/www.tryggtrafikk.no\/content\/uploads\/sites\/9\/2024\/03\/COLOURBOX24849031-scaled-1-1024x683.jpg 1024w, https:\/\/www.tryggtrafikk.no\/content\/uploads\/sites\/9\/2024\/03\/COLOURBOX24849031-scaled-1-1536x1024.jpg 1536w, https:\/\/www.tryggtrafikk.no\/content\/uploads\/sites\/9\/2024\/03\/COLOURBOX24849031-scaled-1-2048x1366.jpg 2048w\" sizes=\"auto, (max-width: 768px) 100vw, 768px\" \/><figcaption id=\"t2-simple-media-text-1\" class=\"wp-element-caption screen-reader-text\">Close-up portrait of cute smiling boy in yellow safety helmet riding his bike at sunny day<\/figcaption><\/figure>\n\t\t\t\t<div class=\"t2-simple-media-text__content-container\">\n\t\t\t\t\t<div class=\"t2-simple-media-text__content\">\n\t\t\t\t\t\t<div class=\"t2-simple-media-text__content-inner is-layout-flow\">\n\t\t\t\t\t\t\t\n\n<h2 class=\"wp-block-heading\" id=\"h-sykkeldyktig\"><a href=\"https:\/\/www.sykkeldyktig-old.prod.dekodes.no\/\" target=\"_blank\" rel=\"noreferrer noopener\">Sykkeldyktig<\/a><\/h2>\n\n\n\n<p>Sykkeldyktig.no skal bidra til at alle barn skal f\u00e5 like muligheter til \u00e5 skaffe seg gode ferdigheter p\u00e5 sykkel og grunnleggende kunnskap om trafikksikkerhet. Sykkeldyktig er et verkt\u00f8y for alle l\u00e6rere i grunnskolen. P\u00e5 sykkeldyktig finner du som&nbsp;l\u00e6rer det du trenger for \u00e5 gjennomf\u00f8re trafikk- og sykkeloppl\u00e6ring fra 4. til 7. trinn i grunnskolen.<\/p>\n\n\n\t\t\t\t\t\t<\/div>\n\t\t\t\t\t<\/div>\n\t\t\t\t<\/div>\n\t\t\t<\/div>\n\t\t<\/div>\n\t\t","protected":false},"excerpt":{"rendered":"<p>Trygg Trafikk M\u00f8re og Romsdal arbeider for at alle i fylket skal kunne ferdes trygt i trafikken, og at flere skal ta gode valg.<\/p>\n","protected":false},"author":1,"featured_media":0,"parent":0,"menu_order":0,"comment_status":"closed","ping_status":"closed","template":"","meta":{"show_toc":false,"tryggtrafikk_poll_votes":[],"hide_header_title":false,"alt_breadcrumbs_title":"","footnotes":"","boosted":0},"cs_tag":[],"class_list":["post-21","page","type-page","status-publish","hentry"],"yoast_head":"<!-- This site is optimized with the Yoast SEO Premium plugin v26.1 (Yoast SEO v26.1.1) - https:\/\/yoast.com\/wordpress\/plugins\/seo\/ -->\n<title>Trygg Trafikk M\u00f8re og Romsdal - Trygg Trafikk - Fylkeskontorer<\/title>\n<meta name=\"description\" content=\"Trygg Trafikk M\u00f8re og Romsdal arbeider for at alle i fylket skal kunne ferdes trygt i trafikken, og at flere skal ta gode valg.\" \/>\n<meta name=\"robots\" content=\"index, follow, max-snippet:-1, max-image-preview:large, max-video-preview:-1\" \/>\n<link rel=\"canonical\" href=\"https:\/\/www.tryggtrafikk.no\/fylkeskontorer\/trygg-trafikk-more-og-romsdal\/\" \/>\n<meta property=\"og:locale\" content=\"nb_NO\" \/>\n<meta property=\"og:type\" content=\"article\" \/>\n<meta property=\"og:title\" content=\"Trygg Trafikk M\u00f8re og Romsdal\" \/>\n<meta property=\"og:description\" content=\"Trygg Trafikk M\u00f8re og Romsdal arbeider for at alle i fylket skal kunne ferdes trygt i trafikken, og at flere skal ta gode valg.\" \/>\n<meta property=\"og:url\" content=\"https:\/\/www.tryggtrafikk.no\/fylkeskontorer\/trygg-trafikk-more-og-romsdal\/\" \/>\n<meta property=\"og:site_name\" content=\"Trygg Trafikk - Fylkeskontorer\" \/>\n<meta property=\"article:modified_time\" content=\"2024-11-11T07:51:15+00:00\" \/>\n<meta name=\"twitter:card\" content=\"summary_large_image\" \/>\n<meta name=\"twitter:label1\" content=\"Ansl. lesetid\" \/>\n\t<meta name=\"twitter:data1\" content=\"2 minutter\" \/>\n<script type=\"application\/ld+json\" class=\"yoast-schema-graph\">{\"@context\":\"https:\/\/schema.org\",\"@graph\":[{\"@type\":\"WebPage\",\"@id\":\"https:\/\/www.tryggtrafikk.no\/fylkeskontorer\/trygg-trafikk-more-og-romsdal\/\",\"url\":\"https:\/\/www.tryggtrafikk.no\/fylkeskontorer\/trygg-trafikk-more-og-romsdal\/\",\"name\":\"Trygg Trafikk M\u00f8re og Romsdal - Trygg Trafikk - Fylkeskontorer\",\"isPartOf\":{\"@id\":\"https:\/\/www.tryggtrafikk.no\/fylkeskontorer\/#website\"},\"datePublished\":\"2024-01-17T12:20:13+00:00\",\"dateModified\":\"2024-11-11T07:51:15+00:00\",\"description\":\"Trygg Trafikk M\u00f8re og Romsdal arbeider for at alle i fylket skal kunne ferdes trygt i trafikken, og at flere skal ta gode valg.\",\"breadcrumb\":{\"@id\":\"https:\/\/www.tryggtrafikk.no\/fylkeskontorer\/trygg-trafikk-more-og-romsdal\/#breadcrumb\"},\"inLanguage\":\"nb-NO\",\"potentialAction\":[{\"@type\":\"ReadAction\",\"target\":[\"https:\/\/www.tryggtrafikk.no\/fylkeskontorer\/trygg-trafikk-more-og-romsdal\/\"]}]},{\"@type\":\"BreadcrumbList\",\"@id\":\"https:\/\/www.tryggtrafikk.no\/fylkeskontorer\/trygg-trafikk-more-og-romsdal\/#breadcrumb\",\"itemListElement\":[{\"@type\":\"ListItem\",\"position\":1,\"name\":\"Home\",\"item\":\"https:\/\/www.tryggtrafikk.no\/fylkeskontorer\/\"},{\"@type\":\"ListItem\",\"position\":2,\"name\":\"Trygg Trafikk M\u00f8re og Romsdal\"}]},{\"@type\":\"WebSite\",\"@id\":\"https:\/\/www.tryggtrafikk.no\/fylkeskontorer\/#website\",\"url\":\"https:\/\/www.tryggtrafikk.no\/fylkeskontorer\/\",\"name\":\"Trygg Trafikk - Fylkeskontorer\",\"description\":\"\",\"potentialAction\":[{\"@type\":\"SearchAction\",\"target\":{\"@type\":\"EntryPoint\",\"urlTemplate\":\"https:\/\/www.tryggtrafikk.no\/fylkeskontorer\/?s={search_term_string}\"},\"query-input\":{\"@type\":\"PropertyValueSpecification\",\"valueRequired\":true,\"valueName\":\"search_term_string\"}}],\"inLanguage\":\"nb-NO\"}]}<\/script>\n<!-- \/ Yoast SEO Premium plugin. -->","yoast_head_json":{"title":"Trygg Trafikk M\u00f8re og Romsdal - Trygg Trafikk - Fylkeskontorer","description":"Trygg Trafikk M\u00f8re og Romsdal arbeider for at alle i fylket skal kunne ferdes trygt i trafikken, og at flere skal ta gode valg.","robots":{"index":"index","follow":"follow","max-snippet":"max-snippet:-1","max-image-preview":"max-image-preview:large","max-video-preview":"max-video-preview:-1"},"canonical":"https:\/\/www.tryggtrafikk.no\/fylkeskontorer\/trygg-trafikk-more-og-romsdal\/","og_locale":"nb_NO","og_type":"article","og_title":"Trygg Trafikk M\u00f8re og Romsdal","og_description":"Trygg Trafikk M\u00f8re og Romsdal arbeider for at alle i fylket skal kunne ferdes trygt i trafikken, og at flere skal ta gode valg.","og_url":"https:\/\/www.tryggtrafikk.no\/fylkeskontorer\/trygg-trafikk-more-og-romsdal\/","og_site_name":"Trygg Trafikk - Fylkeskontorer","article_modified_time":"2024-11-11T07:51:15+00:00","twitter_card":"summary_large_image","twitter_misc":{"Ansl. lesetid":"2 minutter"},"schema":{"@context":"https:\/\/schema.org","@graph":[{"@type":"WebPage","@id":"https:\/\/www.tryggtrafikk.no\/fylkeskontorer\/trygg-trafikk-more-og-romsdal\/","url":"https:\/\/www.tryggtrafikk.no\/fylkeskontorer\/trygg-trafikk-more-og-romsdal\/","name":"Trygg Trafikk M\u00f8re og Romsdal - Trygg Trafikk - Fylkeskontorer","isPartOf":{"@id":"https:\/\/www.tryggtrafikk.no\/fylkeskontorer\/#website"},"datePublished":"2024-01-17T12:20:13+00:00","dateModified":"2024-11-11T07:51:15+00:00","description":"Trygg Trafikk M\u00f8re og Romsdal arbeider for at alle i fylket skal kunne ferdes trygt i trafikken, og at flere skal ta gode valg.","breadcrumb":{"@id":"https:\/\/www.tryggtrafikk.no\/fylkeskontorer\/trygg-trafikk-more-og-romsdal\/#breadcrumb"},"inLanguage":"nb-NO","potentialAction":[{"@type":"ReadAction","target":["https:\/\/www.tryggtrafikk.no\/fylkeskontorer\/trygg-trafikk-more-og-romsdal\/"]}]},{"@type":"BreadcrumbList","@id":"https:\/\/www.tryggtrafikk.no\/fylkeskontorer\/trygg-trafikk-more-og-romsdal\/#breadcrumb","itemListElement":[{"@type":"ListItem","position":1,"name":"Home","item":"https:\/\/www.tryggtrafikk.no\/fylkeskontorer\/"},{"@type":"ListItem","position":2,"name":"Trygg Trafikk M\u00f8re og Romsdal"}]},{"@type":"WebSite","@id":"https:\/\/www.tryggtrafikk.no\/fylkeskontorer\/#website","url":"https:\/\/www.tryggtrafikk.no\/fylkeskontorer\/","name":"Trygg Trafikk - Fylkeskontorer","description":"","potentialAction":[{"@type":"SearchAction","target":{"@type":"EntryPoint","urlTemplate":"https:\/\/www.tryggtrafikk.no\/fylkeskontorer\/?s={search_term_string}"},"query-input":{"@type":"PropertyValueSpecification","valueRequired":true,"valueName":"search_term_string"}}],"inLanguage":"nb-NO"}]}},"_links":{"self":[{"href":"https:\/\/www.tryggtrafikk.no\/fylkeskontorer\/wp-json\/wp\/v2\/pages\/21","targetHints":{"allow":["GET"]}}],"collection":[{"href":"https:\/\/www.tryggtrafikk.no\/fylkeskontorer\/wp-json\/wp\/v2\/pages"}],"about":[{"href":"https:\/\/www.tryggtrafikk.no\/fylkeskontorer\/wp-json\/wp\/v2\/types\/page"}],"author":[{"embeddable":true,"href":"https:\/\/www.tryggtrafikk.no\/fylkeskontorer\/wp-json\/wp\/v2\/users\/1"}],"replies":[{"embeddable":true,"href":"https:\/\/www.tryggtrafikk.no\/fylkeskontorer\/wp-json\/wp\/v2\/comments?post=21"}],"version-history":[{"count":5,"href":"https:\/\/www.tryggtrafikk.no\/fylkeskontorer\/wp-json\/wp\/v2\/pages\/21\/revisions"}],"predecessor-version":[{"id":833,"href":"https:\/\/www.tryggtrafikk.no\/fylkeskontorer\/wp-json\/wp\/v2\/pages\/21\/revisions\/833"}],"wp:attachment":[{"href":"https:\/\/www.tryggtrafikk.no\/fylkeskontorer\/wp-json\/wp\/v2\/media?parent=21"}],"wp:term":[{"taxonomy":"cs_tag","embeddable":true,"href":"https:\/\/www.tryggtrafikk.no\/fylkeskontorer\/wp-json\/wp\/v2\/cs_tag?post=21"}],"curies":[{"name":"wp","href":"https:\/\/api.w.org\/{rel}","templated":true}]}}