{"id":23,"date":"2024-01-17T12:20:28","date_gmt":"2024-01-17T12:20:28","guid":{"rendered":"https:\/\/www.tryggtrafikk.no\/fylkeskontorer\/?page_id=23"},"modified":"2026-03-06T07:21:10","modified_gmt":"2026-03-06T07:21:10","slug":"trygg-trafikk-troms","status":"publish","type":"page","link":"https:\/\/www.tryggtrafikk.no\/fylkeskontorer\/trygg-trafikk-troms\/","title":{"rendered":"Trygg Trafikk Troms"},"content":{"rendered":"\n\t\t<div class=\"alignfull wp-block-tryggtrafikk-hero has-background has-hero-secondary-50-background-color\" id=\"wp-block-tryggtrafikk-hero\">\n\t\t\t<div class=\"tryggtrafikk-hero__container\">\n\t\t\t\t<div class=\"tryggtrafikk-hero__image\"><img loading=\"lazy\" width=\"768\" height=\"502\" src=\"https:\/\/www.tryggtrafikk.no\/content\/uploads\/sites\/9\/2024\/03\/Bru_Tromso_TRY_00031-768x502.jpg\" class=\"attachment-medium_large size-medium_large\" alt=\"Bru i Troms\u00f8 p\u00e5 vei til Ishavskatedralen.\" style=\"--focalpoint: 50% 50%;\" srcset=\"https:\/\/www.tryggtrafikk.no\/content\/uploads\/sites\/9\/2024\/03\/Bru_Tromso_TRY_00031-768x502.jpg 768w, https:\/\/www.tryggtrafikk.no\/content\/uploads\/sites\/9\/2024\/03\/Bru_Tromso_TRY_00031-300x196.jpg 300w, https:\/\/www.tryggtrafikk.no\/content\/uploads\/sites\/9\/2024\/03\/Bru_Tromso_TRY_00031-1024x669.jpg 1024w, https:\/\/www.tryggtrafikk.no\/content\/uploads\/sites\/9\/2024\/03\/Bru_Tromso_TRY_00031-1536x1003.jpg 1536w, https:\/\/www.tryggtrafikk.no\/content\/uploads\/sites\/9\/2024\/03\/Bru_Tromso_TRY_00031-2048x1338.jpg 2048w\" sizes=\"auto, (max-width: 768px) 100vw, 768px\" \/><\/div>\n\t\t\t\t<div class=\"tryggtrafikk-hero__content-container\">\n\t\t\t\t\t<div class=\"site-breadcrumbs\"><span><span><a href=\"https:\/\/www.tryggtrafikk.no\/fylkeskontorer\/\">Home<\/a><\/span><\/span><\/div>\n\t\t\t\t\t<h1 class=\"tryggtrafikk-hero__title\">Trygg Trafikk Troms<\/h1>\n\t\t\t\t\t<div class=\"tryggtrafikk-hero__content\">\n\t\t\t\t\t\t\n<div class=\"has-text-align-left wp-block-post-excerpt\"><p class=\"wp-block-post-excerpt__excerpt\">Vi jobber for best mulig trafikksikkerhet for alle. V\u00e5r visjon er at ingen skal bli drept eller hardt skadd i trafikken. <\/p><\/div>\n\n\t\t\t\t\t<\/div>\n\t\t\t\t<\/div>\n\t\t\t<\/div>\n\t\t<\/div>\n\t\t\n\n\n<div class=\"wp-block-columns alignwide is-layout-flex wp-container-core-columns-is-layout-1 wp-block-columns-is-layout-flex\">\n<div class=\"wp-block-column is-layout-flow wp-block-column-is-layout-flow\">\n<p>Trygg Trafikk Troms jobber etter Trygg Trafikks rolle og planverk og regionale f\u00f8ringer. Hovedinnsatsen er knyttet til politisk p\u00e5driverarbeid, trafikkoppl\u00e6ring av barn og unge, informasjon om risikofaktorer og bruk av sikkerhetsutstyr.<\/p>\n\n\n\n<p>Vi jobber for at alle kommuner&nbsp;skal godkjennes som&nbsp;<a href=\"https:\/\/www.tryggtrafikk.no\/trafikksikker-kommune\/\"><strong>Trafikksikker kommune<\/strong><\/a>.<\/p>\n<\/div>\n\n\n\n<div class=\"wp-block-column is-layout-flow wp-block-column-is-layout-flow\">\n<p> Viktige samarbeidspartnere er Troms fylkeskommune, kommunene, Statens Vegvesen, skoler, barnehager og frivillige lag og foreninger.<\/p>\n\n\n\n<p>Ta gjerne kontakt med oss!<\/p>\n\n\n\n<p><strong>Bes\u00f8ksadresse: <\/strong>Strandvegen 13, 9007 Troms\u00f8<br><strong>Postadresse:<\/strong> Pb 6600, 9296 Troms\u00f8<\/p>\n<\/div>\n<\/div>\n\n\n\n<h2 class=\"wp-block-heading alignwide\" id=\"h-kurs-og-arrangementer-i-troms\">Kurs og arrangementer i Troms<\/h2>\n\n\n<ul class=\"t2-link-list has-3-items has-auto-columns alignwide wp-block-t2-link-list\">\n\t<li class=\"t2-link-list-item wp-block-t2-link-list-item\">\n\t\t<a\n\t\t\thref=\"https:\/\/www.tryggtrafikk.no\/arrangementer\/nettverksmote-i-tromso-10-09-25\/\"\n\t\t\tclass=\"t2-link-list-item__link t2-link-list__icon--left\"\n\t\t\trel=\"noreferrer noopener\" target=\"_blank\"\t\t>\n\t\t\t<span class=\"t2-link-list-item__icon\"><span class=\"t2-link-list-item__icon-box\"><\/span><svg xmlns=\"http:\/\/www.w3.org\/2000\/svg\" viewBox=\"0 0 24 24\" height=\"40\" width=\"40\" class=\"t2-icon t2-icon-linkexternal\" aria-hidden=\"true\" focusable=\"false\"><path d=\"M5.308594 20.5c-.507813 0-.933594-.175781-1.285156-.523438C3.675781 19.625 3.5 19.199219 3.5 18.691406V5.308594c0-.507813.175781-.933594.523438-1.285156C4.375 3.675781 4.800781 3.5 5.308594 3.5h6.308594V5H5.308594c-.078125 0-.148438.03125-.210938.097656C5.03125 5.160156 5 5.230469 5 5.308594v13.382812c0 .078125.03125.148438.097656.210938.0625.066406.132813.097656.210938.097656h13.382812c.078125 0 .148438-.03125.210938-.097656.066406-.0625.097656-.132813.097656-.210938v-6.308594h1.5v6.308594c0 .507813-.175781.933594-.523438 1.285156-.351562.347657-.777343.523438-1.285156.523438Zm4.410156-5.164062L8.664062 14.28125 17.945312 5H14V3.5h6.5V10H19V6.054688Zm0 0\" fill=\"currentColor\" \/><\/svg><\/span>\t\t\t<div class=\"t2-link-list-item__content\">\n\n\t\t\t\t\n\t\t\t\t<span id=\"link-list-item-text\" class=\"t2-link-list-item__text\">\n\t\t\t\t\tNettverksm\u00f8te i Troms\u00f8\t\t\t\t<\/span>\n\t\t\t\t<span id=\"link-list-item-description\" class=\"t2-link-list-item__description\">[10.09.25] Trygg Trafikk \u00f8nsker \u00e5 invitere l\u00e6rere fra skoler i Troms fylke som har valgfag trafikk eller har planer om \u00e5 tilby dette. Hovedtema i \u00e5r vil v\u00e6re rus og f\u00f8rstehjelp.\u00a0<\/span>\t\t\t<\/div>\n\t\t<\/a>\n\t<\/li>\n\t\n\n\t<li class=\"t2-link-list-item wp-block-t2-link-list-item\">\n\t\t<a\n\t\t\thref=\"https:\/\/www.tryggtrafikk.no\/arrangementer\/sykkelopplaering-i-skolen-kurs-for-laerere-i-harstad\/\"\n\t\t\tclass=\"t2-link-list-item__link t2-link-list__icon--left\"\n\t\t\trel=\"noreferrer noopener\" target=\"_blank\"\t\t>\n\t\t\t<span class=\"t2-link-list-item__icon\"><span class=\"t2-link-list-item__icon-box\"><\/span><svg xmlns=\"http:\/\/www.w3.org\/2000\/svg\" viewBox=\"0 0 24 24\" height=\"40\" width=\"40\" class=\"t2-icon t2-icon-linkexternal\" aria-hidden=\"true\" focusable=\"false\"><path d=\"M5.308594 20.5c-.507813 0-.933594-.175781-1.285156-.523438C3.675781 19.625 3.5 19.199219 3.5 18.691406V5.308594c0-.507813.175781-.933594.523438-1.285156C4.375 3.675781 4.800781 3.5 5.308594 3.5h6.308594V5H5.308594c-.078125 0-.148438.03125-.210938.097656C5.03125 5.160156 5 5.230469 5 5.308594v13.382812c0 .078125.03125.148438.097656.210938.0625.066406.132813.097656.210938.097656h13.382812c.078125 0 .148438-.03125.210938-.097656.066406-.0625.097656-.132813.097656-.210938v-6.308594h1.5v6.308594c0 .507813-.175781.933594-.523438 1.285156-.351562.347657-.777343.523438-1.285156.523438Zm4.410156-5.164062L8.664062 14.28125 17.945312 5H14V3.5h6.5V10H19V6.054688Zm0 0\" fill=\"currentColor\" \/><\/svg><\/span>\t\t\t<div class=\"t2-link-list-item__content\">\n\n\t\t\t\t\n\t\t\t\t<span id=\"link-list-item-text-1\" class=\"t2-link-list-item__text\">\n\t\t\t\t\tSykkeloppl\u00e6ring i skolen \t\t\t\t<\/span>\n\t\t\t\t<span id=\"link-list-item-description-1\" class=\"t2-link-list-item__description\">I samarbeid med Harstad kommune tilbyr Trygg Trafikk kurs for l\u00e6rere om sykkeloppl\u00e6ring i grunnskolen. Kurset er gratis, og dere vil f\u00e5 servert l\u00f8nsj.<\/span>\t\t\t<\/div>\n\t\t<\/a>\n\t<\/li>\n\t\n\n\t<li class=\"t2-link-list-item wp-block-t2-link-list-item\">\n\t\t<a\n\t\t\thref=\"https:\/\/www.tryggtrafikk.no\/arrangementer\/samling-for-trafikksikker-kommune-troms-2025\/\"\n\t\t\tclass=\"t2-link-list-item__link t2-link-list__icon--left\"\n\t\t\trel=\"noreferrer noopener\" target=\"_blank\"\t\t>\n\t\t\t<span class=\"t2-link-list-item__icon\"><span class=\"t2-link-list-item__icon-box\"><\/span><svg xmlns=\"http:\/\/www.w3.org\/2000\/svg\" viewBox=\"0 0 24 24\" height=\"40\" width=\"40\" class=\"t2-icon t2-icon-linkexternal\" aria-hidden=\"true\" focusable=\"false\"><path d=\"M5.308594 20.5c-.507813 0-.933594-.175781-1.285156-.523438C3.675781 19.625 3.5 19.199219 3.5 18.691406V5.308594c0-.507813.175781-.933594.523438-1.285156C4.375 3.675781 4.800781 3.5 5.308594 3.5h6.308594V5H5.308594c-.078125 0-.148438.03125-.210938.097656C5.03125 5.160156 5 5.230469 5 5.308594v13.382812c0 .078125.03125.148438.097656.210938.0625.066406.132813.097656.210938.097656h13.382812c.078125 0 .148438-.03125.210938-.097656.066406-.0625.097656-.132813.097656-.210938v-6.308594h1.5v6.308594c0 .507813-.175781.933594-.523438 1.285156-.351562.347657-.777343.523438-1.285156.523438Zm4.410156-5.164062L8.664062 14.28125 17.945312 5H14V3.5h6.5V10H19V6.054688Zm0 0\" fill=\"currentColor\" \/><\/svg><\/span>\t\t\t<div class=\"t2-link-list-item__content\">\n\n\t\t\t\t\n\t\t\t\t<span id=\"link-list-item-text-2\" class=\"t2-link-list-item__text\">\n\t\t\t\t\tSamling for TSK\t\t\t\t<\/span>\n\t\t\t\t<span id=\"link-list-item-description-2\" class=\"t2-link-list-item__description\">Trygg Trafikk inviterer kommuner i Troms som er godkjent som Trafikksikker kommune til ei samling. For erfaringsutveksling, inspirasjon og forankring i kommunene. <\/span>\t\t\t<\/div>\n\t\t<\/a>\n\t<\/li>\n\t\n<\/ul>\n\n\n<h2 class=\"wp-block-heading alignwide\" id=\"h-arsrapporter\">\u00c5rsrapporter<\/h2>\n\n\n\n<div class=\"wp-block-columns alignwide is-layout-flex wp-container-core-columns-is-layout-2 wp-block-columns-is-layout-flex\">\n<div class=\"wp-block-column is-layout-flow wp-block-column-is-layout-flow\">\n<div class=\"wp-block-file alignfull\"><a id=\"wp-block-file--media-83d6d8c1-8076-479e-a9bf-3a19e66a3b65\" href=\"https:\/\/www.tryggtrafikk.no\/content\/uploads\/sites\/9\/2026\/03\/Rapport2025_Troms_nett_dobbeltsidig.pdf\">Rapport2025_Troms_nett_dobbeltsidig<\/a><a href=\"https:\/\/www.tryggtrafikk.no\/content\/uploads\/sites\/9\/2026\/03\/Rapport2025_Troms_nett_dobbeltsidig.pdf\" class=\"wp-block-file__button wp-element-button\" download aria-describedby=\"wp-block-file--media-83d6d8c1-8076-479e-a9bf-3a19e66a3b65\">\u00c5rsrapporten 2025 \u2013 Trygg Trafikk Troms (pdf)<\/a><\/div>\n\n\n\n<div class=\"wp-block-file\"><a id=\"wp-block-file--media-86b77c44-8232-4943-90dc-75e99f55e145\" href=\"https:\/\/www.tryggtrafikk.no\/content\/uploads\/sites\/9\/2024\/06\/Arsrapport_TromsogFinnmark_nett-_enkeltsider.pdf\">Arsrapport_TromsogFinnmark_nett-_enkeltsider<\/a><a href=\"https:\/\/www.tryggtrafikk.no\/content\/uploads\/sites\/9\/2024\/06\/Arsrapport_TromsogFinnmark_nett-_enkeltsider.pdf\" class=\"wp-block-file__button wp-element-button\" download aria-describedby=\"wp-block-file--media-86b77c44-8232-4943-90dc-75e99f55e145\">\u00c5rsrapporten 2023 \u2013 Trygg Trafikk Troms og Finnmark (pdf)<\/a><\/div>\n<\/div>\n\n\n\n<div class=\"wp-block-column is-layout-flow wp-block-column-is-layout-flow\">\n<div class=\"wp-block-file\"><a id=\"wp-block-file--media-9dd393df-8492-4b70-9ed8-eeecc3c36cd4\" href=\"https:\/\/www.tryggtrafikk.no\/content\/uploads\/sites\/9\/2025\/03\/Rapport2024_Troms_nett.pdf\">Rapport2024_Troms_nett<\/a><a href=\"https:\/\/www.tryggtrafikk.no\/content\/uploads\/sites\/9\/2025\/03\/Rapport2024_Troms_nett.pdf\" class=\"wp-block-file__button wp-element-button\" download aria-describedby=\"wp-block-file--media-9dd393df-8492-4b70-9ed8-eeecc3c36cd4\">\u00c5rsrapporten 2024 \u2013 Trygg Trafikk Troms (pdf)<\/a><\/div>\n<\/div>\n<\/div>\n\n\n\n<div class=\"wp-block-columns alignwide is-layout-flex wp-container-core-columns-is-layout-3 wp-block-columns-is-layout-flex\">\n<div class=\"wp-block-column is-layout-flow wp-block-column-is-layout-flow\"><!-- algolia-ignore --><div class=\"t2-featured-single-post t2-featured-content is-post-type-person role-regionleder-troms wp-block-t2-featured-single-post\"><figure style=\"--t2-focal-point: 50% 50%;\" class=\"t2-post-featured-image has-image-ratio-4-3 wp-block-t2-post-featured-image\"><img loading=\"lazy\" width=\"752\" height=\"564\" src=\"https:\/\/www.tryggtrafikk.no\/content\/uploads\/sites\/9\/2024\/03\/Helga_Anette_Melhus_TRY_01434_Foto_Morten_Brakestad-752x564.jpg\" class=\"attachment-archive_card size-archive_card wp-post-image\" alt=\"\" \/><\/figure>\n\n<div class=\"wp-block-group alignfull is-layout-flow wp-block-group-is-layout-flow\">\n\t<h3 class=\"t2-post-title wp-block-t2-post-title\">Helga Anette Melhus<\/h3>\n\t<div class=\"taxonomy-role wp-block-post-terms\">regionleder Troms<\/div>\n\t<div class=\"card-info wp-block-t2-people-meta\"><div class=\"card-info__post-meta meta-key-people_email\"><svg xmlns=\"http:\/\/www.w3.org\/2000\/svg\" viewBox=\"0 0 24 24\" height=\"24\" width=\"24\" class=\"t2-icon t2-icon-email people_email\" aria-hidden=\"true\" focusable=\"false\"><path d=\"M4.0641 19.5C3.6343 19.5 3.26617 19.3467 2.9597 19.0402C2.65323 18.7338 2.5 18.3656 2.5 17.9358V6.0641C2.5 5.6343 2.65323 5.26617 2.9597 4.9597C3.26617 4.65323 3.6343 4.5 4.0641 4.5H19.9359C20.3657 4.5 20.7338 4.65323 21.0403 4.9597C21.3467 5.26617 21.5 5.6343 21.5 6.0641V17.9358C21.5 18.3656 21.3467 18.7338 21.0403 19.0402C20.7338 19.3467 20.3657 19.5 19.9359 19.5H4.0641ZM12 12.2871L3.75638 6.89095V17.9358C3.75638 18.0256 3.78523 18.0993 3.84293 18.157C3.90063 18.2147 3.97435 18.2436 4.0641 18.2436H19.9359C20.0256 18.2436 20.0993 18.2147 20.157 18.157C20.2147 18.0993 20.2436 18.0256 20.2436 17.9358V6.89095L12 12.2871ZM12 10.973L20.0423 5.75638H3.97435L12 10.973ZM3.75638 6.89095V5.75638V17.9358C3.75638 18.0256 3.78523 18.0993 3.84293 18.157C3.90063 18.2147 3.97435 18.2436 4.0641 18.2436H3.75638V6.89095Z\" fill=\"#3C3D43\"><\/path><\/svg><a href=\"mailto:melhus@tryggtrafikk.no\">melhus@tryggtrafikk.no<\/a><\/div><div class=\"card-info__post-meta meta-key-people_phone\"><svg xmlns=\"http:\/\/www.w3.org\/2000\/svg\" viewBox=\"0 0 24 24\" height=\"24\" width=\"24\" class=\"t2-icon t2-icon-phone people_phone\" aria-hidden=\"true\" focusable=\"false\"><path d=\"M19.3933 20.4422C17.5049 20.4422 15.615 19.97 13.7238 19.0256C11.8326 18.0811 10.1317 16.8548 8.62127 15.3464C7.1108 13.8381 5.88281 12.1399 4.93729 10.2519C3.99179 8.36387 3.51904 6.47563 3.51904 4.5872C3.51904 4.27657 3.62258 4.01771 3.82967 3.81062C4.03675 3.60354 4.2956 3.5 4.60622 3.5H7.59719C7.85351 3.5 8.07709 3.58152 8.26794 3.74457C8.45881 3.90761 8.58074 4.12438 8.63372 4.3949L9.22347 7.16792C9.26322 7.41407 9.25799 7.63779 9.20777 7.83908C9.15755 8.04036 9.05695 8.21008 8.90597 8.34825L6.56769 10.6346C7.47028 12.1448 8.49315 13.4658 9.63632 14.5974C10.7795 15.729 12.0895 16.7064 13.5664 17.5295L15.8177 15.209C15.9831 15.0325 16.1719 14.9089 16.3841 14.8381C16.5963 14.7674 16.8156 14.7553 17.0421 14.8019L19.5856 15.3468C19.8528 15.4031 20.0687 15.5305 20.2334 15.7291C20.3981 15.9276 20.4805 16.165 20.4805 16.441V19.3551C20.4805 19.6657 20.377 19.9245 20.1699 20.1316C19.9628 20.3387 19.7039 20.4422 19.3933 20.4422ZM5.94337 9.47565L7.91389 7.5718C7.94166 7.54615 7.96035 7.51088 7.96997 7.466C7.97959 7.42113 7.98013 7.37947 7.97159 7.341L7.46262 4.91025C7.45407 4.85895 7.43269 4.82048 7.39849 4.79485C7.36431 4.7692 7.32158 4.75638 7.27029 4.75638H4.91517C4.8767 4.75638 4.84464 4.7692 4.81899 4.79485C4.79336 4.82048 4.78054 4.85253 4.78054 4.891C4.78908 5.55638 4.89196 6.26921 5.08919 7.02947C5.28641 7.78974 5.57114 8.60513 5.94337 9.47565ZM14.7433 18.1179C15.4198 18.4448 16.149 18.6979 16.9308 18.8772C17.7127 19.0565 18.4322 19.1581 19.0895 19.182C19.128 19.182 19.16 19.1692 19.1857 19.1435C19.2113 19.1179 19.2241 19.0859 19.2241 19.0474V16.7102C19.2241 16.6589 19.2113 16.6162 19.1857 16.582C19.16 16.5478 19.1216 16.5265 19.0703 16.5179L16.8587 16.064C16.8203 16.0555 16.7866 16.0561 16.7578 16.0657C16.7289 16.0753 16.6985 16.094 16.6664 16.1217L14.7433 18.1179Z\" fill=\"#3C3D43\"><\/path><\/svg><a href=\"tel:95 16 15 81\">95 16 15 81<\/a><\/div><div class=\"card-info__post-meta meta-key-people_file\"><a href=\"https:\/\/www.tryggtrafikk.no\/content\/uploads\/sites\/9\/2024\/03\/Helga_Anette_Melhus_TRY_01434_Foto_Morten_Brakestad.jpg\" target=\"_blank\">Last ned pressebilder<\/a><\/div><\/div>\n<\/div>\n\n<\/div><!-- \/algolia-ignore --><\/div>\n\n\n\n<div class=\"wp-block-column is-layout-flow wp-block-column-is-layout-flow\"><!-- algolia-ignore --><div class=\"t2-featured-single-post t2-featured-content is-post-type-person role-spesialradgiver-troms wp-block-t2-featured-single-post\"><figure style=\"--t2-focal-point: 50% 50%;\" class=\"t2-post-featured-image has-image-ratio-4-3 wp-block-t2-post-featured-image\"><img loading=\"lazy\" width=\"752\" height=\"564\" src=\"https:\/\/www.tryggtrafikk.no\/content\/uploads\/sites\/9\/2025\/02\/Harald_Heieraas_TRY_01480_Foto_Morten_Brakestad-752x564.jpg\" class=\"attachment-archive_card size-archive_card wp-post-image\" alt=\"\" \/><\/figure>\n\n<div class=\"wp-block-group alignfull is-layout-flow wp-block-group-is-layout-flow\">\n\t<h3 class=\"t2-post-title wp-block-t2-post-title\">Harald Heieraas<\/h3>\n\t<div class=\"taxonomy-role wp-block-post-terms\">spesialr\u00e5dgiver Troms<\/div>\n\t<div class=\"card-info wp-block-t2-people-meta\"><div class=\"card-info__post-meta meta-key-people_email\"><svg xmlns=\"http:\/\/www.w3.org\/2000\/svg\" viewBox=\"0 0 24 24\" height=\"24\" width=\"24\" class=\"t2-icon t2-icon-email people_email\" aria-hidden=\"true\" focusable=\"false\"><path d=\"M4.0641 19.5C3.6343 19.5 3.26617 19.3467 2.9597 19.0402C2.65323 18.7338 2.5 18.3656 2.5 17.9358V6.0641C2.5 5.6343 2.65323 5.26617 2.9597 4.9597C3.26617 4.65323 3.6343 4.5 4.0641 4.5H19.9359C20.3657 4.5 20.7338 4.65323 21.0403 4.9597C21.3467 5.26617 21.5 5.6343 21.5 6.0641V17.9358C21.5 18.3656 21.3467 18.7338 21.0403 19.0402C20.7338 19.3467 20.3657 19.5 19.9359 19.5H4.0641ZM12 12.2871L3.75638 6.89095V17.9358C3.75638 18.0256 3.78523 18.0993 3.84293 18.157C3.90063 18.2147 3.97435 18.2436 4.0641 18.2436H19.9359C20.0256 18.2436 20.0993 18.2147 20.157 18.157C20.2147 18.0993 20.2436 18.0256 20.2436 17.9358V6.89095L12 12.2871ZM12 10.973L20.0423 5.75638H3.97435L12 10.973ZM3.75638 6.89095V5.75638V17.9358C3.75638 18.0256 3.78523 18.0993 3.84293 18.157C3.90063 18.2147 3.97435 18.2436 4.0641 18.2436H3.75638V6.89095Z\" fill=\"#3C3D43\"><\/path><\/svg><a href=\"mailto:heieraas@tryggtrafikk.no\">heieraas@tryggtrafikk.no<\/a><\/div><div class=\"card-info__post-meta meta-key-people_phone\"><svg xmlns=\"http:\/\/www.w3.org\/2000\/svg\" viewBox=\"0 0 24 24\" height=\"24\" width=\"24\" class=\"t2-icon t2-icon-phone people_phone\" aria-hidden=\"true\" focusable=\"false\"><path d=\"M19.3933 20.4422C17.5049 20.4422 15.615 19.97 13.7238 19.0256C11.8326 18.0811 10.1317 16.8548 8.62127 15.3464C7.1108 13.8381 5.88281 12.1399 4.93729 10.2519C3.99179 8.36387 3.51904 6.47563 3.51904 4.5872C3.51904 4.27657 3.62258 4.01771 3.82967 3.81062C4.03675 3.60354 4.2956 3.5 4.60622 3.5H7.59719C7.85351 3.5 8.07709 3.58152 8.26794 3.74457C8.45881 3.90761 8.58074 4.12438 8.63372 4.3949L9.22347 7.16792C9.26322 7.41407 9.25799 7.63779 9.20777 7.83908C9.15755 8.04036 9.05695 8.21008 8.90597 8.34825L6.56769 10.6346C7.47028 12.1448 8.49315 13.4658 9.63632 14.5974C10.7795 15.729 12.0895 16.7064 13.5664 17.5295L15.8177 15.209C15.9831 15.0325 16.1719 14.9089 16.3841 14.8381C16.5963 14.7674 16.8156 14.7553 17.0421 14.8019L19.5856 15.3468C19.8528 15.4031 20.0687 15.5305 20.2334 15.7291C20.3981 15.9276 20.4805 16.165 20.4805 16.441V19.3551C20.4805 19.6657 20.377 19.9245 20.1699 20.1316C19.9628 20.3387 19.7039 20.4422 19.3933 20.4422ZM5.94337 9.47565L7.91389 7.5718C7.94166 7.54615 7.96035 7.51088 7.96997 7.466C7.97959 7.42113 7.98013 7.37947 7.97159 7.341L7.46262 4.91025C7.45407 4.85895 7.43269 4.82048 7.39849 4.79485C7.36431 4.7692 7.32158 4.75638 7.27029 4.75638H4.91517C4.8767 4.75638 4.84464 4.7692 4.81899 4.79485C4.79336 4.82048 4.78054 4.85253 4.78054 4.891C4.78908 5.55638 4.89196 6.26921 5.08919 7.02947C5.28641 7.78974 5.57114 8.60513 5.94337 9.47565ZM14.7433 18.1179C15.4198 18.4448 16.149 18.6979 16.9308 18.8772C17.7127 19.0565 18.4322 19.1581 19.0895 19.182C19.128 19.182 19.16 19.1692 19.1857 19.1435C19.2113 19.1179 19.2241 19.0859 19.2241 19.0474V16.7102C19.2241 16.6589 19.2113 16.6162 19.1857 16.582C19.16 16.5478 19.1216 16.5265 19.0703 16.5179L16.8587 16.064C16.8203 16.0555 16.7866 16.0561 16.7578 16.0657C16.7289 16.0753 16.6985 16.094 16.6664 16.1217L14.7433 18.1179Z\" fill=\"#3C3D43\"><\/path><\/svg><a href=\"tel:917 06 696\">917 06 696<\/a><\/div><div class=\"card-info__post-meta meta-key-people_file\"><a href=\"https:\/\/www.tryggtrafikk.no\/content\/uploads\/sites\/9\/2025\/02\/Harald_Heieraas_TRY_01480_Foto_Morten_Brakestad-scaled.jpg\" target=\"_blank\">Last ned pressebilder<\/a><\/div><\/div>\n<\/div>\n\n<\/div><!-- \/algolia-ignore --><\/div>\n<\/div>\n\n\n<div class=\"t2-accordion alignwide wp-block-t2-accordion\" data-allow-multiple=\"1\" role=\"list\">\n<div class=\"t2-accordion-item wp-block-t2-accordion-item\" role=\"listitem\">\n\t\t\t<h2 class=\"t2-accordion-title\">\n\t\t\t\t<button type=\"button\" class=\"t2-accordion-trigger\" id=\"faktura-og-innbetaling\" aria-controls=\"accordion-panel\" aria-expanded=\"false\">\n\t\t\t\t\tFaktura og innbetaling\n\t\t\t\t\t<span class=\"t2-accordion-icon is-closed-icon\"><\/span>\n\t\t\t\t\t<span class=\"t2-accordion-icon is-open-icon\"><\/span>\n\t\t\t\t<\/button>\n\t\t\t<\/h2>\n\t\t\t<div class=\"t2-accordion-item__inner-container is-layout-flow\" id=\"accordion-panel\" aria-labelledby=\"faktura-og-innbetaling\" role=\"region\" hidden>\n\t\t\t\t\n\n<p><strong>Trygg Trafikk aksepterer kun mottak av elektroniske faktura.<\/strong><\/p>\n\n\n\n<p>Fakturaadresse i EHF-format er den samme som v\u00e5rt org.nr.: 970133410<\/p>\n\n\n\n<p>Alternativt kan faktura sendes med Autoinvoice til e-post&nbsp;<a href=\"mailto:970133410@autoinvoice.no\">970133410@autoinvoice.no<\/a><\/p>\n\n\n\n<ul class=\"wp-block-list\">\n<li>Faktura merkes med bestillers navn og avdeling<\/li>\n\n\n\n<li>Faktura skal inneholde beskrivelse av vare\/tjeneste<\/li>\n\n\n\n<li>Faktura stiles til hovedkontoret for Trygg Trafikk i Oslo<\/li>\n\n\n\n<li>Feil eller mangler vil medf\u00f8re at faktura blir returnert<\/li>\n<\/ul>\n\n\n\n<p>Bankkontonr.: 7044 0505 757<\/p>\n\n\n\t\t\t<\/div>\n\t\t<\/div>\n<\/div>\n\n\n\t\t<div class=\"t2-simple-media-text alignwide is-mode-constrained is-gap-center has-media-on-the-right wp-block-t2-simple-media-text has-background has-smt-secondary-50-background-color\">\n\t\t\t<div class=\"t2-simple-media-text__container\">\n\t\t\t\t<figure class=\"t2-simple-media-text__image\"><img loading=\"lazy\" width=\"768\" height=\"768\" src=\"https:\/\/www.tryggtrafikk.no\/content\/uploads\/sites\/9\/2025\/02\/Arctic-Winter-Driving-1080x1080-px_1_1-768x768.jpg\" class=\"wp-image-904 size-medium_large attachment-medium_large\" alt=\"\" style=\"--focalpoint: 49% 95%;\" srcset=\"https:\/\/www.tryggtrafikk.no\/content\/uploads\/sites\/9\/2025\/02\/Arctic-Winter-Driving-1080x1080-px_1_1-768x768.jpg 768w, https:\/\/www.tryggtrafikk.no\/content\/uploads\/sites\/9\/2025\/02\/Arctic-Winter-Driving-1080x1080-px_1_1-300x300.jpg 300w, https:\/\/www.tryggtrafikk.no\/content\/uploads\/sites\/9\/2025\/02\/Arctic-Winter-Driving-1080x1080-px_1_1-1024x1024.jpg 1024w, https:\/\/www.tryggtrafikk.no\/content\/uploads\/sites\/9\/2025\/02\/Arctic-Winter-Driving-1080x1080-px_1_1-150x150.jpg 150w, https:\/\/www.tryggtrafikk.no\/content\/uploads\/sites\/9\/2025\/02\/Arctic-Winter-Driving-1080x1080-px_1_1.jpg 1080w\" sizes=\"auto, (max-width: 768px) 100vw, 768px\" \/><\/figure>\n\t\t\t\t<div class=\"t2-simple-media-text__content-container\">\n\t\t\t\t\t<div class=\"t2-simple-media-text__content\">\n\t\t\t\t\t\t<div class=\"t2-simple-media-text__content-inner is-layout-flow\">\n\t\t\t\t\t\t\t\n\n<h2 class=\"wp-block-heading\" id=\"h-welcome-to-winter-wonderland\"><strong>Welcome to winter wonderland<\/strong><\/h2>\n\n\n\n<p>Vinterturismen i Nord-Norge har tatt av! Og p\u00e5 bakgrunn av en del u\u00f8nskede hendelser og ulykker i trafikken har vi utarbeidet denne kampanjen i samarbeid med Troms\u00f8 kommune og Politiet. Vil du bidra? <\/p>\n\n\n\n<p><a href=\"https:\/\/www.tryggtrafikk.no\/fylkeskontorer\/trygg-trafikk-troms\/welcome-to-winter-wonderland\/\">Materiell til bruk finner du her.<\/a><\/p>\n\n\n\t\t\t\t\t\t<\/div>\n\t\t\t\t\t<\/div>\n\t\t\t\t<\/div>\n\t\t\t<\/div>\n\t\t<\/div>\n\t\t\n\n\n\t\t<div class=\"t2-simple-media-text alignwide is-mode-constrained is-gap-center wp-block-t2-simple-media-text has-background has-smt-additional-purple-background-color\">\n\t\t\t<div class=\"t2-simple-media-text__container\">\n\t\t\t\t<figure class=\"t2-simple-media-text__image\"><img loading=\"lazy\" width=\"768\" height=\"512\" src=\"https:\/\/www.tryggtrafikk.no\/content\/uploads\/sites\/9\/2024\/08\/Refleks_TRY_03241_Foto_Morten_Brakestad-768x512.jpg\" class=\"wp-image-708 size-medium_large attachment-medium_large\" alt=\"\" style=\"--focalpoint: 50% 50%;\" srcset=\"https:\/\/www.tryggtrafikk.no\/content\/uploads\/sites\/9\/2024\/08\/Refleks_TRY_03241_Foto_Morten_Brakestad-768x512.jpg 768w, https:\/\/www.tryggtrafikk.no\/content\/uploads\/sites\/9\/2024\/08\/Refleks_TRY_03241_Foto_Morten_Brakestad-300x200.jpg 300w, https:\/\/www.tryggtrafikk.no\/content\/uploads\/sites\/9\/2024\/08\/Refleks_TRY_03241_Foto_Morten_Brakestad-1024x683.jpg 1024w, https:\/\/www.tryggtrafikk.no\/content\/uploads\/sites\/9\/2024\/08\/Refleks_TRY_03241_Foto_Morten_Brakestad-1536x1025.jpg 1536w\" sizes=\"auto, (max-width: 768px) 100vw, 768px\" \/><\/figure>\n\t\t\t\t<div class=\"t2-simple-media-text__content-container\">\n\t\t\t\t\t<div class=\"t2-simple-media-text__content\">\n\t\t\t\t\t\t<div class=\"t2-simple-media-text__content-inner is-layout-flow\">\n\t\t\t\t\t\t\t\n\n<h2 class=\"wp-block-heading\" id=\"h-reflekser\"><strong>Reflekser?<\/strong><\/h2>\n\n\n\n<p>M\u00f8rket kommer, og vi ser med glede p\u00e5 at stadig flere \u00f8nsker \u00e5 fremme refleksbruk. Vi mottar for tiden mange henvendelser med sp\u00f8rsm\u00e5l om gratis reflekser. Trygg Trafikk Troms har ikke ressurser til \u00e5 levere ut reflekser utover v\u00e5re egne tiltak og arrangementer. Vi jobber prim\u00e6rt med&nbsp;<a href=\"https:\/\/www.tryggtrafikk.no\/fakta-og-rad\/til-fots\/refleks\/\">refleks<\/a>&nbsp;gjennom oppl\u00e6ring og informasjon. Reflekser er \u00e5 f\u00e5 kj\u00f8pt i de fleste dagligvarebutikker og apotek. Flere firma tilbyr kvantumsrabatt.&nbsp;<\/p>\n\n\n\n<p><a href=\"https:\/\/www.tryggtrafikk.no\/barnehage-og-skole\/\">Vi oppfordrer barnehager og skoler til \u00e5 ta i bruk v\u00e5re&nbsp;oppl\u00e6ringsressurser.<\/a> Ta gjerne kontakt for n\u00e6rmere veiledning om disse.<\/p>\n\n\n\t\t\t\t\t\t<\/div>\n\t\t\t\t\t<\/div>\n\t\t\t\t<\/div>\n\t\t\t<\/div>\n\t\t<\/div>\n\t\t\n\n\n\t\t<div class=\"t2-simple-media-text alignwide is-mode-constrained is-gap-center has-media-on-the-right wp-block-t2-simple-media-text has-background has-smt-additional-pink-background-color\">\n\t\t\t<div class=\"t2-simple-media-text__container\">\n\t\t\t\t<figure class=\"t2-simple-media-text__image\" aria-labelledby=\"t2-simple-media-text\"><img loading=\"lazy\" width=\"768\" height=\"512\" src=\"https:\/\/www.tryggtrafikk.no\/content\/uploads\/sites\/9\/2024\/03\/COLOURBOX61564549_lav-768x512.jpg\" class=\"wp-image-124 size-medium_large attachment-medium_large\" alt=\"To jenter som sitter tett i tett og holder rundt hverandre.\" style=\"--focalpoint: 50% 50%;\" srcset=\"https:\/\/www.tryggtrafikk.no\/content\/uploads\/sites\/9\/2024\/03\/COLOURBOX61564549_lav-768x512.jpg 768w, https:\/\/www.tryggtrafikk.no\/content\/uploads\/sites\/9\/2024\/03\/COLOURBOX61564549_lav-300x200.jpg 300w, https:\/\/www.tryggtrafikk.no\/content\/uploads\/sites\/9\/2024\/03\/COLOURBOX61564549_lav-1024x683.jpg 1024w, https:\/\/www.tryggtrafikk.no\/content\/uploads\/sites\/9\/2024\/03\/COLOURBOX61564549_lav-1536x1024.jpg 1536w, https:\/\/www.tryggtrafikk.no\/content\/uploads\/sites\/9\/2024\/03\/COLOURBOX61564549_lav-2048x1366.jpg 2048w\" sizes=\"auto, (max-width: 768px) 100vw, 768px\" \/><figcaption id=\"t2-simple-media-text\" class=\"wp-element-caption screen-reader-text\">Gen Z friends sitting together outdoors in the city, comforting each other and helping with a problem. Anxiety and sadness of a young zoomer girl. Concept of power of friendship.<\/figcaption><\/figure>\n\t\t\t\t<div class=\"t2-simple-media-text__content-container\">\n\t\t\t\t\t<div class=\"t2-simple-media-text__content\">\n\t\t\t\t\t\t<div class=\"t2-simple-media-text__content-inner is-layout-flow\">\n\t\t\t\t\t\t\t\n\n<h2 class=\"wp-block-heading\" id=\"h-ung\"><a href=\"https:\/\/www.tryggtrafikk.no\/ung\/\" target=\"_blank\" rel=\"noreferrer noopener\">UNG<\/a><\/h2>\n\n\n\n<p>UNG er Trygg Trafikks helt egne opplegg til ungdommen.&nbsp;Sammen utforsker vi veiene mot en tryggere fremtid for alle gjennom l\u00e6ring og l\u00e6ring om trafikksikkerhet. Steg for steg, l\u00e6rer vi hvordan hver enkelt av oss kan ta valg og bidra til et sikrere samfunn. La oss kj\u00f8re i gang \u2013 for sikkerhetens skyld!&nbsp;<\/p>\n\n\n\t\t\t\t\t\t<\/div>\n\t\t\t\t\t<\/div>\n\t\t\t\t<\/div>\n\t\t\t<\/div>\n\t\t<\/div>\n\t\t\n\n\n\t\t<div class=\"t2-simple-media-text alignwide is-mode-constrained is-gap-center wp-block-t2-simple-media-text has-background has-smt-additional-green-background-color\">\n\t\t\t<div class=\"t2-simple-media-text__container\">\n\t\t\t\t<figure class=\"t2-simple-media-text__image\" aria-labelledby=\"t2-simple-media-text-1\"><img loading=\"lazy\" width=\"768\" height=\"512\" src=\"https:\/\/www.tryggtrafikk.no\/content\/uploads\/sites\/9\/2024\/03\/COLOURBOX24849031-scaled-1-768x512.jpg\" class=\"wp-image-246 size-medium_large attachment-medium_large\" alt=\"Bilde av gutt p\u00e5 sykkel med sykkelhjelm. Han smiler og er tett p\u00e5 kameralinsen.\" style=\"--focalpoint: 50% 50%;\" srcset=\"https:\/\/www.tryggtrafikk.no\/content\/uploads\/sites\/9\/2024\/03\/COLOURBOX24849031-scaled-1-768x512.jpg 768w, https:\/\/www.tryggtrafikk.no\/content\/uploads\/sites\/9\/2024\/03\/COLOURBOX24849031-scaled-1-300x200.jpg 300w, https:\/\/www.tryggtrafikk.no\/content\/uploads\/sites\/9\/2024\/03\/COLOURBOX24849031-scaled-1-1024x683.jpg 1024w, https:\/\/www.tryggtrafikk.no\/content\/uploads\/sites\/9\/2024\/03\/COLOURBOX24849031-scaled-1-1536x1024.jpg 1536w, https:\/\/www.tryggtrafikk.no\/content\/uploads\/sites\/9\/2024\/03\/COLOURBOX24849031-scaled-1-2048x1366.jpg 2048w\" sizes=\"auto, (max-width: 768px) 100vw, 768px\" \/><figcaption id=\"t2-simple-media-text-1\" class=\"wp-element-caption screen-reader-text\">Close-up portrait of cute smiling boy in yellow safety helmet riding his bike at sunny day<\/figcaption><\/figure>\n\t\t\t\t<div class=\"t2-simple-media-text__content-container\">\n\t\t\t\t\t<div class=\"t2-simple-media-text__content\">\n\t\t\t\t\t\t<div class=\"t2-simple-media-text__content-inner is-layout-flow\">\n\t\t\t\t\t\t\t\n\n<h2 class=\"wp-block-heading\" id=\"h-sykkeldyktig\"><a href=\"https:\/\/www.sykkeldyktig-old.prod.dekodes.no\/\" target=\"_blank\" rel=\"noreferrer noopener\">Sykkeldyktig<\/a><\/h2>\n\n\n\n<p>Sykkeldyktig.no skal bidra til at alle barn skal f\u00e5 like muligheter til \u00e5 skaffe seg gode ferdigheter p\u00e5 sykkel og grunnleggende kunnskap om trafikksikkerhet. Sykkeldyktig er et verkt\u00f8y for alle l\u00e6rere i grunnskolen. P\u00e5 sykkeldyktig finner du som&nbsp;l\u00e6rer det du trenger for \u00e5 gjennomf\u00f8re trafikk- og sykkeloppl\u00e6ring fra 4. til 7. trinn i grunnskolen.<\/p>\n\n\n\t\t\t\t\t\t<\/div>\n\t\t\t\t\t<\/div>\n\t\t\t\t<\/div>\n\t\t\t<\/div>\n\t\t<\/div>\n\t\t\n\n\n\t\t<div class=\"t2-simple-media-text alignwide is-mode-constrained is-gap-center has-media-on-the-right wp-block-t2-simple-media-text has-background has-smt-additional-purple-background-color\">\n\t\t\t<div class=\"t2-simple-media-text__container\">\n\t\t\t\t<figure class=\"t2-simple-media-text__image\"><img loading=\"lazy\" width=\"768\" height=\"607\" src=\"https:\/\/www.tryggtrafikk.no\/content\/uploads\/sites\/9\/2024\/03\/Ungdom-i-trafikken1-1-e1597829025591-768x607.jpg\" class=\"wp-image-127 size-medium_large attachment-medium_large\" alt=\"Jente som st\u00e5r foran en rekke bilder. Hun st\u00e5r og prater med en annen jente, men har andre jevnaldrende gutter og jenter i bakgrunnen.\" style=\"--focalpoint: 50% 50%;\" srcset=\"https:\/\/www.tryggtrafikk.no\/content\/uploads\/sites\/9\/2024\/03\/Ungdom-i-trafikken1-1-e1597829025591-768x607.jpg 768w, https:\/\/www.tryggtrafikk.no\/content\/uploads\/sites\/9\/2024\/03\/Ungdom-i-trafikken1-1-e1597829025591-300x237.jpg 300w, https:\/\/www.tryggtrafikk.no\/content\/uploads\/sites\/9\/2024\/03\/Ungdom-i-trafikken1-1-e1597829025591-1024x810.jpg 1024w, https:\/\/www.tryggtrafikk.no\/content\/uploads\/sites\/9\/2024\/03\/Ungdom-i-trafikken1-1-e1597829025591-1536x1215.jpg 1536w, https:\/\/www.tryggtrafikk.no\/content\/uploads\/sites\/9\/2024\/03\/Ungdom-i-trafikken1-1-e1597829025591.jpg 1745w\" sizes=\"auto, (max-width: 768px) 100vw, 768px\" \/><\/figure>\n\t\t\t\t<div class=\"t2-simple-media-text__content-container\">\n\t\t\t\t\t<div class=\"t2-simple-media-text__content\">\n\t\t\t\t\t\t<div class=\"t2-simple-media-text__content-inner is-layout-flow\">\n\t\t\t\t\t\t\t\n\n<h2 class=\"wp-block-heading\" id=\"h-valgfaget-trafikk\"><a href=\"https:\/\/www.tryggtrafikk.no\/ung\/ung\/valgfaget-trafikk\/\" target=\"_blank\" rel=\"noreferrer noopener\">Valgfaget trafikk<\/a><\/h2>\n\n\n\n<p>Valgfagene skal bidra til at elevene, hver for seg og i fellesskap, styrker lysten til \u00e5 l\u00e6re og opplever mestring gjennom praktisk og variert arbeid. Valgfagene er tverrfaglige og skal bidra til helhet og sammenheng i oppl\u00e6ringen.<\/p>\n\n\n\t\t\t\t\t\t<\/div>\n\t\t\t\t\t<\/div>\n\t\t\t\t<\/div>\n\t\t\t<\/div>\n\t\t<\/div>\n\t\t\n\n\n\t\t<div class=\"t2-simple-media-text alignwide is-mode-constrained is-gap-center wp-block-t2-simple-media-text has-background has-smt-secondary-50-background-color\">\n\t\t\t<div class=\"t2-simple-media-text__container\">\n\t\t\t\t<figure class=\"t2-simple-media-text__image\"><img loading=\"lazy\" width=\"768\" height=\"636\" src=\"https:\/\/www.tryggtrafikk.no\/content\/uploads\/sites\/9\/2024\/03\/barnas-trafikklubb-logo_web-768x636.png\" class=\"wp-image-130 size-medium_large attachment-medium_large\" alt=\"Logoen til Barnas trafikklubb der maskoten som ser ut som et trafikklys er i midten.\" style=\"--focalpoint: 50% 50%;\" srcset=\"https:\/\/www.tryggtrafikk.no\/content\/uploads\/sites\/9\/2024\/03\/barnas-trafikklubb-logo_web-768x636.png 768w, https:\/\/www.tryggtrafikk.no\/content\/uploads\/sites\/9\/2024\/03\/barnas-trafikklubb-logo_web-300x248.png 300w, https:\/\/www.tryggtrafikk.no\/content\/uploads\/sites\/9\/2024\/03\/barnas-trafikklubb-logo_web-1024x847.png 1024w, https:\/\/www.tryggtrafikk.no\/content\/uploads\/sites\/9\/2024\/03\/barnas-trafikklubb-logo_web-1536x1271.png 1536w, https:\/\/www.tryggtrafikk.no\/content\/uploads\/sites\/9\/2024\/03\/barnas-trafikklubb-logo_web-2048x1695.png 2048w\" sizes=\"auto, (max-width: 768px) 100vw, 768px\" \/><\/figure>\n\t\t\t\t<div class=\"t2-simple-media-text__content-container\">\n\t\t\t\t\t<div class=\"t2-simple-media-text__content\">\n\t\t\t\t\t\t<div class=\"t2-simple-media-text__content-inner is-layout-flow\">\n\t\t\t\t\t\t\t\n\n<h2 class=\"wp-block-heading\" id=\"h-barnas-trafikklubb\"><a href=\"https:\/\/www.barnastrafikklubb.no\/\" target=\"_blank\" rel=\"noreferrer noopener\">Barnas trafikklubb!<\/a><\/h2>\n\n\n\n<p>Klubben er gratis og har lett tilgjengelig pedagogisk innhold om trafikksikkerhet. Du finner filmserier, \u00f8veoppgaver og forslag til praktiske aktiviteter. Innholdet v\u00e5rt kan enkelt integreres i arbeid med rammeplan, l\u00e6replanverket og i hverdagen generelt.<\/p>\n\n\n\t\t\t\t\t\t<\/div>\n\t\t\t\t\t<\/div>\n\t\t\t\t<\/div>\n\t\t\t<\/div>\n\t\t<\/div>\n\t\t\n\n\n\t\t<div class=\"t2-simple-media-text alignwide is-mode-constrained is-gap-center has-media-on-the-right wp-block-t2-simple-media-text has-background has-smt-additional-green-background-color\">\n\t\t\t<div class=\"t2-simple-media-text__container\">\n\t\t\t\t<figure class=\"t2-simple-media-text__image\"><img loading=\"lazy\" width=\"768\" height=\"512\" src=\"https:\/\/www.tryggtrafikk.no\/content\/uploads\/sites\/9\/2024\/03\/bekky-bekks-kjF7-DfBGJU-unsplash-768x512.jpg\" class=\"wp-image-123 size-medium_large attachment-medium_large\" alt=\"Grafittihjerte i gr\u00f8nt p\u00e5 steinvegg.\" style=\"--focalpoint: 50% 50%;\" srcset=\"https:\/\/www.tryggtrafikk.no\/content\/uploads\/sites\/9\/2024\/03\/bekky-bekks-kjF7-DfBGJU-unsplash-768x512.jpg 768w, https:\/\/www.tryggtrafikk.no\/content\/uploads\/sites\/9\/2024\/03\/bekky-bekks-kjF7-DfBGJU-unsplash-300x200.jpg 300w, https:\/\/www.tryggtrafikk.no\/content\/uploads\/sites\/9\/2024\/03\/bekky-bekks-kjF7-DfBGJU-unsplash-1024x683.jpg 1024w, https:\/\/www.tryggtrafikk.no\/content\/uploads\/sites\/9\/2024\/03\/bekky-bekks-kjF7-DfBGJU-unsplash-1536x1024.jpg 1536w, https:\/\/www.tryggtrafikk.no\/content\/uploads\/sites\/9\/2024\/03\/bekky-bekks-kjF7-DfBGJU-unsplash-2048x1365.jpg 2048w\" sizes=\"auto, (max-width: 768px) 100vw, 768px\" \/><\/figure>\n\t\t\t\t<div class=\"t2-simple-media-text__content-container\">\n\t\t\t\t\t<div class=\"t2-simple-media-text__content\">\n\t\t\t\t\t\t<div class=\"t2-simple-media-text__content-inner is-layout-flow\">\n\t\t\t\t\t\t\t\n\n<h2 class=\"wp-block-heading\" id=\"h-hjertesone-tryggere-skolevei\"><a href=\"https:\/\/www.tryggtrafikk.no\/barnehage-og-skole\/hjertesone-tryggere-skolevei\/\" target=\"_blank\" rel=\"noreferrer noopener\">Hjertesone &#8211; tryggere skolevei<\/a><\/h2>\n\n\n\n<p>En hjertesone rundt skolen gj\u00f8r det sikrere for elevene \u00e5 g\u00e5 eller sykle. Mindre biltrafikk og tryggere stopp- og hentesoner er bra for alle!<\/p>\n\n\n\n<p>Det er mange m\u00e5ter \u00e5 lage en hjertesone p\u00e5.&nbsp;Det finnes ikke en ferdig oppskrift p\u00e5 hva som er en hjertesone. Det er fordi en hjertesone m\u00e5 tilpasses trafikkmilj\u00f8et og mulighetene som finnes ved hver enkelt skole.<\/p>\n\n\n\t\t\t\t\t\t<\/div>\n\t\t\t\t\t<\/div>\n\t\t\t\t<\/div>\n\t\t\t<\/div>\n\t\t<\/div>\n\t\t","protected":false},"excerpt":{"rendered":"<p>Vi jobber for best mulig trafikksikkerhet for alle. V\u00e5r visjon er at ingen skal bli drept eller hardt skadd i trafikken.<\/p>\n","protected":false},"author":1,"featured_media":0,"parent":0,"menu_order":0,"comment_status":"closed","ping_status":"closed","template":"","meta":{"show_toc":false,"tryggtrafikk_poll_votes":[],"hide_header_title":false,"alt_breadcrumbs_title":"","footnotes":"","boosted":0},"cs_tag":[],"class_list":["post-23","page","type-page","status-publish","hentry"],"yoast_head":"<!-- This site is optimized with the Yoast SEO Premium plugin v26.1 (Yoast SEO v26.1.1) - https:\/\/yoast.com\/wordpress\/plugins\/seo\/ -->\n<title>Trygg Trafikk Troms - Trygg Trafikk - Fylkeskontorer<\/title>\n<meta name=\"description\" content=\"Vi jobber for best mulig trafikksikkerhet for alle. V\u00e5r visjon er at ingen skal bli drept eller hardt skadd i trafikken.\" \/>\n<meta name=\"robots\" content=\"index, follow, max-snippet:-1, max-image-preview:large, max-video-preview:-1\" \/>\n<link rel=\"canonical\" href=\"https:\/\/www.tryggtrafikk.no\/fylkeskontorer\/trygg-trafikk-troms\/\" \/>\n<meta property=\"og:locale\" content=\"nb_NO\" \/>\n<meta property=\"og:type\" content=\"article\" \/>\n<meta property=\"og:title\" content=\"Trygg Trafikk Troms\" \/>\n<meta property=\"og:description\" content=\"Vi jobber for best mulig trafikksikkerhet for alle. V\u00e5r visjon er at ingen skal bli drept eller hardt skadd i trafikken.\" \/>\n<meta property=\"og:url\" content=\"https:\/\/www.tryggtrafikk.no\/fylkeskontorer\/trygg-trafikk-troms\/\" \/>\n<meta property=\"og:site_name\" content=\"Trygg Trafikk - Fylkeskontorer\" \/>\n<meta property=\"article:modified_time\" content=\"2026-03-06T07:21:10+00:00\" \/>\n<meta name=\"twitter:card\" content=\"summary_large_image\" \/>\n<meta name=\"twitter:label1\" content=\"Ansl. lesetid\" \/>\n\t<meta name=\"twitter:data1\" content=\"3 minutter\" \/>\n<script type=\"application\/ld+json\" class=\"yoast-schema-graph\">{\"@context\":\"https:\/\/schema.org\",\"@graph\":[{\"@type\":\"WebPage\",\"@id\":\"https:\/\/www.tryggtrafikk.no\/fylkeskontorer\/trygg-trafikk-troms\/\",\"url\":\"https:\/\/www.tryggtrafikk.no\/fylkeskontorer\/trygg-trafikk-troms\/\",\"name\":\"Trygg Trafikk Troms - Trygg Trafikk - Fylkeskontorer\",\"isPartOf\":{\"@id\":\"https:\/\/www.tryggtrafikk.no\/fylkeskontorer\/#website\"},\"datePublished\":\"2024-01-17T12:20:28+00:00\",\"dateModified\":\"2026-03-06T07:21:10+00:00\",\"description\":\"Vi jobber for best mulig trafikksikkerhet for alle. V\u00e5r visjon er at ingen skal bli drept eller hardt skadd i trafikken.\",\"breadcrumb\":{\"@id\":\"https:\/\/www.tryggtrafikk.no\/fylkeskontorer\/trygg-trafikk-troms\/#breadcrumb\"},\"inLanguage\":\"nb-NO\",\"potentialAction\":[{\"@type\":\"ReadAction\",\"target\":[\"https:\/\/www.tryggtrafikk.no\/fylkeskontorer\/trygg-trafikk-troms\/\"]}]},{\"@type\":\"BreadcrumbList\",\"@id\":\"https:\/\/www.tryggtrafikk.no\/fylkeskontorer\/trygg-trafikk-troms\/#breadcrumb\",\"itemListElement\":[{\"@type\":\"ListItem\",\"position\":1,\"name\":\"Home\",\"item\":\"https:\/\/www.tryggtrafikk.no\/fylkeskontorer\/\"},{\"@type\":\"ListItem\",\"position\":2,\"name\":\"Trygg Trafikk Troms\"}]},{\"@type\":\"WebSite\",\"@id\":\"https:\/\/www.tryggtrafikk.no\/fylkeskontorer\/#website\",\"url\":\"https:\/\/www.tryggtrafikk.no\/fylkeskontorer\/\",\"name\":\"Trygg Trafikk - Fylkeskontorer\",\"description\":\"\",\"potentialAction\":[{\"@type\":\"SearchAction\",\"target\":{\"@type\":\"EntryPoint\",\"urlTemplate\":\"https:\/\/www.tryggtrafikk.no\/fylkeskontorer\/?s={search_term_string}\"},\"query-input\":{\"@type\":\"PropertyValueSpecification\",\"valueRequired\":true,\"valueName\":\"search_term_string\"}}],\"inLanguage\":\"nb-NO\"}]}<\/script>\n<!-- \/ Yoast SEO Premium plugin. -->","yoast_head_json":{"title":"Trygg Trafikk Troms - Trygg Trafikk - Fylkeskontorer","description":"Vi jobber for best mulig trafikksikkerhet for alle. V\u00e5r visjon er at ingen skal bli drept eller hardt skadd i trafikken.","robots":{"index":"index","follow":"follow","max-snippet":"max-snippet:-1","max-image-preview":"max-image-preview:large","max-video-preview":"max-video-preview:-1"},"canonical":"https:\/\/www.tryggtrafikk.no\/fylkeskontorer\/trygg-trafikk-troms\/","og_locale":"nb_NO","og_type":"article","og_title":"Trygg Trafikk Troms","og_description":"Vi jobber for best mulig trafikksikkerhet for alle. V\u00e5r visjon er at ingen skal bli drept eller hardt skadd i trafikken.","og_url":"https:\/\/www.tryggtrafikk.no\/fylkeskontorer\/trygg-trafikk-troms\/","og_site_name":"Trygg Trafikk - Fylkeskontorer","article_modified_time":"2026-03-06T07:21:10+00:00","twitter_card":"summary_large_image","twitter_misc":{"Ansl. lesetid":"3 minutter"},"schema":{"@context":"https:\/\/schema.org","@graph":[{"@type":"WebPage","@id":"https:\/\/www.tryggtrafikk.no\/fylkeskontorer\/trygg-trafikk-troms\/","url":"https:\/\/www.tryggtrafikk.no\/fylkeskontorer\/trygg-trafikk-troms\/","name":"Trygg Trafikk Troms - Trygg Trafikk - Fylkeskontorer","isPartOf":{"@id":"https:\/\/www.tryggtrafikk.no\/fylkeskontorer\/#website"},"datePublished":"2024-01-17T12:20:28+00:00","dateModified":"2026-03-06T07:21:10+00:00","description":"Vi jobber for best mulig trafikksikkerhet for alle. V\u00e5r visjon er at ingen skal bli drept eller hardt skadd i trafikken.","breadcrumb":{"@id":"https:\/\/www.tryggtrafikk.no\/fylkeskontorer\/trygg-trafikk-troms\/#breadcrumb"},"inLanguage":"nb-NO","potentialAction":[{"@type":"ReadAction","target":["https:\/\/www.tryggtrafikk.no\/fylkeskontorer\/trygg-trafikk-troms\/"]}]},{"@type":"BreadcrumbList","@id":"https:\/\/www.tryggtrafikk.no\/fylkeskontorer\/trygg-trafikk-troms\/#breadcrumb","itemListElement":[{"@type":"ListItem","position":1,"name":"Home","item":"https:\/\/www.tryggtrafikk.no\/fylkeskontorer\/"},{"@type":"ListItem","position":2,"name":"Trygg Trafikk Troms"}]},{"@type":"WebSite","@id":"https:\/\/www.tryggtrafikk.no\/fylkeskontorer\/#website","url":"https:\/\/www.tryggtrafikk.no\/fylkeskontorer\/","name":"Trygg Trafikk - Fylkeskontorer","description":"","potentialAction":[{"@type":"SearchAction","target":{"@type":"EntryPoint","urlTemplate":"https:\/\/www.tryggtrafikk.no\/fylkeskontorer\/?s={search_term_string}"},"query-input":{"@type":"PropertyValueSpecification","valueRequired":true,"valueName":"search_term_string"}}],"inLanguage":"nb-NO"}]}},"_links":{"self":[{"href":"https:\/\/www.tryggtrafikk.no\/fylkeskontorer\/wp-json\/wp\/v2\/pages\/23","targetHints":{"allow":["GET"]}}],"collection":[{"href":"https:\/\/www.tryggtrafikk.no\/fylkeskontorer\/wp-json\/wp\/v2\/pages"}],"about":[{"href":"https:\/\/www.tryggtrafikk.no\/fylkeskontorer\/wp-json\/wp\/v2\/types\/page"}],"author":[{"embeddable":true,"href":"https:\/\/www.tryggtrafikk.no\/fylkeskontorer\/wp-json\/wp\/v2\/users\/1"}],"replies":[{"embeddable":true,"href":"https:\/\/www.tryggtrafikk.no\/fylkeskontorer\/wp-json\/wp\/v2\/comments?post=23"}],"version-history":[{"count":4,"href":"https:\/\/www.tryggtrafikk.no\/fylkeskontorer\/wp-json\/wp\/v2\/pages\/23\/revisions"}],"predecessor-version":[{"id":1146,"href":"https:\/\/www.tryggtrafikk.no\/fylkeskontorer\/wp-json\/wp\/v2\/pages\/23\/revisions\/1146"}],"wp:attachment":[{"href":"https:\/\/www.tryggtrafikk.no\/fylkeskontorer\/wp-json\/wp\/v2\/media?parent=23"}],"wp:term":[{"taxonomy":"cs_tag","embeddable":true,"href":"https:\/\/www.tryggtrafikk.no\/fylkeskontorer\/wp-json\/wp\/v2\/cs_tag?post=23"}],"curies":[{"name":"wp","href":"https:\/\/api.w.org\/{rel}","templated":true}]}}