{"id":173,"date":"2024-03-18T12:39:48","date_gmt":"2024-03-18T12:39:48","guid":{"rendered":"https:\/\/www.tryggtrafikk.no\/ung\/?page_id=173"},"modified":"2026-04-01T08:15:19","modified_gmt":"2026-04-01T08:15:19","slug":"valgfaget-trafikk","status":"publish","type":"page","link":"https:\/\/www.tryggtrafikk.no\/ung\/ungdomsskole\/valgfaget-trafikk\/","title":{"rendered":"L\u00e6ring for livet"},"content":{"rendered":"\n\t<div style=\"--t2-hero-dim:0.5;\" class=\"t2-hero t2-hero-content-position-center-center t2-hero-has-dim-50 t2-hero-has-fullsize-image alignfull is-style-hero-2026 wp-block-t2-hero\">\n\t\t<img width=\"1024\" height=\"683\" src=\"https:\/\/www.tryggtrafikk.no\/content\/uploads\/sites\/6\/2024\/02\/why-kei-8e2gal_GIE8-unsplash_lav-1024x683.jpg\" class=\"t2-hero__image\" alt=\"Ung mann med h\u00e5nd p\u00e5 rattet der bildet er tatt fra baksetet.\" style=\"object-position: 50% 50%;\" loading=\"eager\" fetchpriority=\"high\" srcset=\"https:\/\/www.tryggtrafikk.no\/content\/uploads\/sites\/6\/2024\/02\/why-kei-8e2gal_GIE8-unsplash_lav-1024x683.jpg 1024w, https:\/\/www.tryggtrafikk.no\/content\/uploads\/sites\/6\/2024\/02\/why-kei-8e2gal_GIE8-unsplash_lav-300x200.jpg 300w, https:\/\/www.tryggtrafikk.no\/content\/uploads\/sites\/6\/2024\/02\/why-kei-8e2gal_GIE8-unsplash_lav-768x512.jpg 768w, https:\/\/www.tryggtrafikk.no\/content\/uploads\/sites\/6\/2024\/02\/why-kei-8e2gal_GIE8-unsplash_lav-1536x1024.jpg 1536w, https:\/\/www.tryggtrafikk.no\/content\/uploads\/sites\/6\/2024\/02\/why-kei-8e2gal_GIE8-unsplash_lav-2048x1365.jpg 2048w\" sizes=\"(max-width: 1024px) 100vw, 1024px\" \/>\n\t\t<div class=\"t2-hero__header\"><div class=\"t2-hero__header__content\">\n<div class=\"site-breadcrumbs has-text-align-left\"><span><span><a href=\"https:\/\/www.tryggtrafikk.no\/ung\/\">Home<\/a><\/span><\/span><\/div><h1 class=\"has-text-align-left alignwide wp-block-post-title\">L\u00e6ring for livet<\/h1>\n\n\n<p class=\"has-text-align-left pre-title\">Valgfaget trafikk<\/p>\n\n\n\n<p class=\"has-text-align-left\">Valgfag trafikk gir l\u00e6rere et engasjerende fag med mening \u2013 der teori m\u00f8ter praksis, og elevene l\u00e6rer ansvar i virkelige situasjoner. Faget f\u00f8lger l\u00e6rerplanen, dekker deler av trafikalt grunnkurs og gir ungdom et fortrinn f\u00f8r de selv skal ut i trafikken. <\/p>\n\n<\/div><\/div>\n\t<\/div>\n\n\n<hr class=\"wp-block-separator has-alpha-channel-opacity\"\/>\n\n\n\n<h2 class=\"wp-block-heading alignfull has-text-align-center\" id=\"h-bruk-det-digitale-laereverket-i-undervisningen\">Bruk det digitale l\u00e6reverket i undervisningen.<\/h2>\n\n\n\n<div class=\"wp-block-buttons alignwide is-nowrap is-layout-flex wp-container-core-buttons-is-layout-1 wp-block-buttons-is-layout-flex\">\n<div class=\"wp-block-button has-custom-width wp-block-button__width-50\"><a class=\"wp-block-button__link wp-element-button\" href=\"https:\/\/nettskolen.tryggtrafikk.no\/Account\/Login?ReturnUrl=%2F&amp;_ga=2.78644055.296055212.1710795925-625084258.1696245066\" target=\"_blank\" rel=\"noreferrer noopener\">LOGG INN P\u00c5 L\u00c6REVERKET<\/a><\/div>\n\n\n\n<div class=\"wp-block-button has-custom-width wp-block-button__width-50\"><a class=\"wp-block-button__link wp-element-button\" href=\"https:\/\/www.youtube.com\/watch?v=nsDYOVBr980\" target=\"_blank\" rel=\"noreferrer noopener\">VIDEO TIL HJELP<\/a><\/div>\n<\/div>\n\n\n\n<div class=\"wp-block-buttons is-content-justification-center is-layout-flex wp-container-core-buttons-is-layout-2 wp-block-buttons-is-layout-flex\">\n<div class=\"wp-block-button\"><a class=\"wp-block-button__link wp-element-button\" href=\"https:\/\/www.tryggtrafikk.no\/ung\/ung\/valgfaget-trafikk\/informasjon-om-valgfaget-trafikk\/\">Ofte stilte sp\u00f8rsm\u00e5l om valgfaget trafikk<\/a><\/div>\n<\/div>\n\n\n\n\t\t<div class=\"t2-factbox wp-block-t2-factbox\" id=\"t2-factbox\">\n\t\t\t<div class=\"t2-factbox__content\">\n\t\t\t\t<div class=\"t2-factbox__blocks t2-factbox__inner-container is-layout-flow\">\n\t\t\t\t\t\n\n<h2 class=\"wp-block-heading\" id=\"h-hvordan-bruke-feide\">Hvordan bruke FEIDE<\/h2>\n\n\n\n<p>Til IKT-ansvarlig i kommunen: Vedlagt avtale er basert p\u00e5 FEIDEs forslag til databehandleravtale. Dette gj\u00f8r du for \u00e5 f\u00e5 tilgang til l\u00e6reverket:<\/p>\n\n\n\n<ul class=\"wp-block-list\">\n<li>Fyll inn organisasjonsnummer<\/li>\n\n\n\n<li>Fyll inn navn p\u00e5 ansvarlig person og kommunenavn<\/li>\n\n\n\n<li>Signer og returner avtalen til nettskolen@tryggtrafikk.no<\/li>\n<\/ul>\n\n\n\n<p>Vi signerer og sender tilbake.<\/p>\n\n\n\n<p><strong><a href=\"https:\/\/www.tryggtrafikk.no\/content\/uploads\/2024\/08\/Databehandleravtale-nettskolentryggtrafikk.pdf\">Last ned Databehandleravtale for Nettskolen.tryggtrafikk.no<\/a><\/strong><\/p>\n\n\n\t\t\t\t<\/div>\n\t\t\t\t\n\t\t\t<\/div>\n\t\t\t\n\t\t<\/div>\n\n<div class=\"t2-accordion alignwide wp-block-t2-accordion\" data-allow-multiple=\"1\" role=\"list\">\n<div class=\"t2-accordion-item wp-block-t2-accordion-item\" role=\"listitem\">\n\t\t\t<h2 class=\"t2-accordion-title\">\n\t\t\t\t<button type=\"button\" class=\"t2-accordion-trigger\" id=\"skolens-ansvar\" aria-controls=\"accordion-panel\" aria-expanded=\"false\">\n\t\t\t\t\tSkolens ansvar\n\t\t\t\t\t<span class=\"t2-accordion-icon is-closed-icon\"><\/span>\n\t\t\t\t\t<span class=\"t2-accordion-icon is-open-icon\"><\/span>\n\t\t\t\t<\/button>\n\t\t\t<\/h2>\n\t\t\t<div class=\"t2-accordion-item__inner-container is-layout-flow\" id=\"accordion-panel\" aria-labelledby=\"skolens-ansvar\" role=\"region\" hidden>\n\t\t\t\t\n\n<p>Skolen skal legge til rette for bred variasjon i metoder og ta i bruk forskjellige l\u00e6ringsarenaer. I valgfaget trafikk er det naturlig at skolen samarbeider med etater og organisasjoner som er opptatt av samferdsel og trafikksikkerhet. Deler av oppl\u00e6ringen m\u00e5 skje ute i trafikken, og den m\u00e5 legge til rette for praktisk trening med klare regler og under forsvarlige forhold. Valgfaget trafikk skal ta utgangspunkt i elevenes egne erfaringer som trafikanter, b\u00e5de som fotgjengere, syklister og passasjerer. Elevene kan vise sin kompetanse gjennom demonstrasjoner, diskusjoner og presentasjoner.<\/p>\n\n\n\t\t\t<\/div>\n\t\t<\/div>\n\n<div class=\"t2-accordion-item wp-block-t2-accordion-item\" role=\"listitem\">\n\t\t\t<h2 class=\"t2-accordion-title\">\n\t\t\t\t<button type=\"button\" class=\"t2-accordion-trigger\" id=\"trafikalt-grunnkurs-integrert-i-valgfaget-trafikk\" aria-controls=\"accordion-panel-1\" aria-expanded=\"false\">\n\t\t\t\t\tTrafikalt grunnkurs integrert i Valgfaget trafikk\n\t\t\t\t\t<span class=\"t2-accordion-icon is-closed-icon\"><\/span>\n\t\t\t\t\t<span class=\"t2-accordion-icon is-open-icon\"><\/span>\n\t\t\t\t<\/button>\n\t\t\t<\/h2>\n\t\t\t<div class=\"t2-accordion-item__inner-container is-layout-flow\" id=\"accordion-panel-1\" aria-labelledby=\"trafikalt-grunnkurs-integrert-i-valgfaget-trafikk\" role=\"region\" hidden>\n\t\t\t\t\n\n<p>Trafikalt grunnkurs kan bare tilbys som en integrert del av valgfaget trafikk. Det trafikale grunnkurset vil f\u00f8rst v\u00e6re godkjent etter at valgfaget er fullf\u00f8rt. Skolene har ikke lenger mulighet til \u00e5 tilby 17-timerskurset separat.<\/p>\n\n\n\n<p>Valgfaget har f\u00e5tt ny l\u00e6replan. Trafikalt grunnkurs kan inng\u00e5 i dette faget for elever i 9. eller 10. trinn, dersom l\u00e6reren har kvalifiseringskurset og gruppest\u00f8rrelsen er maks 18 elever. For at trafikalt grunnkurs skal bli godkjent som en del av valgfaget m\u00e5 b\u00e5de kravene i trafikkoppl\u00e6ringsforskriften og l\u00e6replanen for valgfaget f\u00f8lges.<\/p>\n\n\n\n<p><a href=\"https:\/\/www.udir.no\/laring-og-trivsel\/lareplanverket\/fagspesifikk-stotte\/nytt-i-fagene\/hva-er-nytt-i-trafikk\/\">Udir skriver f\u00f8lgende om valgfaget<\/a>:&nbsp;&nbsp;<\/p>\n\n\n\n<p>\u00abDet er tre kjerneelementer i planen, og det nye emnet i valgfaget er folkehelse og milj\u00f8. Dette \u00e5pner for flere muligheter i faget, b\u00e5de med tanke p\u00e5 fysisk aktivitet, b\u00e6rekraftig utvikling, folkehelse og livsmestring.&nbsp;&nbsp;<\/p>\n\n\n\n<p>Den nye l\u00e6replanen er mindre bundet til konkrete formuleringer i trafikalt grunnkurs. Grunnen er at prosessen rundt dagens l\u00e6replan var n\u00e6rt knyttet til at valgfaget skulle dekke sentrale emner i trafikalt grunnkurs (TG). N\u00e5 er det formelle etablert og kjent og l\u00e6replanen har mer overordnede kompetansem\u00e5l\u00bb.&nbsp;&nbsp;&nbsp;<\/p>\n\n\n\n<p>Hvordan valgfaget organiseres, er opp til den enkelte skole.<\/p>\n\n\n\n<p>Sp\u00f8rsm\u00e5l knyttet til trafikkoppl\u00e6ringsforskriften rettes SVV og til Udir vedr\u00f8rende oppl\u00e6ringsloven.<\/p>\n\n\n\t\t\t<\/div>\n\t\t<\/div>\n\n<div class=\"t2-accordion-item wp-block-t2-accordion-item\" role=\"listitem\">\n\t\t\t<h2 class=\"t2-accordion-title\">\n\t\t\t\t<button type=\"button\" class=\"t2-accordion-trigger\" id=\"kravet-for-\u00e5-f\u00e5-valgfaget-godkjent-som-trafikalt-grunnkurs\" aria-controls=\"accordion-panel-2\" aria-expanded=\"false\">\n\t\t\t\t\tKravet for \u00e5 f\u00e5 valgfaget godkjent som trafikalt grunnkurs\n\t\t\t\t\t<span class=\"t2-accordion-icon is-closed-icon\"><\/span>\n\t\t\t\t\t<span class=\"t2-accordion-icon is-open-icon\"><\/span>\n\t\t\t\t<\/button>\n\t\t\t<\/h2>\n\t\t\t<div class=\"t2-accordion-item__inner-container is-layout-flow\" id=\"accordion-panel-2\" aria-labelledby=\"kravet-for-\u00e5-f\u00e5-valgfaget-godkjent-som-trafikalt-grunnkurs\" role=\"region\" hidden>\n\t\t\t\t\n\n<p>For \u00e5 f\u00e5 valgfaget godkjent som trafikalt grunnkurs, m\u00e5 skolen oppfylle f\u00f8lgende krav:<\/p>\n\n\n\n<p><strong>Eleven m\u00e5:&nbsp;<\/strong><\/p>\n\n\n\n<ul class=\"wp-block-list\">\n<li>v\u00e6re til stede under hele f\u00f8rstehjelpsoppl\u00e6ringen og totalt minst 80 prosent av valgfagets 57 timer<\/li>\n\n\n\n<li>v\u00e6re elev p\u00e5 9. eller 10. trinn<\/li>\n\n\n\n<li>ta m\u00f8rkekj\u00f8ringsdelen ved en trafikkskole, slik det er beskrevet i Trafikkoppl\u00e6ringsforskriftens \u00a7 8-5.<\/li>\n<\/ul>\n\n\n\n<p><strong>L\u00e6reren m\u00e5:&nbsp;<\/strong><\/p>\n\n\n\n<ul class=\"wp-block-list\">\n<li>v\u00e6re godkjent trafikkl\u00e6rer, eller l\u00e6rer med f\u00f8rerkort klasse B og godkjent spesialutdanning av Vegdirektoratet.<\/li>\n\n\n\n<li>undervisningen m\u00e5 gjennomf\u00f8res med maksimalt 18 elever.<\/li>\n<\/ul>\n\n\n\n<p><a href=\"https:\/\/www.vegvesen.no\/forerkort\/ta-forerkort\/valgfag-trafikk\" target=\"_blank\" rel=\"noreferrer noopener\">Les mer her!<\/a><\/p>\n\n\n\t\t\t<\/div>\n\t\t<\/div>\n\n<div class=\"t2-accordion-item wp-block-t2-accordion-item\" role=\"listitem\">\n\t\t\t<h2 class=\"t2-accordion-title\">\n\t\t\t\t<button type=\"button\" class=\"t2-accordion-trigger\" id=\"eksempler-p\u00e5-temaplan-forslag-til-oppgaver-i-faget-gjennom-skole\u00e5ret.\" aria-controls=\"accordion-panel-3\" aria-expanded=\"false\">\n\t\t\t\t\tEksempler p\u00e5 temaplan &#8211; forslag til oppgaver i faget gjennom skole\u00e5ret.\n\t\t\t\t\t<span class=\"t2-accordion-icon is-closed-icon\"><\/span>\n\t\t\t\t\t<span class=\"t2-accordion-icon is-open-icon\"><\/span>\n\t\t\t\t<\/button>\n\t\t\t<\/h2>\n\t\t\t<div class=\"t2-accordion-item__inner-container is-layout-flow\" id=\"accordion-panel-3\" aria-labelledby=\"eksempler-p\u00e5-temaplan-forslag-til-oppgaver-i-faget-gjennom-skole\u00e5ret.\" role=\"region\" hidden>\n\t\t\t\t\n\n<p>Denne&nbsp;<a href=\"https:\/\/rise.articulate.com\/share\/D_CUl6P1DcfYPf5FIsiPgFxb191w_jZL\">temaplanen<\/a>&nbsp;viser eksempler p\u00e5 temaer som sammen kan ramme inn l\u00e6replanen i valgfaget trafikk. Planen er ment som en hjelp til skolene i \u00e5 systematisere arbeidet med faget gjennom skole\u00e5ret. Temaplanen tar utgangspunkt i Kunnskapsl\u00f8ftet 2020 (LK20). L\u00e6replanen i faget er f\u00f8rende for innholdet. Planen gir veiledende forslag til blant annet organisering, tverrfaglige koblinger og arbeid med vurdering i faget.<\/p>\n\n\n\n<p>Planen b\u00f8r diskuteres p\u00e5 tvers av kollegiet da ulike fag kan inng\u00e5 i samarbeid med valgfaget trafikk. Vi h\u00e5per at planen kan vise at trafikkoppl\u00e6ring har en bred relevans i skolen og inspirere til \u00e5 trekke valgfaget trafikk inn i andre fag.<\/p>\n\n\n\n<p>Til hvert tema er det ogs\u00e5 lagt inn m\u00e5l fra l\u00e6replanen i trafikalt grunnkurs. P\u00e5 denne m\u00e5ten inkluderes dette i arbeidet med l\u00e6replanen for valgfaget.<\/p>\n\n\n\t\t\t<\/div>\n\t\t<\/div>\n<\/div>\n\n\n\t\t<div class=\"t2-simple-media-text alignwide is-mode-constrained is-gap-center wp-block-t2-simple-media-text has-background has-ung-green-background-color\">\n\t\t\t<div class=\"t2-simple-media-text__container\">\n\t\t\t\t<figure class=\"t2-simple-media-text__image\" aria-labelledby=\"t2-simple-media-text\"><img loading=\"lazy\" width=\"768\" height=\"853\" src=\"https:\/\/www.tryggtrafikk.no\/content\/uploads\/sites\/6\/2025\/03\/018_te-9380-1080x1200_c-768x853.jpg\" class=\"wp-image-925 size-medium_large attachment-medium_large\" alt=\"\" style=\"--focalpoint: 50% 50%;\" srcset=\"https:\/\/www.tryggtrafikk.no\/content\/uploads\/sites\/6\/2025\/03\/018_te-9380-1080x1200_c-768x853.jpg 768w, https:\/\/www.tryggtrafikk.no\/content\/uploads\/sites\/6\/2025\/03\/018_te-9380-1080x1200_c-270x300.jpg 270w, https:\/\/www.tryggtrafikk.no\/content\/uploads\/sites\/6\/2025\/03\/018_te-9380-1080x1200_c-922x1024.jpg 922w, https:\/\/www.tryggtrafikk.no\/content\/uploads\/sites\/6\/2025\/03\/018_te-9380-1080x1200_c.jpg 1080w\" sizes=\"auto, (max-width: 768px) 100vw, 768px\" \/><figcaption id=\"t2-simple-media-text\" class=\"wp-element-caption screen-reader-text\">Nittedal 20230221; F\u00f8rstehjelpsmesterne; Ungdom p\u00e5 ulykkessted<\/figcaption><\/figure>\n\t\t\t\t<div class=\"t2-simple-media-text__content-container\">\n\t\t\t\t\t<div class=\"t2-simple-media-text__content\">\n\t\t\t\t\t\t<div class=\"t2-simple-media-text__content-inner is-layout-flow\">\n\t\t\t\t\t\t\t\n\n<h2 class=\"wp-block-heading\" id=\"h-underveis\"><a href=\"https:\/\/underveis.co\/\" target=\"_blank\" rel=\"noreferrer noopener\">UNDERVEIS<\/a><\/h2>\n\n\n\n<p>Undervisningsressurser basert p\u00e5 overordnet del og l\u00e6replanm\u00e5l i fag for ungdomsskole og videreg\u00e5ende. Her finner du engasjerende aktivitetsoppgaver, filmer og interaktive opplegg som er enkle \u00e5 bruke!<\/p>\n\n\n\t\t\t\t\t\t<\/div>\n\t\t\t\t\t<\/div>\n\t\t\t\t<\/div>\n\t\t\t<\/div>\n\t\t<\/div>\n\t\t\n\n\n<h2 class=\"wp-block-heading has-text-align-left\" id=\"h-bruk-valgfaget-trafikk-til-a-bygge-gode-relasjoner-til-elevene\">Bruk valgfaget trafikk til \u00e5 bygge gode relasjoner til elevene<\/h2>\n\n\n\n<h3 class=\"wp-block-heading\" id=\"h-a-bygge-verdier-gjennom-relasjoner\"><strong>\u00c5 bygge verdier gjennom  relasjoner<\/strong><\/h3>\n\n\n\n<p>Utgangspunktet for trygg trafikkoppl\u00e6ring er ganske enkelt \u2013 menneskets ukrenkelige og unike verdi! Det er grunnen til at definisjonen av trafikkfaglig oppl\u00e6ring og kompetanse blant annet tar utgangspunkt i menneskerettighetene, og i verdiene som kommer frem i overordnet del. Det betyr at skade p\u00e5 materiell, kostnader og andre problemstillinger knyttet til trafikk er underordnet og uvesentlig satt opp mot menneskets eksistens og verdi \u2013 noe som skal overstyre alle andre vurderinger.<\/p>\n\n\n\n<p>Vi tar likevel mange valg i trafikken som ikke er forenlig med menneskets ukrenkelige verdi. Det kan v\u00e6re \u00e5 kj\u00f8re rusp\u00e5virket, kj\u00f8re for fort, uoppmerksom, bruk av mobiltelefon og flere ting av ulik alvorlighetsgrad.<\/p>\n\n\n\n<h3 class=\"wp-block-heading\" id=\"h-valgfagene-er-et-pusterom\"><strong>Valgfagene er et pusterom<\/strong><\/h3>\n\n\n\n<p>Valgfagene skal v\u00e6re et \u00abpusterom\u00bb for elevene i en travel skolehverdag. De skal l\u00e6re og utvikle fagkompetanse, men samtidig representerer faget det eneste valget av fag elevene gj\u00f8r p\u00e5 ungdomstrinnet. Elevene g\u00e5r derfor inn i faget med et \u00f8nske om \u00e5 l\u00e6re og er motivert. Det er derfor viktig \u00e5 benytte denne motivasjonen til \u00e5 bygge gode relasjoner til elevene.<\/p>\n\n\n\n<h3 class=\"wp-block-heading\" id=\"h-tenk-spor-gjor\"><strong>Tenk \u2013 Sp\u00f8r \u2013 Gj\u00f8r<\/strong><\/h3>\n\n\n\n<p><strong>Tenk<\/strong>&nbsp;\u2013 hvordan er relasjonen min til denne eleven, og hvordan kan jeg m\u00f8te den eleven med temaet vi skal l\u00e6re om? Hva er det han\/hun motiveres av, og hvilke strategier kan fungere?<\/p>\n\n\n\n<p><strong>Sp\u00f8r<\/strong>&nbsp;\u2013 I tilfeller der du som l\u00e6rer er usikker, er det viktig \u00e5 v\u00e6re i dialog med eleven om hvilken strategi og hvordan de \u00f8nsker \u00e5 l\u00e6re. \u00c5 sp\u00f8rre dem om hva de \u00f8nsker \u00e5 l\u00e6re om innenfor et tema kan ofte v\u00e6re bortkastet da elevene gjerne ikke har noen formening om dette. Sp\u00f8r dem heller om hvordan de vil jobbe og begynn der. Strategier og metode er derfor det sentrale. Etter hvert, n\u00e5r l\u00e6ringen er i gang, vil de lettere kunne si noe om hva de \u00f8nske \u00e5 l\u00e6re mer om.<\/p>\n\n\n\n<p><strong>Gj\u00f8r<\/strong>&nbsp;\u2013 sett n\u00e5 ut i livet. Pr\u00f8v, gj\u00f8r feil og juster underveis. Pr\u00f8ving og feiling er n\u00f8kkelen til suksess.<\/p>\n\n\n\n\t\t<div class=\"t2-simple-media-text alignwide is-mode-constrained is-gap-center wp-block-t2-simple-media-text has-background has-ung-veivalg-light-background-color\">\n\t\t\t<div class=\"t2-simple-media-text__container\">\n\t\t\t\t<figure class=\"t2-simple-media-text__image\"><img loading=\"lazy\" width=\"768\" height=\"523\" src=\"https:\/\/www.tryggtrafikk.no\/content\/uploads\/sites\/6\/2024\/03\/COLOURBOX17182727-768x523.jpeg\" class=\"wp-image-254 size-medium_large attachment-medium_large\" alt=\"Bilde som viser en l\u00e6rer og elev.\" style=\"--focalpoint: 50% 50%;\" srcset=\"https:\/\/www.tryggtrafikk.no\/content\/uploads\/sites\/6\/2024\/03\/COLOURBOX17182727-768x523.jpeg 768w, https:\/\/www.tryggtrafikk.no\/content\/uploads\/sites\/6\/2024\/03\/COLOURBOX17182727-300x204.jpeg 300w, https:\/\/www.tryggtrafikk.no\/content\/uploads\/sites\/6\/2024\/03\/COLOURBOX17182727-1024x697.jpeg 1024w, https:\/\/www.tryggtrafikk.no\/content\/uploads\/sites\/6\/2024\/03\/COLOURBOX17182727-1536x1046.jpeg 1536w, https:\/\/www.tryggtrafikk.no\/content\/uploads\/sites\/6\/2024\/03\/COLOURBOX17182727.jpeg 2048w\" sizes=\"auto, (max-width: 768px) 100vw, 768px\" \/><\/figure>\n\t\t\t\t<div class=\"t2-simple-media-text__content-container\">\n\t\t\t\t\t<div class=\"t2-simple-media-text__content\">\n\t\t\t\t\t\t<div class=\"t2-simple-media-text__content-inner is-layout-flow\">\n\t\t\t\t\t\t\t\n\n<h2 class=\"wp-block-heading\" id=\"h-kunnskapsloftet-2020\"><a href=\"https:\/\/www.tryggtrafikk.no\/barnehage-og-skole\/skole-og-trafikksikkerhet\/kunnskapsloftet-2020\/\">Kunnskapsl\u00f8ftet 2020 <\/a><\/h2>\n\n\n\n<p>Fra h\u00f8sten 2020 iverksettes nye l\u00e6replaner i skolen.<\/p>\n\n\n\n<p>Les hvordan kunnskapsl\u00f8ftet 2020 p\u00e5virker valgfaget trafikk.<\/p>\n\n\n\n<p><\/p>\n\n\n\t\t\t\t\t\t<\/div>\n\t\t\t\t\t<\/div>\n\t\t\t\t<\/div>\n\t\t\t<\/div>\n\t\t<\/div>\n\t\t\n\n\n\t\t<div class=\"t2-simple-media-text alignwide is-mode-constrained is-gap-center wp-block-t2-simple-media-text has-background has-ung-veivalg-light-background-color\">\n\t\t\t<div class=\"t2-simple-media-text__container\">\n\t\t\t\t<figure class=\"t2-simple-media-text__image\"><img loading=\"lazy\" width=\"768\" height=\"768\" src=\"https:\/\/www.tryggtrafikk.no\/content\/uploads\/sites\/6\/2024\/03\/COLOURBOX9509207-768x768.jpeg\" class=\"wp-image-253 size-medium_large attachment-medium_large\" alt=\"Illustrasjon som viser bok og tverrfaglig samarbeid\" style=\"--focalpoint: 50% 50%;\" srcset=\"https:\/\/www.tryggtrafikk.no\/content\/uploads\/sites\/6\/2024\/03\/COLOURBOX9509207-768x768.jpeg 768w, https:\/\/www.tryggtrafikk.no\/content\/uploads\/sites\/6\/2024\/03\/COLOURBOX9509207-300x300.jpeg 300w, https:\/\/www.tryggtrafikk.no\/content\/uploads\/sites\/6\/2024\/03\/COLOURBOX9509207-1024x1024.jpeg 1024w, https:\/\/www.tryggtrafikk.no\/content\/uploads\/sites\/6\/2024\/03\/COLOURBOX9509207-150x150.jpeg 150w, https:\/\/www.tryggtrafikk.no\/content\/uploads\/sites\/6\/2024\/03\/COLOURBOX9509207-1536x1536.jpeg 1536w, https:\/\/www.tryggtrafikk.no\/content\/uploads\/sites\/6\/2024\/03\/COLOURBOX9509207.jpeg 2048w\" sizes=\"auto, (max-width: 768px) 100vw, 768px\" \/><\/figure>\n\t\t\t\t<div class=\"t2-simple-media-text__content-container\">\n\t\t\t\t\t<div class=\"t2-simple-media-text__content\">\n\t\t\t\t\t\t<div class=\"t2-simple-media-text__content-inner is-layout-flow\">\n\t\t\t\t\t\t\t\n\n<h2 class=\"wp-block-heading\" id=\"h-tverrfaglig-laering\"><a href=\"https:\/\/www.tryggtrafikk.no\/ung\/ung\/valgfaget-trafikk\/tverrfaglig-laering\/\">Tverrfaglig l\u00e6ring<\/a><\/h2>\n\n\n\n<p>Tips til tverrfaglig l\u00e6ring i valgfaget trafikk<\/p>\n\n\n\t\t\t\t\t\t<\/div>\n\t\t\t\t\t<\/div>\n\t\t\t\t<\/div>\n\t\t\t<\/div>\n\t\t<\/div>\n\t\t\n\n\n\t\t<div class=\"t2-simple-media-text alignwide is-mode-constrained is-gap-center wp-block-t2-simple-media-text has-background has-ung-veivalg-light-background-color\">\n\t\t\t<div class=\"t2-simple-media-text__container\">\n\t\t\t\t<figure class=\"t2-simple-media-text__image\"><img loading=\"lazy\" width=\"768\" height=\"1086\" src=\"https:\/\/www.tryggtrafikk.no\/content\/uploads\/sites\/6\/2024\/03\/COLOURBOX32151912-768x1086.jpeg\" class=\"wp-image-255 size-medium_large attachment-medium_large\" alt=\"\" style=\"--focalpoint: 50% 50%;\" srcset=\"https:\/\/www.tryggtrafikk.no\/content\/uploads\/sites\/6\/2024\/03\/COLOURBOX32151912-768x1086.jpeg 768w, https:\/\/www.tryggtrafikk.no\/content\/uploads\/sites\/6\/2024\/03\/COLOURBOX32151912-212x300.jpeg 212w, https:\/\/www.tryggtrafikk.no\/content\/uploads\/sites\/6\/2024\/03\/COLOURBOX32151912-724x1024.jpeg 724w, https:\/\/www.tryggtrafikk.no\/content\/uploads\/sites\/6\/2024\/03\/COLOURBOX32151912-1086x1536.jpeg 1086w, https:\/\/www.tryggtrafikk.no\/content\/uploads\/sites\/6\/2024\/03\/COLOURBOX32151912.jpeg 1448w\" sizes=\"auto, (max-width: 768px) 100vw, 768px\" \/><\/figure>\n\t\t\t\t<div class=\"t2-simple-media-text__content-container\">\n\t\t\t\t\t<div class=\"t2-simple-media-text__content\">\n\t\t\t\t\t\t<div class=\"t2-simple-media-text__content-inner is-layout-flow\">\n\t\t\t\t\t\t\t\n\n<h2 class=\"wp-block-heading\" id=\"h-problembasert-laering-og-dybdelaering\"><a href=\"https:\/\/www.tryggtrafikk.no\/barnehage-og-skole\/skole-og-trafikksikkerhet\/problembasert-laering-og-dybdelaering\/\">Problembasert l\u00e6ring og dybdel\u00e6ring<\/a><\/h2>\n\n\n\n<p>Tips til problembasert l\u00e6ring og dybdel\u00e6ring<\/p>\n\n\n\t\t\t\t\t\t<\/div>\n\t\t\t\t\t<\/div>\n\t\t\t\t<\/div>\n\t\t\t<\/div>\n\t\t<\/div>\n\t\t\n\n\n\t\t<div class=\"t2-simple-media-text alignwide is-mode-constrained is-gap-center wp-block-t2-simple-media-text has-background has-ung-veivalg-light-background-color\">\n\t\t\t<div class=\"t2-simple-media-text__container\">\n\t\t\t\t<figure class=\"t2-simple-media-text__image\"><img loading=\"lazy\" width=\"768\" height=\"554\" src=\"https:\/\/www.tryggtrafikk.no\/content\/uploads\/sites\/6\/2024\/03\/studentaktivitet-768x554.jpeg\" class=\"wp-image-256 size-medium_large attachment-medium_large\" alt=\"Bilde som viser elever som rekker opp h\u00e5nda\" style=\"--focalpoint: 50% 50%;\" srcset=\"https:\/\/www.tryggtrafikk.no\/content\/uploads\/sites\/6\/2024\/03\/studentaktivitet-768x554.jpeg 768w, https:\/\/www.tryggtrafikk.no\/content\/uploads\/sites\/6\/2024\/03\/studentaktivitet-300x216.jpeg 300w, https:\/\/www.tryggtrafikk.no\/content\/uploads\/sites\/6\/2024\/03\/studentaktivitet-1024x738.jpeg 1024w, https:\/\/www.tryggtrafikk.no\/content\/uploads\/sites\/6\/2024\/03\/studentaktivitet-1536x1107.jpeg 1536w, https:\/\/www.tryggtrafikk.no\/content\/uploads\/sites\/6\/2024\/03\/studentaktivitet.jpeg 2048w\" sizes=\"auto, (max-width: 768px) 100vw, 768px\" \/><\/figure>\n\t\t\t\t<div class=\"t2-simple-media-text__content-container\">\n\t\t\t\t\t<div class=\"t2-simple-media-text__content\">\n\t\t\t\t\t\t<div class=\"t2-simple-media-text__content-inner is-layout-flow\">\n\t\t\t\t\t\t\t\n\n<h2 class=\"wp-block-heading\" id=\"h-vurdering\"><a href=\"https:\/\/www.tryggtrafikk.no\/ung\/ung\/valgfaget-trafikk\/vurdering-av-valgfaget-trafikk\/\">Vurdering<\/a><\/h2>\n\n\n\n<p>Lurer du p\u00e5 hvordan valgfaget b\u00f8r vurderes? Her finner du retningslinjer<\/p>\n\n\n\t\t\t\t\t\t<\/div>\n\t\t\t\t\t<\/div>\n\t\t\t\t<\/div>\n\t\t\t<\/div>\n\t\t<\/div>\n\t\t\n\n\n\t\t<div class=\"t2-simple-media-text alignwide is-mode-constrained is-gap-center wp-block-t2-simple-media-text has-background has-ung-veivalg-light-background-color\">\n\t\t\t<div class=\"t2-simple-media-text__container\">\n\t\t\t\t<figure class=\"t2-simple-media-text__image\"><img loading=\"lazy\" width=\"768\" height=\"964\" src=\"https:\/\/www.tryggtrafikk.no\/content\/uploads\/sites\/6\/2024\/03\/Skjermbilde-2018-04-24-kl.-10.06.33-768x964.png\" class=\"wp-image-257 size-medium_large attachment-medium_large\" alt=\"\" style=\"--focalpoint: 57% 50%;\" srcset=\"https:\/\/www.tryggtrafikk.no\/content\/uploads\/sites\/6\/2024\/03\/Skjermbilde-2018-04-24-kl.-10.06.33-768x964.png 768w, https:\/\/www.tryggtrafikk.no\/content\/uploads\/sites\/6\/2024\/03\/Skjermbilde-2018-04-24-kl.-10.06.33-239x300.png 239w, https:\/\/www.tryggtrafikk.no\/content\/uploads\/sites\/6\/2024\/03\/Skjermbilde-2018-04-24-kl.-10.06.33-815x1024.png 815w, https:\/\/www.tryggtrafikk.no\/content\/uploads\/sites\/6\/2024\/03\/Skjermbilde-2018-04-24-kl.-10.06.33.png 1134w\" sizes=\"auto, (max-width: 768px) 100vw, 768px\" \/><\/figure>\n\t\t\t\t<div class=\"t2-simple-media-text__content-container\">\n\t\t\t\t\t<div class=\"t2-simple-media-text__content\">\n\t\t\t\t\t\t<div class=\"t2-simple-media-text__content-inner is-layout-flow\">\n\t\t\t\t\t\t\t\n\n<h2 class=\"wp-block-heading\" id=\"h-tilleggsutdanningen-kan-gjennomfores-pa-folgende-mate-nbsp\"><strong>Tilleggsutdanningen kan gjennomf\u00f8res p\u00e5 f\u00f8lgende m\u00e5te:&nbsp;<\/strong><\/h2>\n\n\n\n<p>L\u00e6rer m\u00e5 ha gjennomf\u00f8rt et kurs de m\u00e5 ta ved Nord Universitets, studiested Stj\u00f8rdal.<\/p>\n\n\n\n<p>Kurset bygger p\u00e5 det \u00abgamle\u00bb kurset man m\u00e5tte ha for \u00e5 undervise i trafikalt grunnkurs. Det gir 5 studiepoeng og avsluttes med en skriftlig oppgave. L\u00e6rerne f\u00e5r en innf\u00f8ring i b\u00e5de f\u00f8rstehjelp og trafikant i m\u00f8rket.&nbsp;Kurset g\u00e5r over 5 dager ved Nord Universitet. Kurset koster 11&nbsp;000, pluss semesteravgift p\u00e5 725,00. Les mer om kurset her:<\/p>\n\n\n\n<p><a href=\"https:\/\/www.nord.no\/no\/studier\/trafikalt-grunnkurs-for-larere-i-offentlig-skoleverk#&amp;acd=bdfba974-35fd-1b03-b8c2-83c693728198&amp;acd=StudyModelContentHeader\" target=\"_blank\" rel=\"noreferrer noopener\">Les mer om Nord universitet sitt kurs her!<\/a><\/p>\n\n\n\n<p>Det er et begrenset antall plasser.<\/p>\n\n\n\t\t\t\t\t\t<\/div>\n\t\t\t\t\t<\/div>\n\t\t\t\t<\/div>\n\t\t\t<\/div>\n\t\t<\/div>\n\t\t","protected":false},"excerpt":{"rendered":"<p>Valgfagene skal bidra til at elevene, hver for seg og i fellesskap, styrker lysten til \u00e5 l\u00e6re og opplever mestring gjennom praktisk og variert arbeid. Valgfagene er tverrfaglige og skal bidra til helhet og sammenheng i oppl\u00e6ringen.<\/p>\n","protected":false},"author":6,"featured_media":43,"parent":1232,"menu_order":0,"comment_status":"closed","ping_status":"closed","template":"","meta":{"show_toc":false,"tryggtrafikk_poll_votes":[],"hide_header_title":false,"alt_breadcrumbs_title":"Valgfaget trafikk","footnotes":"","boosted":0},"cs_tag":[],"class_list":["post-173","page","type-page","status-publish","has-post-thumbnail","hentry"],"yoast_head":"<!-- This site is optimized with the Yoast SEO Premium plugin v26.1 (Yoast SEO v26.1.1) - https:\/\/yoast.com\/wordpress\/plugins\/seo\/ -->\n<title>L\u00e6ring for livet - UNG<\/title>\n<meta name=\"robots\" content=\"index, follow, max-snippet:-1, max-image-preview:large, max-video-preview:-1\" \/>\n<link rel=\"canonical\" href=\"https:\/\/www.tryggtrafikk.no\/ung\/ungdomsskole\/valgfaget-trafikk\/\" \/>\n<meta property=\"og:locale\" content=\"nb_NO\" \/>\n<meta property=\"og:type\" content=\"article\" \/>\n<meta property=\"og:title\" content=\"L\u00e6ring for livet\" \/>\n<meta property=\"og:description\" content=\"Valgfagene skal bidra til at elevene, hver for seg og i fellesskap, styrker lysten til \u00e5 l\u00e6re og opplever mestring gjennom praktisk og variert arbeid. Valgfagene er tverrfaglige og skal bidra til helhet og sammenheng i oppl\u00e6ringen.\" \/>\n<meta property=\"og:url\" content=\"https:\/\/www.tryggtrafikk.no\/ung\/ungdomsskole\/valgfaget-trafikk\/\" \/>\n<meta property=\"og:site_name\" content=\"UNG\" \/>\n<meta property=\"article:modified_time\" content=\"2026-04-01T08:15:19+00:00\" \/>\n<meta property=\"og:image\" content=\"https:\/\/www.tryggtrafikk.no\/content\/uploads\/sites\/6\/2024\/02\/why-kei-8e2gal_GIE8-unsplash_lav-scaled.jpg\" \/>\n\t<meta property=\"og:image:width\" content=\"2560\" \/>\n\t<meta property=\"og:image:height\" content=\"1707\" \/>\n\t<meta property=\"og:image:type\" content=\"image\/jpeg\" \/>\n<meta name=\"twitter:card\" content=\"summary_large_image\" \/>\n<meta name=\"twitter:label1\" content=\"Ansl. lesetid\" \/>\n\t<meta name=\"twitter:data1\" content=\"7 minutter\" \/>\n<script type=\"application\/ld+json\" class=\"yoast-schema-graph\">{\"@context\":\"https:\/\/schema.org\",\"@graph\":[{\"@type\":\"WebPage\",\"@id\":\"https:\/\/www.tryggtrafikk.no\/ung\/ungdomsskole\/valgfaget-trafikk\/\",\"url\":\"https:\/\/www.tryggtrafikk.no\/ung\/ungdomsskole\/valgfaget-trafikk\/\",\"name\":\"L\u00e6ring for livet - UNG\",\"isPartOf\":{\"@id\":\"https:\/\/www.tryggtrafikk.no\/ung\/#website\"},\"primaryImageOfPage\":{\"@id\":\"https:\/\/www.tryggtrafikk.no\/ung\/ungdomsskole\/valgfaget-trafikk\/#primaryimage\"},\"image\":{\"@id\":\"https:\/\/www.tryggtrafikk.no\/ung\/ungdomsskole\/valgfaget-trafikk\/#primaryimage\"},\"thumbnailUrl\":\"https:\/\/www.tryggtrafikk.no\/content\/uploads\/sites\/6\/2024\/02\/why-kei-8e2gal_GIE8-unsplash_lav-scaled.jpg\",\"datePublished\":\"2024-03-18T12:39:48+00:00\",\"dateModified\":\"2026-04-01T08:15:19+00:00\",\"breadcrumb\":{\"@id\":\"https:\/\/www.tryggtrafikk.no\/ung\/ungdomsskole\/valgfaget-trafikk\/#breadcrumb\"},\"inLanguage\":\"nb-NO\",\"potentialAction\":[{\"@type\":\"ReadAction\",\"target\":[\"https:\/\/www.tryggtrafikk.no\/ung\/ungdomsskole\/valgfaget-trafikk\/\"]}]},{\"@type\":\"ImageObject\",\"inLanguage\":\"nb-NO\",\"@id\":\"https:\/\/www.tryggtrafikk.no\/ung\/ungdomsskole\/valgfaget-trafikk\/#primaryimage\",\"url\":\"https:\/\/www.tryggtrafikk.no\/content\/uploads\/sites\/6\/2024\/02\/why-kei-8e2gal_GIE8-unsplash_lav-scaled.jpg\",\"contentUrl\":\"https:\/\/www.tryggtrafikk.no\/content\/uploads\/sites\/6\/2024\/02\/why-kei-8e2gal_GIE8-unsplash_lav-scaled.jpg\",\"width\":2560,\"height\":1707,\"caption\":\"Ung mann med h\u00e5nd p\u00e5 rattet der bildet er tatt fra baksetet.\"},{\"@type\":\"BreadcrumbList\",\"@id\":\"https:\/\/www.tryggtrafikk.no\/ung\/ungdomsskole\/valgfaget-trafikk\/#breadcrumb\",\"itemListElement\":[{\"@type\":\"ListItem\",\"position\":1,\"name\":\"Home\",\"item\":\"https:\/\/www.tryggtrafikk.no\/ung\/\"},{\"@type\":\"ListItem\",\"position\":2,\"name\":\"Ungdomsskole\",\"item\":\"https:\/\/www.tryggtrafikk.no\/ung\/ungdomsskole\/\"},{\"@type\":\"ListItem\",\"position\":3,\"name\":\"Valgfaget trafikk\"}]},{\"@type\":\"WebSite\",\"@id\":\"https:\/\/www.tryggtrafikk.no\/ung\/#website\",\"url\":\"https:\/\/www.tryggtrafikk.no\/ung\/\",\"name\":\"UNG\",\"description\":\"\",\"potentialAction\":[{\"@type\":\"SearchAction\",\"target\":{\"@type\":\"EntryPoint\",\"urlTemplate\":\"https:\/\/www.tryggtrafikk.no\/ung\/?s={search_term_string}\"},\"query-input\":{\"@type\":\"PropertyValueSpecification\",\"valueRequired\":true,\"valueName\":\"search_term_string\"}}],\"inLanguage\":\"nb-NO\"}]}<\/script>\n<!-- \/ Yoast SEO Premium plugin. -->","yoast_head_json":{"title":"L\u00e6ring for livet - UNG","robots":{"index":"index","follow":"follow","max-snippet":"max-snippet:-1","max-image-preview":"max-image-preview:large","max-video-preview":"max-video-preview:-1"},"canonical":"https:\/\/www.tryggtrafikk.no\/ung\/ungdomsskole\/valgfaget-trafikk\/","og_locale":"nb_NO","og_type":"article","og_title":"L\u00e6ring for livet","og_description":"Valgfagene skal bidra til at elevene, hver for seg og i fellesskap, styrker lysten til \u00e5 l\u00e6re og opplever mestring gjennom praktisk og variert arbeid. Valgfagene er tverrfaglige og skal bidra til helhet og sammenheng i oppl\u00e6ringen.","og_url":"https:\/\/www.tryggtrafikk.no\/ung\/ungdomsskole\/valgfaget-trafikk\/","og_site_name":"UNG","article_modified_time":"2026-04-01T08:15:19+00:00","og_image":[{"width":2560,"height":1707,"url":"https:\/\/www.tryggtrafikk.no\/content\/uploads\/sites\/6\/2024\/02\/why-kei-8e2gal_GIE8-unsplash_lav-scaled.jpg","type":"image\/jpeg"}],"twitter_card":"summary_large_image","twitter_misc":{"Ansl. lesetid":"7 minutter"},"schema":{"@context":"https:\/\/schema.org","@graph":[{"@type":"WebPage","@id":"https:\/\/www.tryggtrafikk.no\/ung\/ungdomsskole\/valgfaget-trafikk\/","url":"https:\/\/www.tryggtrafikk.no\/ung\/ungdomsskole\/valgfaget-trafikk\/","name":"L\u00e6ring for livet - UNG","isPartOf":{"@id":"https:\/\/www.tryggtrafikk.no\/ung\/#website"},"primaryImageOfPage":{"@id":"https:\/\/www.tryggtrafikk.no\/ung\/ungdomsskole\/valgfaget-trafikk\/#primaryimage"},"image":{"@id":"https:\/\/www.tryggtrafikk.no\/ung\/ungdomsskole\/valgfaget-trafikk\/#primaryimage"},"thumbnailUrl":"https:\/\/www.tryggtrafikk.no\/content\/uploads\/sites\/6\/2024\/02\/why-kei-8e2gal_GIE8-unsplash_lav-scaled.jpg","datePublished":"2024-03-18T12:39:48+00:00","dateModified":"2026-04-01T08:15:19+00:00","breadcrumb":{"@id":"https:\/\/www.tryggtrafikk.no\/ung\/ungdomsskole\/valgfaget-trafikk\/#breadcrumb"},"inLanguage":"nb-NO","potentialAction":[{"@type":"ReadAction","target":["https:\/\/www.tryggtrafikk.no\/ung\/ungdomsskole\/valgfaget-trafikk\/"]}]},{"@type":"ImageObject","inLanguage":"nb-NO","@id":"https:\/\/www.tryggtrafikk.no\/ung\/ungdomsskole\/valgfaget-trafikk\/#primaryimage","url":"https:\/\/www.tryggtrafikk.no\/content\/uploads\/sites\/6\/2024\/02\/why-kei-8e2gal_GIE8-unsplash_lav-scaled.jpg","contentUrl":"https:\/\/www.tryggtrafikk.no\/content\/uploads\/sites\/6\/2024\/02\/why-kei-8e2gal_GIE8-unsplash_lav-scaled.jpg","width":2560,"height":1707,"caption":"Ung mann med h\u00e5nd p\u00e5 rattet der bildet er tatt fra baksetet."},{"@type":"BreadcrumbList","@id":"https:\/\/www.tryggtrafikk.no\/ung\/ungdomsskole\/valgfaget-trafikk\/#breadcrumb","itemListElement":[{"@type":"ListItem","position":1,"name":"Home","item":"https:\/\/www.tryggtrafikk.no\/ung\/"},{"@type":"ListItem","position":2,"name":"Ungdomsskole","item":"https:\/\/www.tryggtrafikk.no\/ung\/ungdomsskole\/"},{"@type":"ListItem","position":3,"name":"Valgfaget trafikk"}]},{"@type":"WebSite","@id":"https:\/\/www.tryggtrafikk.no\/ung\/#website","url":"https:\/\/www.tryggtrafikk.no\/ung\/","name":"UNG","description":"","potentialAction":[{"@type":"SearchAction","target":{"@type":"EntryPoint","urlTemplate":"https:\/\/www.tryggtrafikk.no\/ung\/?s={search_term_string}"},"query-input":{"@type":"PropertyValueSpecification","valueRequired":true,"valueName":"search_term_string"}}],"inLanguage":"nb-NO"}]}},"_links":{"self":[{"href":"https:\/\/www.tryggtrafikk.no\/ung\/wp-json\/wp\/v2\/pages\/173","targetHints":{"allow":["GET"]}}],"collection":[{"href":"https:\/\/www.tryggtrafikk.no\/ung\/wp-json\/wp\/v2\/pages"}],"about":[{"href":"https:\/\/www.tryggtrafikk.no\/ung\/wp-json\/wp\/v2\/types\/page"}],"author":[{"embeddable":true,"href":"https:\/\/www.tryggtrafikk.no\/ung\/wp-json\/wp\/v2\/users\/6"}],"replies":[{"embeddable":true,"href":"https:\/\/www.tryggtrafikk.no\/ung\/wp-json\/wp\/v2\/comments?post=173"}],"version-history":[{"count":5,"href":"https:\/\/www.tryggtrafikk.no\/ung\/wp-json\/wp\/v2\/pages\/173\/revisions"}],"predecessor-version":[{"id":1274,"href":"https:\/\/www.tryggtrafikk.no\/ung\/wp-json\/wp\/v2\/pages\/173\/revisions\/1274"}],"up":[{"embeddable":true,"href":"https:\/\/www.tryggtrafikk.no\/ung\/wp-json\/wp\/v2\/pages\/1232"}],"wp:featuredmedia":[{"embeddable":true,"href":"https:\/\/www.tryggtrafikk.no\/ung\/wp-json\/wp\/v2\/media\/43"}],"wp:attachment":[{"href":"https:\/\/www.tryggtrafikk.no\/ung\/wp-json\/wp\/v2\/media?parent=173"}],"wp:term":[{"taxonomy":"cs_tag","embeddable":true,"href":"https:\/\/www.tryggtrafikk.no\/ung\/wp-json\/wp\/v2\/cs_tag?post=173"}],"curies":[{"name":"wp","href":"https:\/\/api.w.org\/{rel}","templated":true}]}}